{"id":1503,"date":"2025-12-12T08:17:54","date_gmt":"2025-12-12T11:17:54","guid":{"rendered":"https:\/\/eventos.cbr.org.br\/?page_id=1503"},"modified":"2026-03-30T13:59:20","modified_gmt":"2026-03-30T16:59:20","slug":"update26","status":"publish","type":"page","link":"https:\/\/eventos.cbr.org.br\/en\/update26\/","title":{"rendered":"Update 2026"},"content":{"rendered":"<div class=\"navigation-icons wp-block-apiki-navigation-icons\">\n\t<div class=\"navigation-icons__container container-v2\">\n\t\t<nav class=\"navigation-icons__swiper swiper\" aria-label=\"Main navigation menu\">\n\t\t\t<ul class=\"navigation-icons__list swiper-wrapper\">\n\t\t\t\t\t\t\t\t\t<li class=\"navigation-icons__item swiper-slide\">\n\t\t\t\t\t\t<a\n\t\t\t\t\t\t\thref=\"https:\/\/eventos.cbr.org.br\/en\/atividades\/\"\n\t\t\t\t\t\t\tclass=\"navigation-icons__link\"\n\t\t\t\t\t\t\taria-label=\"All\"\n\t\t\t\t\t\t\t\t\t\t\t\t\t\t>\n\t\t\t\t\t\t\t<span class=\"navigation-icons__icon\" aria-hidden=\"true\">\n\t\t\t\t\t\t\t\t<img\n\t\t\t\t\t\t\t\t\twidth=\"24\"\n\t\t\t\t\t\t\t\t\theight=\"24\"\n\t\t\t\t\t\t\t\t\tloading=\"lazy\"\n\t\t\t\t\t\t\t\t\tdecoding=\"async\"\n\t\t\t\t\t\t\t\t\tsrc=\"https:\/\/eventos.cbr.org.br\/wp-content\/themes\/eventos-cbr\/app\/assets\/images\/icon-all-activities.png\"\n\t\t\t\t\t\t\t\t\talt=\"All\" \/>\n\t\t\t\t\t\t\t<\/span>\n\t\t\t\t\t\t\t<span class=\"navigation-icons__label\">\n\t\t\t\t\t\t\t\tAll\t\t\t\t\t\t\t<\/span>\n\t\t\t\t\t\t<\/a>\n\t\t\t\t\t<\/li>\n\t\t\t\t\t\t\t\t\t<li class=\"navigation-icons__item swiper-slide\">\n\t\t\t\t\t\t<a\n\t\t\t\t\t\t\thref=\"https:\/\/eventos.cbr.org.br\/en\/activities\/head-and-neck\/\"\n\t\t\t\t\t\t\tclass=\"navigation-icons__link\"\n\t\t\t\t\t\t\taria-label=\"Head and neck\"\n\t\t\t\t\t\t\t\t\t\t\t\t\t\t>\n\t\t\t\t\t\t\t<span class=\"navigation-icons__icon\" aria-hidden=\"true\">\n\t\t\t\t\t\t\t\t<img\n\t\t\t\t\t\t\t\t\twidth=\"24\"\n\t\t\t\t\t\t\t\t\theight=\"24\"\n\t\t\t\t\t\t\t\t\tloading=\"lazy\"\n\t\t\t\t\t\t\t\t\tdecoding=\"async\"\n\t\t\t\t\t\t\t\t\tsrc=\"https:\/\/eventos.cbr.org.br\/wp-content\/uploads\/2025\/11\/Icons-2.png\"\n\t\t\t\t\t\t\t\t\talt=\"Head and neck\" \/>\n\t\t\t\t\t\t\t<\/span>\n\t\t\t\t\t\t\t<span class=\"navigation-icons__label\">\n\t\t\t\t\t\t\t\tHead and neck\t\t\t\t\t\t\t<\/span>\n\t\t\t\t\t\t<\/a>\n\t\t\t\t\t<\/li>\n\t\t\t\t\t\t\t\t\t<li class=\"navigation-icons__item swiper-slide\">\n\t\t\t\t\t\t<a\n\t\t\t\t\t\t\thref=\"https:\/\/eventos.cbr.org.br\/en\/activities\/cardiovascular\/\"\n\t\t\t\t\t\t\tclass=\"navigation-icons__link\"\n\t\t\t\t\t\t\taria-label=\"View more Cardiovascular\"\n\t\t\t\t\t\t\t\t\t\t\t\t\t\t>\n\t\t\t\t\t\t\t<span class=\"navigation-icons__icon\" aria-hidden=\"true\">\n\t\t\t\t\t\t\t\t<img\n\t\t\t\t\t\t\t\t\twidth=\"24\"\n\t\t\t\t\t\t\t\t\theight=\"24\"\n\t\t\t\t\t\t\t\t\tloading=\"lazy\"\n\t\t\t\t\t\t\t\t\tdecoding=\"async\"\n\t\t\t\t\t\t\t\t\tsrc=\"https:\/\/eventos.cbr.org.br\/wp-content\/uploads\/2025\/11\/Icons-5.png\"\n\t\t\t\t\t\t\t\t\talt=\"View more Cardiovascular\" \/>\n\t\t\t\t\t\t\t<\/span>\n\t\t\t\t\t\t\t<span class=\"navigation-icons__label\">\n\t\t\t\t\t\t\t\tView more Cardiovascular\t\t\t\t\t\t\t<\/span>\n\t\t\t\t\t\t<\/a>\n\t\t\t\t\t<\/li>\n\t\t\t\t\t\t\t\t\t<li class=\"navigation-icons__item swiper-slide\">\n\t\t\t\t\t\t<a\n\t\t\t\t\t\t\thref=\"https:\/\/eventos.cbr.org.br\/en\/activities\/gastrointestinal\/\"\n\t\t\t\t\t\t\tclass=\"navigation-icons__link\"\n\t\t\t\t\t\t\taria-label=\"Gastrointestinal\"\n\t\t\t\t\t\t\t\t\t\t\t\t\t\t>\n\t\t\t\t\t\t\t<span class=\"navigation-icons__icon\" aria-hidden=\"true\">\n\t\t\t\t\t\t\t\t<img\n\t\t\t\t\t\t\t\t\twidth=\"24\"\n\t\t\t\t\t\t\t\t\theight=\"24\"\n\t\t\t\t\t\t\t\t\tloading=\"lazy\"\n\t\t\t\t\t\t\t\t\tdecoding=\"async\"\n\t\t\t\t\t\t\t\t\tsrc=\"https:\/\/eventos.cbr.org.br\/wp-content\/uploads\/2025\/11\/Icons-6.png\"\n\t\t\t\t\t\t\t\t\talt=\"Gastrointestinal\" \/>\n\t\t\t\t\t\t\t<\/span>\n\t\t\t\t\t\t\t<span class=\"navigation-icons__label\">\n\t\t\t\t\t\t\t\tGastrointestinal\t\t\t\t\t\t\t<\/span>\n\t\t\t\t\t\t<\/a>\n\t\t\t\t\t<\/li>\n\t\t\t\t\t\t\t\t\t<li class=\"navigation-icons__item swiper-slide\">\n\t\t\t\t\t\t<a\n\t\t\t\t\t\t\thref=\"https:\/\/eventos.cbr.org.br\/en\/activities\/genitourinary\/\"\n\t\t\t\t\t\t\tclass=\"navigation-icons__link\"\n\t\t\t\t\t\t\taria-label=\"Genitourinary\"\n\t\t\t\t\t\t\t\t\t\t\t\t\t\t>\n\t\t\t\t\t\t\t<span class=\"navigation-icons__icon\" aria-hidden=\"true\">\n\t\t\t\t\t\t\t\t<img\n\t\t\t\t\t\t\t\t\twidth=\"24\"\n\t\t\t\t\t\t\t\t\theight=\"24\"\n\t\t\t\t\t\t\t\t\tloading=\"lazy\"\n\t\t\t\t\t\t\t\t\tdecoding=\"async\"\n\t\t\t\t\t\t\t\t\tsrc=\"https:\/\/eventos.cbr.org.br\/wp-content\/uploads\/2025\/11\/Icons-9.png\"\n\t\t\t\t\t\t\t\t\talt=\"Genitourinary\" \/>\n\t\t\t\t\t\t\t<\/span>\n\t\t\t\t\t\t\t<span class=\"navigation-icons__label\">\n\t\t\t\t\t\t\t\tGenitourinary\t\t\t\t\t\t\t<\/span>\n\t\t\t\t\t\t<\/a>\n\t\t\t\t\t<\/li>\n\t\t\t\t\t\t\t\t\t<li class=\"navigation-icons__item swiper-slide\">\n\t\t\t\t\t\t<a\n\t\t\t\t\t\t\thref=\"https:\/\/eventos.cbr.org.br\/en\/activities\/breast\/\"\n\t\t\t\t\t\t\tclass=\"navigation-icons__link\"\n\t\t\t\t\t\t\taria-label=\"Mama\"\n\t\t\t\t\t\t\t\t\t\t\t\t\t\t>\n\t\t\t\t\t\t\t<span class=\"navigation-icons__icon\" aria-hidden=\"true\">\n\t\t\t\t\t\t\t\t<img\n\t\t\t\t\t\t\t\t\twidth=\"24\"\n\t\t\t\t\t\t\t\t\theight=\"24\"\n\t\t\t\t\t\t\t\t\tloading=\"lazy\"\n\t\t\t\t\t\t\t\t\tdecoding=\"async\"\n\t\t\t\t\t\t\t\t\tsrc=\"https:\/\/eventos.cbr.org.br\/wp-content\/uploads\/2025\/11\/imagem-2.png\"\n\t\t\t\t\t\t\t\t\talt=\"Mama\" \/>\n\t\t\t\t\t\t\t<\/span>\n\t\t\t\t\t\t\t<span class=\"navigation-icons__label\">\n\t\t\t\t\t\t\t\tMama\t\t\t\t\t\t\t<\/span>\n\t\t\t\t\t\t<\/a>\n\t\t\t\t\t<\/li>\n\t\t\t\t\t\t\t\t\t<li class=\"navigation-icons__item swiper-slide\">\n\t\t\t\t\t\t<a\n\t\t\t\t\t\t\thref=\"https:\/\/eventos.cbr.org.br\/en\/activities\/hybrid-methods\/\"\n\t\t\t\t\t\t\tclass=\"navigation-icons__link\"\n\t\t\t\t\t\t\taria-label=\"Hybrid methods\"\n\t\t\t\t\t\t\t\t\t\t\t\t\t\t>\n\t\t\t\t\t\t\t<span class=\"navigation-icons__icon\" aria-hidden=\"true\">\n\t\t\t\t\t\t\t\t<img\n\t\t\t\t\t\t\t\t\twidth=\"24\"\n\t\t\t\t\t\t\t\t\theight=\"24\"\n\t\t\t\t\t\t\t\t\tloading=\"lazy\"\n\t\t\t\t\t\t\t\t\tdecoding=\"async\"\n\t\t\t\t\t\t\t\t\tsrc=\"https:\/\/eventos.cbr.org.br\/wp-content\/uploads\/2025\/11\/Icons-12.png\"\n\t\t\t\t\t\t\t\t\talt=\"Hybrid methods\" \/>\n\t\t\t\t\t\t\t<\/span>\n\t\t\t\t\t\t\t<span class=\"navigation-icons__label\">\n\t\t\t\t\t\t\t\tHybrid methods\t\t\t\t\t\t\t<\/span>\n\t\t\t\t\t\t<\/a>\n\t\t\t\t\t<\/li>\n\t\t\t\t\t\t\t\t\t<li class=\"navigation-icons__item swiper-slide\">\n\t\t\t\t\t\t<a\n\t\t\t\t\t\t\thref=\"https:\/\/eventos.cbr.org.br\/en\/activities\/musculoskeletal\/\"\n\t\t\t\t\t\t\tclass=\"navigation-icons__link\"\n\t\t\t\t\t\t\taria-label=\"Musculoskeletal\"\n\t\t\t\t\t\t\t\t\t\t\t\t\t\t>\n\t\t\t\t\t\t\t<span class=\"navigation-icons__icon\" aria-hidden=\"true\">\n\t\t\t\t\t\t\t\t<img\n\t\t\t\t\t\t\t\t\twidth=\"24\"\n\t\t\t\t\t\t\t\t\theight=\"24\"\n\t\t\t\t\t\t\t\t\tloading=\"lazy\"\n\t\t\t\t\t\t\t\t\tdecoding=\"async\"\n\t\t\t\t\t\t\t\t\tsrc=\"https:\/\/eventos.cbr.org.br\/wp-content\/uploads\/2025\/11\/Icons-9.png\"\n\t\t\t\t\t\t\t\t\talt=\"Musculoskeletal\" \/>\n\t\t\t\t\t\t\t<\/span>\n\t\t\t\t\t\t\t<span class=\"navigation-icons__label\">\n\t\t\t\t\t\t\t\tMusculoskeletal\t\t\t\t\t\t\t<\/span>\n\t\t\t\t\t\t<\/a>\n\t\t\t\t\t<\/li>\n\t\t\t\t\t\t\t\t\t<li class=\"navigation-icons__item swiper-slide\">\n\t\t\t\t\t\t<a\n\t\t\t\t\t\t\thref=\"https:\/\/eventos.cbr.org.br\/en\/activities\/neuroradiology\/\"\n\t\t\t\t\t\t\tclass=\"navigation-icons__link\"\n\t\t\t\t\t\t\taria-label=\"Neuroradiology\"\n\t\t\t\t\t\t\t\t\t\t\t\t\t\t>\n\t\t\t\t\t\t\t<span class=\"navigation-icons__icon\" aria-hidden=\"true\">\n\t\t\t\t\t\t\t\t<img\n\t\t\t\t\t\t\t\t\twidth=\"24\"\n\t\t\t\t\t\t\t\t\theight=\"24\"\n\t\t\t\t\t\t\t\t\tloading=\"lazy\"\n\t\t\t\t\t\t\t\t\tdecoding=\"async\"\n\t\t\t\t\t\t\t\t\tsrc=\"https:\/\/eventos.cbr.org.br\/wp-content\/uploads\/2025\/11\/Icons-4.png\"\n\t\t\t\t\t\t\t\t\talt=\"Neuroradiology\" \/>\n\t\t\t\t\t\t\t<\/span>\n\t\t\t\t\t\t\t<span class=\"navigation-icons__label\">\n\t\t\t\t\t\t\t\tNeuroradiology\t\t\t\t\t\t\t<\/span>\n\t\t\t\t\t\t<\/a>\n\t\t\t\t\t<\/li>\n\t\t\t\t\t\t\t\t\t<li class=\"navigation-icons__item swiper-slide\">\n\t\t\t\t\t\t<a\n\t\t\t\t\t\t\thref=\"https:\/\/eventos.cbr.org.br\/en\/activities\/oncology\/\"\n\t\t\t\t\t\t\tclass=\"navigation-icons__link\"\n\t\t\t\t\t\t\taria-label=\"Oncology\"\n\t\t\t\t\t\t\t\t\t\t\t\t\t\t>\n\t\t\t\t\t\t\t<span class=\"navigation-icons__icon\" aria-hidden=\"true\">\n\t\t\t\t\t\t\t\t<img\n\t\t\t\t\t\t\t\t\twidth=\"24\"\n\t\t\t\t\t\t\t\t\theight=\"24\"\n\t\t\t\t\t\t\t\t\tloading=\"lazy\"\n\t\t\t\t\t\t\t\t\tdecoding=\"async\"\n\t\t\t\t\t\t\t\t\tsrc=\"https:\/\/eventos.cbr.org.br\/wp-content\/uploads\/2025\/11\/Icons-10.png\"\n\t\t\t\t\t\t\t\t\talt=\"Oncology\" \/>\n\t\t\t\t\t\t\t<\/span>\n\t\t\t\t\t\t\t<span class=\"navigation-icons__label\">\n\t\t\t\t\t\t\t\tOncology\t\t\t\t\t\t\t<\/span>\n\t\t\t\t\t\t<\/a>\n\t\t\t\t\t<\/li>\n\t\t\t\t\t\t\t\t\t<li class=\"navigation-icons__item swiper-slide\">\n\t\t\t\t\t\t<a\n\t\t\t\t\t\t\thref=\"https:\/\/eventos.cbr.org.br\/en\/activities\/pediatrics\/\"\n\t\t\t\t\t\t\tclass=\"navigation-icons__link\"\n\t\t\t\t\t\t\taria-label=\"Pediatrics\"\n\t\t\t\t\t\t\t\t\t\t\t\t\t\t>\n\t\t\t\t\t\t\t<span class=\"navigation-icons__icon\" aria-hidden=\"true\">\n\t\t\t\t\t\t\t\t<img\n\t\t\t\t\t\t\t\t\twidth=\"24\"\n\t\t\t\t\t\t\t\t\theight=\"24\"\n\t\t\t\t\t\t\t\t\tloading=\"lazy\"\n\t\t\t\t\t\t\t\t\tdecoding=\"async\"\n\t\t\t\t\t\t\t\t\tsrc=\"https:\/\/eventos.cbr.org.br\/wp-content\/uploads\/2025\/11\/Icons-11.png\"\n\t\t\t\t\t\t\t\t\talt=\"Pediatrics\" \/>\n\t\t\t\t\t\t\t<\/span>\n\t\t\t\t\t\t\t<span class=\"navigation-icons__label\">\n\t\t\t\t\t\t\t\tPediatrics\t\t\t\t\t\t\t<\/span>\n\t\t\t\t\t\t<\/a>\n\t\t\t\t\t<\/li>\n\t\t\t\t\t\t\t\t\t<li class=\"navigation-icons__item swiper-slide\">\n\t\t\t\t\t\t<a\n\t\t\t\t\t\t\thref=\"https:\/\/eventos.cbr.org.br\/en\/activities\/female-pelvis\/\"\n\t\t\t\t\t\t\tclass=\"navigation-icons__link\"\n\t\t\t\t\t\t\taria-label=\"Female Pelvis\"\n\t\t\t\t\t\t\t\t\t\t\t\t\t\t>\n\t\t\t\t\t\t\t<span class=\"navigation-icons__icon\" aria-hidden=\"true\">\n\t\t\t\t\t\t\t\t<img\n\t\t\t\t\t\t\t\t\twidth=\"24\"\n\t\t\t\t\t\t\t\t\theight=\"24\"\n\t\t\t\t\t\t\t\t\tloading=\"lazy\"\n\t\t\t\t\t\t\t\t\tdecoding=\"async\"\n\t\t\t\t\t\t\t\t\tsrc=\"https:\/\/eventos.cbr.org.br\/wp-content\/uploads\/2025\/11\/Icons-8.png\"\n\t\t\t\t\t\t\t\t\talt=\"Female Pelvis\" \/>\n\t\t\t\t\t\t\t<\/span>\n\t\t\t\t\t\t\t<span class=\"navigation-icons__label\">\n\t\t\t\t\t\t\t\tFemale Pelvis\t\t\t\t\t\t\t<\/span>\n\t\t\t\t\t\t<\/a>\n\t\t\t\t\t<\/li>\n\t\t\t\t\t\t\t\t\t<li class=\"navigation-icons__item swiper-slide\">\n\t\t\t\t\t\t<a\n\t\t\t\t\t\t\thref=\"https:\/\/eventos.cbr.org.br\/en\/activities\/thorax\/\"\n\t\t\t\t\t\t\tclass=\"navigation-icons__link\"\n\t\t\t\t\t\t\taria-label=\"Chest\"\n\t\t\t\t\t\t\t\t\t\t\t\t\t\t>\n\t\t\t\t\t\t\t<span class=\"navigation-icons__icon\" aria-hidden=\"true\">\n\t\t\t\t\t\t\t\t<img\n\t\t\t\t\t\t\t\t\twidth=\"24\"\n\t\t\t\t\t\t\t\t\theight=\"24\"\n\t\t\t\t\t\t\t\t\tloading=\"lazy\"\n\t\t\t\t\t\t\t\t\tdecoding=\"async\"\n\t\t\t\t\t\t\t\t\tsrc=\"https:\/\/eventos.cbr.org.br\/wp-content\/uploads\/2025\/11\/Icons-7.png\"\n\t\t\t\t\t\t\t\t\talt=\"Chest\" \/>\n\t\t\t\t\t\t\t<\/span>\n\t\t\t\t\t\t\t<span class=\"navigation-icons__label\">\n\t\t\t\t\t\t\t\tChest\t\t\t\t\t\t\t<\/span>\n\t\t\t\t\t\t<\/a>\n\t\t\t\t\t<\/li>\n\t\t\t\t\t\t\t<\/ul>\n\t\t\t<div class=\"navigation-icons__scrollbar swiper-scrollbar\"><\/div>\n\n\t\t<\/nav>\n\t<\/div>\n<\/div>\n\n\n\n<div class=\"wp-block-apiki-container container-v2 has-background\" style=\"background-color:#020c16\"><\/div>\n\n\n\n\n\n<div class=\"wp-block-apiki-container container-v2 has-background\" style=\"background-color:#020c16\">\n<blockquote class=\"wp-block-quote is-layout-flow wp-block-quote-is-layout-flow\">\n<p><\/p>\n<\/blockquote>\n\n\n\n<div class=\"wp-block-group reveal is-content-justification-center is-nowrap is-layout-flex wp-container-core-group-is-layout-94bc23d7 wp-block-group-is-layout-flex\">\n<a href=\"https:\/\/eventos.cbr.org.br\/en\/my-account\/orders\/\" class=\"wp-block-apiki-button btn btn--atualiza-26--primary btn-- wp-container-content-9cfa9a5a\" style=\"--wp--button--max-width:600px\">Acesse seu certificado clicando aqui!<\/a>\n<\/div>\n<\/div>\n\n\n<div style=\"--batch-color-base: #6e734a; --batch-color-background: #b34242; background-color:#020c16;\" class=\"Hero wp-block-apiki-hero-v2 has-background\" id=\"hero\">\n    <div class=\"hero-container container-v2\">\n        <div class=\"hero-info\">\n            <article itemscope itemtype=\"https:\/\/schema.org\/Event\" class=\"hero-info-text\">\n                                                    <h1 itemprop=\"name\" class=\"screen-reader-text\">Update 2026<\/h1>\n                    <img loading=\"lazy\" decoding=\"async\" width=\"86\" height=\"32\" src=\"https:\/\/eventos.cbr.org.br\/wp-content\/uploads\/2025\/11\/SiteAtualiza26_86x32_New-e1767639532874.png\" class=\"attachment-full size-full\" alt=\"\" \/>                                <p class=\"text-anim\" data-duration=\"1\" data-stagger=\"0.02\" data-delay=\"0.5\">\n                    Between March 13 and 15, 2026, the Brazilian College of Radiology and Diagnostic Imaging will hold Atualiza26 - National Circuit of Radiology, a consolidated event in continuing education. With a 100% online format, Atualiza26 aims to provide theoretical and practical updates of excellence.\nThe event will bring together renowned members of state radiology societies and national and international references, promoting a rich exchange of knowledge. The program will include pre-recorded lectures, DICOM cases, a Radiology Case Marathon, didactic material and live hands-on discussions.\nTake the opportunity to sign up for more than 20 available courses!                <\/p>\n            <\/article>\n                            <a\n                    href=\"\/en\/update26\/\"\n                    class=\"btn btn--atualiza-26--primary btn--large\">\n                    Encerrado!                <\/a>\n                                <\/div>\n        <div class=\"hero-graphic\">\n                            <img loading=\"lazy\" decoding=\"async\" width=\"800\" height=\"457\" src=\"https:\/\/eventos.cbr.org.br\/wp-content\/uploads\/2026\/01\/SemOfundo_Atualiza26.png\" class=\"attachment-full size-full\" alt=\"Update2026\" srcset=\"https:\/\/eventos.cbr.org.br\/wp-content\/uploads\/2026\/01\/SemOfundo_Atualiza26.png 800w, https:\/\/eventos.cbr.org.br\/wp-content\/uploads\/2026\/01\/SemOfundo_Atualiza26-300x171.png 300w, https:\/\/eventos.cbr.org.br\/wp-content\/uploads\/2026\/01\/SemOfundo_Atualiza26-768x439.png 768w, https:\/\/eventos.cbr.org.br\/wp-content\/uploads\/2026\/01\/SemOfundo_Atualiza26-18x10.png 18w, https:\/\/eventos.cbr.org.br\/wp-content\/uploads\/2026\/01\/SemOfundo_Atualiza26-600x343.png 600w\" sizes=\"auto, (max-width: 800px) 100vw, 800px\" \/>                    <\/div>\n    <\/div>\n<\/div>\n\n\n\n<section style=\"--event-featured-by-title-color: #ffffff; --event-featured-by-description-color: #ffffff; --event-featured-by-signature-color: #ffffff; --event-featured-by-signatureRole-color: #ffffff; --event-featured-by-welcomeText-color: #ffffff;  background-color:#020c16;\" class=\"event-featured-by-wrapper wp-block-apiki-event-featured-by has-background\">\n    <div class=\"container-v2\">\n        \n\n<h2 data-duration=\"1.2\" data-ease=\"power3.out\" data-from-blur=\"blur(10px)\" data-from-y=\"20\" data-stagger=\"0.12\" class=\"wp-block-heading event-featured-by-heading text-anim\"><\/h2>\n\n\n        <div class=\"event-featured-by-cards\">\n                            <div class=\"event-featured-by-card reveal\">\n                    <div class=\"event-featured-by-card-image\">\n                                                    <img decoding=\"async\" width=\"1246\" height=\"1246\" src=\"https:\/\/eventos.cbr.org.br\/wp-content\/uploads\/2025\/11\/Rubens-Chojniak.png\" class=\"attachment-full size-full wp-post-image\" alt=\"\" loading=\"lazy\" srcset=\"https:\/\/eventos.cbr.org.br\/wp-content\/uploads\/2025\/11\/Rubens-Chojniak.png 1246w, https:\/\/eventos.cbr.org.br\/wp-content\/uploads\/2025\/11\/Rubens-Chojniak-300x300.png 300w, https:\/\/eventos.cbr.org.br\/wp-content\/uploads\/2025\/11\/Rubens-Chojniak-1024x1024.png 1024w, https:\/\/eventos.cbr.org.br\/wp-content\/uploads\/2025\/11\/Rubens-Chojniak-150x150.png 150w, https:\/\/eventos.cbr.org.br\/wp-content\/uploads\/2025\/11\/Rubens-Chojniak-768x768.png 768w, https:\/\/eventos.cbr.org.br\/wp-content\/uploads\/2025\/11\/Rubens-Chojniak-12x12.png 12w, https:\/\/eventos.cbr.org.br\/wp-content\/uploads\/2025\/11\/Rubens-Chojniak-600x600.png 600w, https:\/\/eventos.cbr.org.br\/wp-content\/uploads\/2025\/11\/Rubens-Chojniak-100x100.png 100w\" sizes=\"auto, (max-width: 1246px) 100vw, 1246px\" \/>                                            <\/div>\n                    <div class=\"event-featured-by-card-content\">\n                                                    <h3 class=\"event-featured-by-card-title\">\n                                The President's words                            <\/h3>\n                                                                            <div class=\"event-featured-by-card-text\">\n                                <p>Dear colleagues,<\/p>\n<p>It is with great pleasure that I present Atualiza26 - National Radiology Circuit, an event that reaffirms the commitment of the Brazilian College of Radiology and Diagnostic Imaging to continuing education, innovation and the integration of the radiological community throughout the country.<\/p>\n<p>Throughout its editions, Atualiza has established itself as one of the main references in medical education in Radiology, offering a dynamic and accessible experience that connects professionals from different regions and levels of experience around excellent scientific knowledge.<\/p>\n<p>From March 13 to 15, 2026, we will have another opportunity to improve skills, update practices and explore new perspectives in modern Radiology, with the participation of national and international experts and the support of CBR's affiliated and partner societies.<\/p>\n<p>I congratulate the Scientific Board, the Organizing Committee and everyone involved in the construction of this new edition, which once again combines scientific quality, technological innovation and human integration.<\/p>\n<p>I invite you all to join us on this journey of learning and transformation.<\/p>\n<p>&nbsp;<\/p>\n                            <\/div>\n                                                                                                    <p class=\"event-featured-by-card-signature-role\">\n                                                                Dr. Rubens Chojniak - CBR President                            <\/p>\n                                                <p class=\"event-featured-by-card-welcome\">\n                                                    <\/p>\n                    <\/div>\n                <\/div>\n                            <div class=\"event-featured-by-card reveal\">\n                    <div class=\"event-featured-by-card-image\">\n                                                    <img decoding=\"async\" width=\"567\" height=\"598\" src=\"https:\/\/eventos.cbr.org.br\/wp-content\/uploads\/2025\/08\/zappa.jpg\" class=\"attachment-full size-full wp-post-image\" alt=\"\" loading=\"lazy\" srcset=\"https:\/\/eventos.cbr.org.br\/wp-content\/uploads\/2025\/08\/zappa.jpg 567w, https:\/\/eventos.cbr.org.br\/wp-content\/uploads\/2025\/08\/zappa-284x300.jpg 284w, https:\/\/eventos.cbr.org.br\/wp-content\/uploads\/2025\/08\/zappa-11x12.jpg 11w\" sizes=\"auto, (max-width: 567px) 100vw, 567px\" \/>                                            <\/div>\n                    <div class=\"event-featured-by-card-content\">\n                                                    <h3 class=\"event-featured-by-card-title\">\n                                Words from the Scientific Director                            <\/h3>\n                                                                            <div class=\"event-featured-by-card-text\">\n                                <p>&nbsp;<\/p>\n<p><span data-teams=\"true\">Welcome to Atualiza26.<\/span><\/p>\n<p>This year's edition brings together a wide-ranging, up-to-date and carefully constructed program, covering all the main areas of diagnostic imaging, with courses ranging from mastery of hybrid techniques and oncological imaging to essential day-to-day topics.<\/p>\n<p>We have maintained the format that has become a hallmark of Atualiza: short, objective lessons, analysis of DICOM cases and hands-on online discussions led by experts, using Collective Minds Radiology's interactive platform. This combination allows participants to move fluidly between theory and practice, immediately applying the knowledge they have acquired.<\/p>\n<p>In addition to the scientific content, Atualiza 26 is designed as a space for collaboration. The practical sessions encourage exchange between colleagues, stimulate new perspectives and strengthen professional connections in an environment of continuous and participatory learning.<\/p>\n<p>None of this would have been possible without the dedicated work of our brilliant scientific committee, the coordinators, speakers, monitors, organizing committee, partners and the entire incredible CBR team. My deepest thanks to everyone who made this edition possible.<\/p>\n<p>We are sure that Atualiza 26 will be inspiring, transformative and enriching for every participant.<\/p>\n                            <\/div>\n                                                                                                    <p class=\"event-featured-by-card-signature-role\">\n                                                                Dr. Maur\u00edcio Zapparoli - CBR Scientific Director                            <\/p>\n                                                <p class=\"event-featured-by-card-welcome\">\n                                                    <\/p>\n                    <\/div>\n                <\/div>\n                    <\/div>\n    <\/div>\n<\/section>\n\n\n\n<section class=\"programs wp-block-apiki-programs-grid\">\n    <div class=\"container-v2\">\n        <h2 class=\"programs__title\">Programs<\/h2>\n    <\/div>\n\n\t<div class=\"programs__grid container-v2\">\n\t\t\t\t\t<div\n\t\t\t\tclass=\"programs__item\"\n\t\t\t\taria-label=\"Head and neck\">\n\t\t\t\t<img\n\t\t\t\t\tsrc=\"https:\/\/eventos.cbr.org.br\/wp-content\/uploads\/2025\/11\/Icons-2.png\"\n\t\t\t\t\talt=\"\"\n\t\t\t\t\tclass=\"programs__icon\"\n\t\t\t\t\taria-hidden=\"true\" \/>\n\t\t\t\t<span class=\"programs__label\">\n\t\t\t\t\tHead and neck\t\t\t\t<\/span>\n\t\t\t\t<a\n\t\t\t\t\thref=\"https:\/\/eventos.cbr.org.br\/en\/activities\/head-and-neck\/\"\n\t\t\t\t\tclass=\"programs__link\"\n\t\t\t\t\taria-label=\"Head and neck\">\n\t\t\t\t\tView more\t\t\t\t<\/a>\n\t\t\t<\/div>\n\t\t\t\t\t<div\n\t\t\t\tclass=\"programs__item\"\n\t\t\t\taria-label=\"View more Cardiovascular\">\n\t\t\t\t<img\n\t\t\t\t\tsrc=\"https:\/\/eventos.cbr.org.br\/wp-content\/uploads\/2025\/11\/Icons-5.png\"\n\t\t\t\t\talt=\"\"\n\t\t\t\t\tclass=\"programs__icon\"\n\t\t\t\t\taria-hidden=\"true\" \/>\n\t\t\t\t<span class=\"programs__label\">\n\t\t\t\t\tView more Cardiovascular\t\t\t\t<\/span>\n\t\t\t\t<a\n\t\t\t\t\thref=\"https:\/\/eventos.cbr.org.br\/en\/activities\/cardiovascular\/\"\n\t\t\t\t\tclass=\"programs__link\"\n\t\t\t\t\taria-label=\"View more Cardiovascular\">\n\t\t\t\t\tView more\t\t\t\t<\/a>\n\t\t\t<\/div>\n\t\t\t\t\t<div\n\t\t\t\tclass=\"programs__item\"\n\t\t\t\taria-label=\"Gastrointestinal\">\n\t\t\t\t<img\n\t\t\t\t\tsrc=\"https:\/\/eventos.cbr.org.br\/wp-content\/uploads\/2025\/11\/Icons-6.png\"\n\t\t\t\t\talt=\"\"\n\t\t\t\t\tclass=\"programs__icon\"\n\t\t\t\t\taria-hidden=\"true\" \/>\n\t\t\t\t<span class=\"programs__label\">\n\t\t\t\t\tGastrointestinal\t\t\t\t<\/span>\n\t\t\t\t<a\n\t\t\t\t\thref=\"https:\/\/eventos.cbr.org.br\/en\/activities\/gastrointestinal\/\"\n\t\t\t\t\tclass=\"programs__link\"\n\t\t\t\t\taria-label=\"View more Gastrointestinal\">\n\t\t\t\t\tView more\t\t\t\t<\/a>\n\t\t\t<\/div>\n\t\t\t\t\t<div\n\t\t\t\tclass=\"programs__item\"\n\t\t\t\taria-label=\"Genitourinary\">\n\t\t\t\t<img\n\t\t\t\t\tsrc=\"https:\/\/eventos.cbr.org.br\/wp-content\/uploads\/2025\/11\/Icons-9.png\"\n\t\t\t\t\talt=\"\"\n\t\t\t\t\tclass=\"programs__icon\"\n\t\t\t\t\taria-hidden=\"true\" \/>\n\t\t\t\t<span class=\"programs__label\">\n\t\t\t\t\tGenitourinary\t\t\t\t<\/span>\n\t\t\t\t<a\n\t\t\t\t\thref=\"https:\/\/eventos.cbr.org.br\/en\/activities\/genitourinary\/\"\n\t\t\t\t\tclass=\"programs__link\"\n\t\t\t\t\taria-label=\"View more Genitourinary\">\n\t\t\t\t\tView more\t\t\t\t<\/a>\n\t\t\t<\/div>\n\t\t\t\t\t<div\n\t\t\t\tclass=\"programs__item\"\n\t\t\t\taria-label=\"Mama\">\n\t\t\t\t<img\n\t\t\t\t\tsrc=\"https:\/\/eventos.cbr.org.br\/wp-content\/uploads\/2025\/11\/imagem-2.png\"\n\t\t\t\t\talt=\"\"\n\t\t\t\t\tclass=\"programs__icon\"\n\t\t\t\t\taria-hidden=\"true\" \/>\n\t\t\t\t<span class=\"programs__label\">\n\t\t\t\t\tMama\t\t\t\t<\/span>\n\t\t\t\t<a\n\t\t\t\t\thref=\"https:\/\/eventos.cbr.org.br\/en\/activities\/breast\/\"\n\t\t\t\t\tclass=\"programs__link\"\n\t\t\t\t\taria-label=\"View more Mama\">\n\t\t\t\t\tView more\t\t\t\t<\/a>\n\t\t\t<\/div>\n\t\t\t\t\t<div\n\t\t\t\tclass=\"programs__item\"\n\t\t\t\taria-label=\"Hybrid methods\">\n\t\t\t\t<img\n\t\t\t\t\tsrc=\"https:\/\/eventos.cbr.org.br\/wp-content\/uploads\/2025\/11\/Icons-12.png\"\n\t\t\t\t\talt=\"\"\n\t\t\t\t\tclass=\"programs__icon\"\n\t\t\t\t\taria-hidden=\"true\" \/>\n\t\t\t\t<span class=\"programs__label\">\n\t\t\t\t\tHybrid methods\t\t\t\t<\/span>\n\t\t\t\t<a\n\t\t\t\t\thref=\"https:\/\/eventos.cbr.org.br\/en\/activities\/hybrid-methods\/\"\n\t\t\t\t\tclass=\"programs__link\"\n\t\t\t\t\taria-label=\"View more Hybrid Methods\">\n\t\t\t\t\tView more\t\t\t\t<\/a>\n\t\t\t<\/div>\n\t\t\t\t\t<div\n\t\t\t\tclass=\"programs__item\"\n\t\t\t\taria-label=\"Musculoskeletal\">\n\t\t\t\t<img\n\t\t\t\t\tsrc=\"https:\/\/eventos.cbr.org.br\/wp-content\/uploads\/2025\/11\/Icons-9.png\"\n\t\t\t\t\talt=\"\"\n\t\t\t\t\tclass=\"programs__icon\"\n\t\t\t\t\taria-hidden=\"true\" \/>\n\t\t\t\t<span class=\"programs__label\">\n\t\t\t\t\tMusculoskeletal\t\t\t\t<\/span>\n\t\t\t\t<a\n\t\t\t\t\thref=\"https:\/\/eventos.cbr.org.br\/en\/activities\/musculoskeletal\/\"\n\t\t\t\t\tclass=\"programs__link\"\n\t\t\t\t\taria-label=\"View more Musculoskeletal\">\n\t\t\t\t\tView more\t\t\t\t<\/a>\n\t\t\t<\/div>\n\t\t\t\t\t<div\n\t\t\t\tclass=\"programs__item\"\n\t\t\t\taria-label=\"Neuroradiology\">\n\t\t\t\t<img\n\t\t\t\t\tsrc=\"https:\/\/eventos.cbr.org.br\/wp-content\/uploads\/2025\/11\/Icons-4.png\"\n\t\t\t\t\talt=\"\"\n\t\t\t\t\tclass=\"programs__icon\"\n\t\t\t\t\taria-hidden=\"true\" \/>\n\t\t\t\t<span class=\"programs__label\">\n\t\t\t\t\tNeuroradiology\t\t\t\t<\/span>\n\t\t\t\t<a\n\t\t\t\t\thref=\"https:\/\/eventos.cbr.org.br\/en\/activities\/neuroradiology\/\"\n\t\t\t\t\tclass=\"programs__link\"\n\t\t\t\t\taria-label=\"View more Neuroradiology\">\n\t\t\t\t\tView more\t\t\t\t<\/a>\n\t\t\t<\/div>\n\t\t\t\t\t<div\n\t\t\t\tclass=\"programs__item\"\n\t\t\t\taria-label=\"Oncology\">\n\t\t\t\t<img\n\t\t\t\t\tsrc=\"https:\/\/eventos.cbr.org.br\/wp-content\/uploads\/2025\/11\/Icons-10.png\"\n\t\t\t\t\talt=\"\"\n\t\t\t\t\tclass=\"programs__icon\"\n\t\t\t\t\taria-hidden=\"true\" \/>\n\t\t\t\t<span class=\"programs__label\">\n\t\t\t\t\tOncology\t\t\t\t<\/span>\n\t\t\t\t<a\n\t\t\t\t\thref=\"https:\/\/eventos.cbr.org.br\/en\/activities\/oncology\/\"\n\t\t\t\t\tclass=\"programs__link\"\n\t\t\t\t\taria-label=\"View more Oncology\">\n\t\t\t\t\tView more\t\t\t\t<\/a>\n\t\t\t<\/div>\n\t\t\t\t\t<div\n\t\t\t\tclass=\"programs__item\"\n\t\t\t\taria-label=\"Pediatrics\">\n\t\t\t\t<img\n\t\t\t\t\tsrc=\"https:\/\/eventos.cbr.org.br\/wp-content\/uploads\/2025\/11\/Icons-11.png\"\n\t\t\t\t\talt=\"\"\n\t\t\t\t\tclass=\"programs__icon\"\n\t\t\t\t\taria-hidden=\"true\" \/>\n\t\t\t\t<span class=\"programs__label\">\n\t\t\t\t\tPediatrics\t\t\t\t<\/span>\n\t\t\t\t<a\n\t\t\t\t\thref=\"https:\/\/eventos.cbr.org.br\/en\/activities\/pediatrics\/\"\n\t\t\t\t\tclass=\"programs__link\"\n\t\t\t\t\taria-label=\"View more Pediatrics\">\n\t\t\t\t\tView more\t\t\t\t<\/a>\n\t\t\t<\/div>\n\t\t\t\t\t<div\n\t\t\t\tclass=\"programs__item\"\n\t\t\t\taria-label=\"Female Pelvis\">\n\t\t\t\t<img\n\t\t\t\t\tsrc=\"https:\/\/eventos.cbr.org.br\/wp-content\/uploads\/2025\/11\/Icons-8.png\"\n\t\t\t\t\talt=\"\"\n\t\t\t\t\tclass=\"programs__icon\"\n\t\t\t\t\taria-hidden=\"true\" \/>\n\t\t\t\t<span class=\"programs__label\">\n\t\t\t\t\tFemale Pelvis\t\t\t\t<\/span>\n\t\t\t\t<a\n\t\t\t\t\thref=\"https:\/\/eventos.cbr.org.br\/en\/activities\/female-pelvis\/\"\n\t\t\t\t\tclass=\"programs__link\"\n\t\t\t\t\taria-label=\"View more Female Pelvis\">\n\t\t\t\t\tView more\t\t\t\t<\/a>\n\t\t\t<\/div>\n\t\t\t\t\t<div\n\t\t\t\tclass=\"programs__item\"\n\t\t\t\taria-label=\"Chest\">\n\t\t\t\t<img\n\t\t\t\t\tsrc=\"https:\/\/eventos.cbr.org.br\/wp-content\/uploads\/2025\/11\/Icons-7.png\"\n\t\t\t\t\talt=\"\"\n\t\t\t\t\tclass=\"programs__icon\"\n\t\t\t\t\taria-hidden=\"true\" \/>\n\t\t\t\t<span class=\"programs__label\">\n\t\t\t\t\tChest\t\t\t\t<\/span>\n\t\t\t\t<a\n\t\t\t\t\thref=\"https:\/\/eventos.cbr.org.br\/en\/activities\/thorax\/\"\n\t\t\t\t\tclass=\"programs__link\"\n\t\t\t\t\taria-label=\"View more Chest\">\n\t\t\t\t\tView more\t\t\t\t<\/a>\n\t\t\t<\/div>\n\t\t\t<\/div>\n<\/section>\n\n\n\n<div class=\"wp-block-apiki-container container-v2 has-background\" style=\"background-color:#020c16\">\n<blockquote class=\"wp-block-quote is-layout-flow wp-block-quote-is-layout-flow\">\n<p><\/p>\n<\/blockquote>\n\n\n<\/div>\n\n\n\n<div id=\"speakers\" class=\"wp-block-group cbr-custom--title-img has-background\" style=\"background-color:#020c16\"><div class=\"wp-block-group__inner-container is-layout-constrained wp-block-group-is-layout-constrained\">\n<div style=\"color:#001327;\" class=\"speakers-list-wrapper wp-elements-f9d531637fb30d331bf88ea3782c4c88 wp-block-apiki-speakers-list has-text-color\" id=\"quem-faz-o-atualiza\">\n    <div class=\"container-v2\">\n        <h2 class=\"text-anim\">Who does the Update<\/h2>\n        <h3 class=\"text-anim\"><\/h3>\n                <div class=\"speakers-container\">\n                            <div class=\"speakers-row speakers-row-0\">\n                                            <div class=\"reveal speaker-card\">\n                            <div class=\"speaker-card-image\">\n                                                                    <img loading=\"lazy\" decoding=\"async\" width=\"291\" height=\"256\" src=\"https:\/\/eventos.cbr.org.br\/wp-content\/uploads\/2025\/12\/adham.png\" class=\"attachment-medium size-medium wp-post-image\" alt=\"\" srcset=\"https:\/\/eventos.cbr.org.br\/wp-content\/uploads\/2025\/12\/adham.png 291w, https:\/\/eventos.cbr.org.br\/wp-content\/uploads\/2025\/12\/adham-14x12.png 14w\" sizes=\"auto, (max-width: 291px) 100vw, 291px\" \/>                                                            <\/div>\n                            <div class=\"speaker-card-text\">\n                                                                    <small class=\"speaker-card-text-title\">Adham do Amaral e Castro<\/small>\n                                                                                                    <small class=\"speaker-card-text-name\">Musculoskeletal<\/small>\n                                                            <\/div>\n                            <div class=\"speaker-description-modal\" style=\"display: none;\">\n                                <h4>Musculoskeletal<\/h4>\n                                <p>Musculoskeletal radiologist at Hospital Israelita Albert Einstein and the Federal University of S\u00e3o Paulo (EPM-UNIFESP). Master's and doctorate in Principles of Surgery from the Medical Research Institute of the Evangelical Faculty of Medicine of Paran\u00e1 \/ Evangelical University Hospital of Curitiba. Post-doctorate in Health Sciences from the Albert Einstein Israelite Institute for Education and Research and in Clinical Radiology from UNIFESP. Advisor to the Postgraduate Program in Medicine (Clinical Radiology), Supervisor of the Medical Residency in Radiology and Diagnostic Imaging and Head of the Musculoskeletal Sector of the Department of Diagnostic Imaging at UNIFESP.<\/p>\n                            <\/div>\n                        <\/div>\n                                            <div class=\"reveal speaker-card\">\n                            <div class=\"speaker-card-image\">\n                                                                    <img loading=\"lazy\" decoding=\"async\" width=\"283\" height=\"300\" src=\"https:\/\/eventos.cbr.org.br\/wp-content\/uploads\/2025\/12\/ALEXANDRE-CALABRIA-DA-FONTE--e1766072668601-283x300.png\" class=\"attachment-medium size-medium wp-post-image\" alt=\"\" srcset=\"https:\/\/eventos.cbr.org.br\/wp-content\/uploads\/2025\/12\/ALEXANDRE-CALABRIA-DA-FONTE--e1766072668601-283x300.png 283w, https:\/\/eventos.cbr.org.br\/wp-content\/uploads\/2025\/12\/ALEXANDRE-CALABRIA-DA-FONTE--e1766072668601-11x12.png 11w, https:\/\/eventos.cbr.org.br\/wp-content\/uploads\/2025\/12\/ALEXANDRE-CALABRIA-DA-FONTE--e1766072668601.png 366w\" sizes=\"auto, (max-width: 283px) 100vw, 283px\" \/>                                                            <\/div>\n                            <div class=\"speaker-card-text\">\n                                                                    <small class=\"speaker-card-text-title\">Alexandre Calabria da Fonte<\/small>\n                                                                                                    <small class=\"speaker-card-text-name\">Oncology<\/small>\n                                                            <\/div>\n                            <div class=\"speaker-description-modal\" style=\"display: none;\">\n                                <h4>Oncology<\/h4>\n                                <p><span dir=\"auto\" style=\"vertical-align: inherit\"><span dir=\"auto\" style=\"vertical-align: inherit\">Coordinator of Jayme da Fonte Diagn\u00f3sticos <\/span><\/span><br \/>\n<span dir=\"auto\" style=\"vertical-align: inherit\"><span dir=\"auto\" style=\"vertical-align: inherit\">Radiologist at the nuclear medicine service of the Real Hospital Portugu\u00eas<\/span><\/span><\/p>\n<p>&nbsp;<\/p>\n<p><span dir=\"auto\" style=\"vertical-align: inherit\"><span dir=\"auto\" style=\"vertical-align: inherit\">Master's Degree in Oncology from the Antonio Prudente Foundation - AC Camargo Hospital - Cancer Center <\/span><\/span><br \/>\n<span dir=\"auto\" style=\"vertical-align: inherit\"><span dir=\"auto\" style=\"vertical-align: inherit\">Coordinator of Jayme da Fonte Diagn\u00f3sticos <\/span><\/span><br \/>\n<span dir=\"auto\" style=\"vertical-align: inherit\"><span dir=\"auto\" style=\"vertical-align: inherit\">Radiologist at the nuclear medicine service of the Real Hospital Portugu\u00eas<\/span><\/span><\/p>\n                            <\/div>\n                        <\/div>\n                                            <div class=\"reveal speaker-card\">\n                            <div class=\"speaker-card-image\">\n                                                                    <img loading=\"lazy\" decoding=\"async\" width=\"279\" height=\"300\" src=\"https:\/\/eventos.cbr.org.br\/wp-content\/uploads\/2025\/12\/Alice-Schuch-279x300.jpeg\" class=\"attachment-medium size-medium wp-post-image\" alt=\"\" srcset=\"https:\/\/eventos.cbr.org.br\/wp-content\/uploads\/2025\/12\/Alice-Schuch-279x300.jpeg 279w, https:\/\/eventos.cbr.org.br\/wp-content\/uploads\/2025\/12\/Alice-Schuch-951x1024.jpeg 951w, https:\/\/eventos.cbr.org.br\/wp-content\/uploads\/2025\/12\/Alice-Schuch-768x827.jpeg 768w, https:\/\/eventos.cbr.org.br\/wp-content\/uploads\/2025\/12\/Alice-Schuch-11x12.jpeg 11w, https:\/\/eventos.cbr.org.br\/wp-content\/uploads\/2025\/12\/Alice-Schuch-600x646.jpeg 600w, https:\/\/eventos.cbr.org.br\/wp-content\/uploads\/2025\/12\/Alice-Schuch.jpeg 1189w\" sizes=\"auto, (max-width: 279px) 100vw, 279px\" \/>                                                            <\/div>\n                            <div class=\"speaker-card-text\">\n                                                                    <small class=\"speaker-card-text-title\">Alice Schuch <\/small>\n                                                                                                    <small class=\"speaker-card-text-name\">Genitourinary<\/small>\n                                                            <\/div>\n                            <div class=\"speaker-description-modal\" style=\"display: none;\">\n                                <h4>Genitourinary<\/h4>\n                                <p>Graduated in Medicine from the Federal University of Rio Grande do Sul (UFRGS). Medical Residency in Radiology and Diagnostic Imaging at Hospital M\u00e3e de Deus, Porto Alegre - RS. R4 in Oncology Imaging at AC Camargo Cancer Center, S\u00e3o Paulo - SP. Fellowship in Abdominal Radiology at Hospital Moinhos de Vento (HMV), Porto Alegre - RS.<br \/>\nRadiologist at the Abdomen Imaging Center of the Radiology and Imaging Diagnosis Service of Hospital Moinhos de Vento in Porto Alegre - RS, since March 2013.<br \/>\nHe has held the positions of Coordination of the Abdomen Imaging Center (between Jan\/2017 and Nov\/2020) and Head of Service (between Nov\/2020 and Oct\/2024) at HMV.<br \/>\nFull member of the Brazilian College of Radiology and Diagnostic Imaging (CBR). Member of the CBR Board of Directors in the 23\/24 and 25\/26 Biennia, as Second and First Treasurer and Member of the Scientific Committee (Genitourinary).<\/p>\n                            <\/div>\n                        <\/div>\n                                            <div class=\"reveal speaker-card\">\n                            <div class=\"speaker-card-image\">\n                                                                    <img loading=\"lazy\" decoding=\"async\" width=\"300\" height=\"300\" src=\"https:\/\/eventos.cbr.org.br\/wp-content\/uploads\/2025\/12\/Anna-Patricia-De-Freitas-Linhares-Riello-.jpg\" class=\"attachment-medium size-medium wp-post-image\" alt=\"\" srcset=\"https:\/\/eventos.cbr.org.br\/wp-content\/uploads\/2025\/12\/Anna-Patricia-De-Freitas-Linhares-Riello-.jpg 300w, https:\/\/eventos.cbr.org.br\/wp-content\/uploads\/2025\/12\/Anna-Patricia-De-Freitas-Linhares-Riello--150x150.jpg 150w, https:\/\/eventos.cbr.org.br\/wp-content\/uploads\/2025\/12\/Anna-Patricia-De-Freitas-Linhares-Riello--12x12.jpg 12w, https:\/\/eventos.cbr.org.br\/wp-content\/uploads\/2025\/12\/Anna-Patricia-De-Freitas-Linhares-Riello--100x100.jpg 100w\" sizes=\"auto, (max-width: 300px) 100vw, 300px\" \/>                                                            <\/div>\n                            <div class=\"speaker-card-text\">\n                                                                    <small class=\"speaker-card-text-title\">Anna Patricia Riello  <\/small>\n                                                                                                    <small class=\"speaker-card-text-name\">Head and Neck<\/small>\n                                                            <\/div>\n                            <div class=\"speaker-description-modal\" style=\"display: none;\">\n                                <h4>Head and Neck<\/h4>\n                                <p>Medical Residency in Radiology at INCa-RJ, Master in Radiology at UFRJ, Coordinator of the Head and Neck Module at Grupo Fleury-RJ, Radiologist at Grupo UHG-RJ, Radiologist at DASA - RJ, Member of CBR, SPR, RSNA, ASHNR, ESHNR, ESNR.<\/p>\n                            <\/div>\n                        <\/div>\n                                            <div class=\"reveal speaker-card\">\n                            <div class=\"speaker-card-image\">\n                                                                    <img loading=\"lazy\" decoding=\"async\" width=\"300\" height=\"300\" src=\"https:\/\/eventos.cbr.org.br\/wp-content\/uploads\/2025\/12\/BEATRIZ-MARANHAO-300x300.jpg\" class=\"attachment-medium size-medium wp-post-image\" alt=\"\" srcset=\"https:\/\/eventos.cbr.org.br\/wp-content\/uploads\/2025\/12\/BEATRIZ-MARANHAO-300x300.jpg 300w, https:\/\/eventos.cbr.org.br\/wp-content\/uploads\/2025\/12\/BEATRIZ-MARANHAO-150x150.jpg 150w, https:\/\/eventos.cbr.org.br\/wp-content\/uploads\/2025\/12\/BEATRIZ-MARANHAO-12x12.jpg 12w, https:\/\/eventos.cbr.org.br\/wp-content\/uploads\/2025\/12\/BEATRIZ-MARANHAO-600x601.jpg 600w, https:\/\/eventos.cbr.org.br\/wp-content\/uploads\/2025\/12\/BEATRIZ-MARANHAO-100x100.jpg 100w, https:\/\/eventos.cbr.org.br\/wp-content\/uploads\/2025\/12\/BEATRIZ-MARANHAO.jpg 640w\" sizes=\"auto, (max-width: 300px) 100vw, 300px\" \/>                                                            <\/div>\n                            <div class=\"speaker-card-text\">\n                                                                    <small class=\"speaker-card-text-title\">Beatriz Maranh\u00e3o<\/small>\n                                                                                                    <small class=\"speaker-card-text-name\">Mama<\/small>\n                                                            <\/div>\n                            <div class=\"speaker-description-modal\" style=\"display: none;\">\n                                <h4>Mama<\/h4>\n                                <p><span dir=\"auto\" style=\"vertical-align: inherit\"><span dir=\"auto\" style=\"vertical-align: inherit\">- Member of the CBR Board of Directors. <\/span><\/span><br \/><span dir=\"auto\" style=\"vertical-align: inherit\"><span dir=\"auto\" style=\"vertical-align: inherit\">- Member of the CBR's National Mammography Commission. <\/span><\/span><br \/><span dir=\"auto\" style=\"vertical-align: inherit\"><span dir=\"auto\" style=\"vertical-align: inherit\">- Member of the CBR Breast Scientific Committee. <\/span><\/span><br \/><span dir=\"auto\" style=\"vertical-align: inherit\"><span dir=\"auto\" style=\"vertical-align: inherit\">- Director of National and International Relations for the Radiology Society of Pernambuco; <\/span><\/span><br \/><span dir=\"auto\" style=\"vertical-align: inherit\"><span dir=\"auto\" style=\"vertical-align: inherit\">- Preceptor at the IMIP Breast Cancer Detection Center - PE; <\/span><\/span><br \/><span dir=\"auto\" style=\"vertical-align: inherit\"><span dir=\"auto\" style=\"vertical-align: inherit\">- Radiologist and Director of Lucilo Maranh\u00e3o Diagn\u00f3sticos - PE.<\/span><\/span><\/p>\n                            <\/div>\n                        <\/div>\n                                            <div class=\"reveal speaker-card\">\n                            <div class=\"speaker-card-image\">\n                                                                    <img loading=\"lazy\" decoding=\"async\" width=\"300\" height=\"279\" src=\"https:\/\/eventos.cbr.org.br\/wp-content\/uploads\/2025\/12\/Bruna-Sarolli-e1766072614136-300x279.png\" class=\"attachment-medium size-medium wp-post-image\" alt=\"\" srcset=\"https:\/\/eventos.cbr.org.br\/wp-content\/uploads\/2025\/12\/Bruna-Sarolli-e1766072614136-300x279.png 300w, https:\/\/eventos.cbr.org.br\/wp-content\/uploads\/2025\/12\/Bruna-Sarolli-e1766072614136-13x12.png 13w, https:\/\/eventos.cbr.org.br\/wp-content\/uploads\/2025\/12\/Bruna-Sarolli-e1766072614136.png 535w\" sizes=\"auto, (max-width: 300px) 100vw, 300px\" \/>                                                            <\/div>\n                            <div class=\"speaker-card-text\">\n                                                                    <small class=\"speaker-card-text-title\">Bruna Sarolli<\/small>\n                                                                                                    <small class=\"speaker-card-text-name\">Musculoskeletal<\/small>\n                                                            <\/div>\n                            <div class=\"speaker-description-modal\" style=\"display: none;\">\n                                <h4>Musculoskeletal<\/h4>\n                                <p><span dir=\"auto\" style=\"vertical-align: inherit\"><span dir=\"auto\" style=\"vertical-align: inherit\">Medical degree from PUCPR (2006-2012). Residency\/Specialization in Radiology and Diagnostic Imaging at Cl\u00ednica X-LEME\/Hospital Universit\u00e1rio Cajuru (2013-2016). Fellow\/R4 in Magnetic Resonance Imaging at DAPI (2016-2017). Title of Specialist in Radiology and Diagnostic Imaging by the Brazilian College of Radiology (2016). Master's degree from the graduate program in Internal Medicine and Health Sciences at UFPR (2023). Radiologist and preceptor of the medical residency program at Hospital Marcelino Champagnat\/Hospital Universit\u00e1rio Cajuru. Former federal civil servant at the UFPR Hospital de Cl\u00ednicas (2018-2023). Member of the CBR's Musculoskeletal Scientific Committee (2025-2026 term). Coordinator and moderator of the national CBR Musculoskeletal Radiology Update course (2025-2026 term).<\/span><\/span><\/p>\n                            <\/div>\n                        <\/div>\n                                    <\/div>\n                            <div class=\"speakers-row speakers-row-1\">\n                                            <div class=\"reveal speaker-card\">\n                            <div class=\"speaker-card-image\">\n                                                                    <img loading=\"lazy\" decoding=\"async\" width=\"271\" height=\"300\" src=\"https:\/\/eventos.cbr.org.br\/wp-content\/uploads\/2025\/12\/CAROLINA-FREITAS-LINS--271x300.jpg\" class=\"attachment-medium size-medium wp-post-image\" alt=\"\" srcset=\"https:\/\/eventos.cbr.org.br\/wp-content\/uploads\/2025\/12\/CAROLINA-FREITAS-LINS--271x300.jpg 271w, https:\/\/eventos.cbr.org.br\/wp-content\/uploads\/2025\/12\/CAROLINA-FREITAS-LINS--925x1024.jpg 925w, https:\/\/eventos.cbr.org.br\/wp-content\/uploads\/2025\/12\/CAROLINA-FREITAS-LINS--768x850.jpg 768w, https:\/\/eventos.cbr.org.br\/wp-content\/uploads\/2025\/12\/CAROLINA-FREITAS-LINS--11x12.jpg 11w, https:\/\/eventos.cbr.org.br\/wp-content\/uploads\/2025\/12\/CAROLINA-FREITAS-LINS--600x664.jpg 600w, https:\/\/eventos.cbr.org.br\/wp-content\/uploads\/2025\/12\/CAROLINA-FREITAS-LINS-.jpg 945w\" sizes=\"auto, (max-width: 271px) 100vw, 271px\" \/>                                                            <\/div>\n                            <div class=\"speaker-card-text\">\n                                                                    <small class=\"speaker-card-text-title\">Carolina Freitas Lins<\/small>\n                                                                                                    <small class=\"speaker-card-text-name\">Musculoskeletal<\/small>\n                                                            <\/div>\n                            <div class=\"speaker-description-modal\" style=\"display: none;\">\n                                <h4>Musculoskeletal<\/h4>\n                                <p>Musculoskeletal radiologist at Cl\u00ednica Delfin Medicina Diagn\u00f3stica; lecturer in Radiological Anatomy and Bioimaging at the Bahiana School of Medicine and Public Health (EBMSP); Specialist in Radiology at the Brazilian College of Radiology (CBR); Master in Health Technologies at EBMSP; PhD in Health Sciences Applied to the Locomotor System from the Ribeir\u00e3o Preto Medical School of the University of S\u00e3o Paulo (FMRP - USP); Member of the Editorial Board of European Radiology and the Brazilian Radiology Journal; Leader of RADS - EBMSP's Radiology Research Group.<\/p>\n                            <\/div>\n                        <\/div>\n                                            <div class=\"reveal speaker-card\">\n                            <div class=\"speaker-card-image\">\n                                                                    <img loading=\"lazy\" decoding=\"async\" width=\"126\" height=\"120\" src=\"https:\/\/eventos.cbr.org.br\/wp-content\/uploads\/2025\/12\/Caroline-Ghezzi-e1766072778293.jpg\" class=\"attachment-medium size-medium wp-post-image\" alt=\"\" srcset=\"https:\/\/eventos.cbr.org.br\/wp-content\/uploads\/2025\/12\/Caroline-Ghezzi-e1766072778293.jpg 126w, https:\/\/eventos.cbr.org.br\/wp-content\/uploads\/2025\/12\/Caroline-Ghezzi-e1766072778293-13x12.jpg 13w\" sizes=\"auto, (max-width: 126px) 100vw, 126px\" \/>                                                            <\/div>\n                            <div class=\"speaker-card-text\">\n                                                                    <small class=\"speaker-card-text-title\">Caroline Ghezzi<\/small>\n                                                                                                    <small class=\"speaker-card-text-name\">Gastrointestinal<\/small>\n                                                            <\/div>\n                            <div class=\"speaker-description-modal\" style=\"display: none;\">\n                                <h4>Gastrointestinal<\/h4>\n                                <p>PhD and Post-Doctorate from UFRGS. President of the Radiology Society of Rio Grande do Sul for 2023-2024. Member of the CBR. Head of the Abdominal Radiology Unit at Hospital de Cl\u00ednicas de Porto Alegre. Radiologist at Hospital Moinhos de Vento and Hospital de Cl\u00ednicas de Porto Alegre.<\/p>\n                            <\/div>\n                        <\/div>\n                                            <div class=\"reveal speaker-card\">\n                            <div class=\"speaker-card-image\">\n                                                                    <img loading=\"lazy\" decoding=\"async\" width=\"260\" height=\"300\" src=\"https:\/\/eventos.cbr.org.br\/wp-content\/uploads\/2025\/12\/DANIELLA-BRAZ-PARENTE-260x300.jpeg\" class=\"attachment-medium size-medium wp-post-image\" alt=\"\" srcset=\"https:\/\/eventos.cbr.org.br\/wp-content\/uploads\/2025\/12\/DANIELLA-BRAZ-PARENTE-260x300.jpeg 260w, https:\/\/eventos.cbr.org.br\/wp-content\/uploads\/2025\/12\/DANIELLA-BRAZ-PARENTE-10x12.jpeg 10w, https:\/\/eventos.cbr.org.br\/wp-content\/uploads\/2025\/12\/DANIELLA-BRAZ-PARENTE-600x694.jpeg 600w, https:\/\/eventos.cbr.org.br\/wp-content\/uploads\/2025\/12\/DANIELLA-BRAZ-PARENTE.jpeg 692w\" sizes=\"auto, (max-width: 260px) 100vw, 260px\" \/>                                                            <\/div>\n                            <div class=\"speaker-card-text\">\n                                                                    <small class=\"speaker-card-text-title\">Daniella Braz <\/small>\n                                                                                                    <small class=\"speaker-card-text-name\">Gastrointestinal<\/small>\n                                                            <\/div>\n                            <div class=\"speaker-description-modal\" style=\"display: none;\">\n                                <h4>Gastrointestinal<\/h4>\n                                <p>Radiologist at UFRJ<\/p>\n<p>Radiologist and Coordinator of Internal Medicine at Grupo Fleury-RJ<\/p>\n<p>Researcher at Instituto D'Or de Pesquisa e Ensino<\/p>\n<p>Master's, doctorate and post-doctorate in Radiology from UFRJ<\/p>\n<p>Member of the CBR Gastrointestinal Scientific Committee<\/p>\n<p>Coordinator of the Abdomen Fellow at Grupo Fleury-RJ<\/p>\n<p>Member of the Editorial Board of the Brazilian Journal of Radiology<\/p>\n<p>LI-RADS member<\/p>\n                            <\/div>\n                        <\/div>\n                                            <div class=\"reveal speaker-card\">\n                            <div class=\"speaker-card-image\">\n                                                                    <img loading=\"lazy\" decoding=\"async\" width=\"300\" height=\"300\" src=\"https:\/\/eventos.cbr.org.br\/wp-content\/uploads\/2025\/12\/Danny-Warszawiak-300x300.jpg\" class=\"attachment-medium size-medium wp-post-image\" alt=\"\" srcset=\"https:\/\/eventos.cbr.org.br\/wp-content\/uploads\/2025\/12\/Danny-Warszawiak-300x300.jpg 300w, https:\/\/eventos.cbr.org.br\/wp-content\/uploads\/2025\/12\/Danny-Warszawiak-150x150.jpg 150w, https:\/\/eventos.cbr.org.br\/wp-content\/uploads\/2025\/12\/Danny-Warszawiak-12x12.jpg 12w, https:\/\/eventos.cbr.org.br\/wp-content\/uploads\/2025\/12\/Danny-Warszawiak-100x100.jpg 100w, https:\/\/eventos.cbr.org.br\/wp-content\/uploads\/2025\/12\/Danny-Warszawiak.jpg 506w\" sizes=\"auto, (max-width: 300px) 100vw, 300px\" \/>                                                            <\/div>\n                            <div class=\"speaker-card-text\">\n                                                                    <small class=\"speaker-card-text-title\">Danny Warszawiak<\/small>\n                                                                                                    <small class=\"speaker-card-text-name\">Chest<\/small>\n                                                            <\/div>\n                            <div class=\"speaker-description-modal\" style=\"display: none;\">\n                                <h4>Chest<\/h4>\n                                <p>Radiologist at Cl\u00ednica DAPI - Liga das Senhoras Cat\u00f3licas de Curitiba and Hospital Erasto Gaertner - Liga Paranaense de Combate ao C\u00e2ncer<\/p>\n<p>Doctor graduated from the Federal University of Paran\u00e1 in 2003<\/p>\n<p>Residency in Radiology and Diagnostic Imaging at Cajuru University Hospital, PUC-Pr (2004-2006). Specialization (level R4) in Radiology and Diagnostic Imaging at Cl\u00ednica DAPI (Curitiba) in 2007. Master's degree in Internal Medicine from UFPR (2012)<\/p>\n<p>Radiologist at Cl\u00ednica DAPI - Liga das Senhoras Cat\u00f3licas de Curitiba and Hospital Erasto Gaertner - Liga Paranaense de Combate ao C\u00e2ncer<\/p>\n<p>Former adjunct professor of radiology at Positivo University (2013-2017)<\/p>\n<p>Coordinator of the Imaging Department of the Brazilian Society of Pulmonology and Phthisiology for the 2023-2024 term<\/p>\n<p>Former member of the CBR Teaching and Residency Commission. Current member of the CBR's qualification commission.<\/p>\n                            <\/div>\n                        <\/div>\n                                            <div class=\"reveal speaker-card\">\n                            <div class=\"speaker-card-image\">\n                                                                    <img loading=\"lazy\" decoding=\"async\" width=\"252\" height=\"252\" src=\"https:\/\/eventos.cbr.org.br\/wp-content\/uploads\/2025\/12\/Dolores-Bustelo-PR.jpg\" class=\"attachment-medium size-medium wp-post-image\" alt=\"\" srcset=\"https:\/\/eventos.cbr.org.br\/wp-content\/uploads\/2025\/12\/Dolores-Bustelo-PR.jpg 252w, https:\/\/eventos.cbr.org.br\/wp-content\/uploads\/2025\/12\/Dolores-Bustelo-PR-150x150.jpg 150w, https:\/\/eventos.cbr.org.br\/wp-content\/uploads\/2025\/12\/Dolores-Bustelo-PR-12x12.jpg 12w, https:\/\/eventos.cbr.org.br\/wp-content\/uploads\/2025\/12\/Dolores-Bustelo-PR-100x100.jpg 100w\" sizes=\"auto, (max-width: 252px) 100vw, 252px\" \/>                                                            <\/div>\n                            <div class=\"speaker-card-text\">\n                                                                    <small class=\"speaker-card-text-title\">Dolores Bustelo<\/small>\n                                                                                                    <small class=\"speaker-card-text-name\">Pediatrics<\/small>\n                                                            <\/div>\n                            <div class=\"speaker-description-modal\" style=\"display: none;\">\n                                <h4>Pediatrics<\/h4>\n                                <p>Graduated in Medicine from the Federal University of Paran\u00e1 (1986). Specialist in Radiology, Ultrasound and Computed Tomography. Works in Pediatric Radiology in the areas of Radiology, Ultrasound and Computed Tomography and PET-CT.<\/p>\n                            <\/div>\n                        <\/div>\n                                            <div class=\"reveal speaker-card\">\n                            <div class=\"speaker-card-image\">\n                                                                    <img loading=\"lazy\" decoding=\"async\" width=\"300\" height=\"300\" src=\"https:\/\/eventos.cbr.org.br\/wp-content\/uploads\/2025\/12\/Dr.-Felipe-Pacheco-300x300.jpg\" class=\"attachment-medium size-medium wp-post-image\" alt=\"\" srcset=\"https:\/\/eventos.cbr.org.br\/wp-content\/uploads\/2025\/12\/Dr.-Felipe-Pacheco-300x300.jpg 300w, https:\/\/eventos.cbr.org.br\/wp-content\/uploads\/2025\/12\/Dr.-Felipe-Pacheco-150x150.jpg 150w, https:\/\/eventos.cbr.org.br\/wp-content\/uploads\/2025\/12\/Dr.-Felipe-Pacheco-12x12.jpg 12w, https:\/\/eventos.cbr.org.br\/wp-content\/uploads\/2025\/12\/Dr.-Felipe-Pacheco-600x600.jpg 600w, https:\/\/eventos.cbr.org.br\/wp-content\/uploads\/2025\/12\/Dr.-Felipe-Pacheco-100x100.jpg 100w, https:\/\/eventos.cbr.org.br\/wp-content\/uploads\/2025\/12\/Dr.-Felipe-Pacheco.jpg 640w\" sizes=\"auto, (max-width: 300px) 100vw, 300px\" \/>                                                            <\/div>\n                            <div class=\"speaker-card-text\">\n                                                                    <small class=\"speaker-card-text-title\">Felipe Pacheco<\/small>\n                                                                                                    <small class=\"speaker-card-text-name\">Neuroradiology<\/small>\n                                                            <\/div>\n                            <div class=\"speaker-description-modal\" style=\"display: none;\">\n                                <h4>Neuroradiology<\/h4>\n                                <p>&nbsp;<\/p>\n<p>Neuroradiologist at Santa Casa de Sp and Grupo DASA-Sp;<br \/>\nPhD in Health Sciences from Santa Casa de SP;<br \/>\nPresident of the Brazilian Society of Neuroradiology.<\/p>\n                            <\/div>\n                        <\/div>\n                                    <\/div>\n                            <div class=\"speakers-row speakers-row-2\">\n                                            <div class=\"reveal speaker-card\">\n                            <div class=\"speaker-card-image\">\n                                                                    <img loading=\"lazy\" decoding=\"async\" width=\"300\" height=\"300\" src=\"https:\/\/eventos.cbr.org.br\/wp-content\/uploads\/2025\/12\/Dr.-Fernando-Morbeck-Coelho-e1766072560794-300x300.jpeg\" class=\"attachment-medium size-medium wp-post-image\" alt=\"\" srcset=\"https:\/\/eventos.cbr.org.br\/wp-content\/uploads\/2025\/12\/Dr.-Fernando-Morbeck-Coelho-e1766072560794-300x300.jpeg 300w, https:\/\/eventos.cbr.org.br\/wp-content\/uploads\/2025\/12\/Dr.-Fernando-Morbeck-Coelho-e1766072560794-150x150.jpeg 150w, https:\/\/eventos.cbr.org.br\/wp-content\/uploads\/2025\/12\/Dr.-Fernando-Morbeck-Coelho-e1766072560794-12x12.jpeg 12w, https:\/\/eventos.cbr.org.br\/wp-content\/uploads\/2025\/12\/Dr.-Fernando-Morbeck-Coelho-e1766072560794-600x600.jpeg 600w, https:\/\/eventos.cbr.org.br\/wp-content\/uploads\/2025\/12\/Dr.-Fernando-Morbeck-Coelho-e1766072560794-100x100.jpeg 100w, https:\/\/eventos.cbr.org.br\/wp-content\/uploads\/2025\/12\/Dr.-Fernando-Morbeck-Coelho-e1766072560794-400x400.jpeg 400w, https:\/\/eventos.cbr.org.br\/wp-content\/uploads\/2025\/12\/Dr.-Fernando-Morbeck-Coelho-e1766072560794.jpeg 604w\" sizes=\"auto, (max-width: 300px) 100vw, 300px\" \/>                                                            <\/div>\n                            <div class=\"speaker-card-text\">\n                                                                    <small class=\"speaker-card-text-title\">Fernando Morbeck <\/small>\n                                                                                                    <small class=\"speaker-card-text-name\">Genitourinary<\/small>\n                                                            <\/div>\n                            <div class=\"speaker-description-modal\" style=\"display: none;\">\n                                <h4>Genitourinary<\/h4>\n                                <p>Graduated in medicine from the Bahiana School of Medicine and Public Health (EBMSP) and completed a medical residency in radiology at the Heli\u00f3polis Hospital in S\u00e3o Paulo. Specialization in oncological radiology from the S\u00e3o Paulo State Cancer Institute of the Hospital das Cl\u00ednicas of the University of S\u00e3o Paulo Medical School (ICESP-HCFMUSP) and abdominal imaging from the Radiology Institute of the Hospital das Cl\u00ednicas of FMUSP (INRAD-HCFMUSP). Specialist title from the Brazilian College of Radiology (CBR) (2016). Stricto Sensu postgraduate student in health sciences (Direct Doctorate level) at the Albert Einstein Israelite College of Health Sciences. He is currently an assistant physician in the abdominal radiology department at Hospital Israelita Albert Einstein (HIAE) and coordinator of genitourinary imaging at INRAD-HCFMUSP. Member of the Scientific Committee (genitourinary area) and the CBR Admission and Qualification Committee (2023-2024 biennium). Member of the HIAE Abdominal Radiology Teaching Committee. Teaches at Einstein's lato sensu postgraduate course.<\/p>\n                            <\/div>\n                        <\/div>\n                                            <div class=\"reveal speaker-card\">\n                            <div class=\"speaker-card-image\">\n                                                                    <img loading=\"lazy\" decoding=\"async\" width=\"177\" height=\"183\" src=\"https:\/\/eventos.cbr.org.br\/wp-content\/uploads\/2025\/12\/Gilberto-Szarf-SP-e1766069727186.jpeg\" class=\"attachment-medium size-medium wp-post-image\" alt=\"\" srcset=\"https:\/\/eventos.cbr.org.br\/wp-content\/uploads\/2025\/12\/Gilberto-Szarf-SP-e1766069727186.jpeg 177w, https:\/\/eventos.cbr.org.br\/wp-content\/uploads\/2025\/12\/Gilberto-Szarf-SP-e1766069727186-12x12.jpeg 12w\" sizes=\"auto, (max-width: 177px) 100vw, 177px\" \/>                                                            <\/div>\n                            <div class=\"speaker-card-text\">\n                                                                    <small class=\"speaker-card-text-title\">Gilberto Szarf<\/small>\n                                                                                                    <small class=\"speaker-card-text-name\">Chest<\/small>\n                                                            <\/div>\n                            <div class=\"speaker-description-modal\" style=\"display: none;\">\n                                <h4>Chest<\/h4>\n                                <p>Graduated in Medicine from the Federal University of S\u00e3o Paulo (1993) and Medical Residency in Radiology from the same institution (1997). Research Fellowship at Johns Hopkins University between 2002 and 2003 and internship at the University of Pennsylvania in 2003. He obtained his Doctorate in Medicine (Clinical Radiology) from the Federal University of S\u00e3o Paulo (2005). He is currently an Adjunct Professor in the Department of Diagnostic Imaging at the Federal University of S\u00e3o Paulo, with an emphasis on Chest and Heart Radiology, working mainly on the evaluation of pulmonary and cardiovascular diseases using magnetic resonance and computed tomography. He is also an advisor to the Postgraduate Programs in Clinical Radiology at the Federal University of S\u00e3o Paulo and the Hospital Israelita Albert Einstein<\/p>\n                            <\/div>\n                        <\/div>\n                                            <div class=\"reveal speaker-card\">\n                            <div class=\"speaker-card-image\">\n                                                                    <img loading=\"lazy\" decoding=\"async\" width=\"272\" height=\"300\" src=\"https:\/\/eventos.cbr.org.br\/wp-content\/uploads\/2025\/12\/giuseppe-272x300.png\" class=\"attachment-medium size-medium wp-post-image\" alt=\"\" srcset=\"https:\/\/eventos.cbr.org.br\/wp-content\/uploads\/2025\/12\/giuseppe-272x300.png 272w, https:\/\/eventos.cbr.org.br\/wp-content\/uploads\/2025\/12\/giuseppe-11x12.png 11w, https:\/\/eventos.cbr.org.br\/wp-content\/uploads\/2025\/12\/giuseppe-600x663.png 600w, https:\/\/eventos.cbr.org.br\/wp-content\/uploads\/2025\/12\/giuseppe.png 667w\" sizes=\"auto, (max-width: 272px) 100vw, 272px\" \/>                                                            <\/div>\n                            <div class=\"speaker-card-text\">\n                                                                    <small class=\"speaker-card-text-title\">Giuseppe D'Ippolito <\/small>\n                                                                                                    <small class=\"speaker-card-text-name\">Gastrointestinal<\/small>\n                                                            <\/div>\n                            <div class=\"speaker-description-modal\" style=\"display: none;\">\n                                <h4>Gastrointestinal<\/h4>\n                                <p>Associate and Full Professor at EPM-UNIFESP<\/p>\n<p>Associate Professor of DDI at EPM-UNIFESP and coordinator of Medical Education at Grupo Fleury<\/p>\n                            <\/div>\n                        <\/div>\n                                            <div class=\"reveal speaker-card\">\n                            <div class=\"speaker-card-image\">\n                                                                    <img loading=\"lazy\" decoding=\"async\" width=\"219\" height=\"219\" src=\"https:\/\/eventos.cbr.org.br\/wp-content\/uploads\/2025\/12\/Gustavo-Lemos-Pelandre-SC-e1766072814474.jpg\" class=\"attachment-medium size-medium wp-post-image\" alt=\"\" srcset=\"https:\/\/eventos.cbr.org.br\/wp-content\/uploads\/2025\/12\/Gustavo-Lemos-Pelandre-SC-e1766072814474.jpg 219w, https:\/\/eventos.cbr.org.br\/wp-content\/uploads\/2025\/12\/Gustavo-Lemos-Pelandre-SC-e1766072814474-150x150.jpg 150w, https:\/\/eventos.cbr.org.br\/wp-content\/uploads\/2025\/12\/Gustavo-Lemos-Pelandre-SC-e1766072814474-12x12.jpg 12w, https:\/\/eventos.cbr.org.br\/wp-content\/uploads\/2025\/12\/Gustavo-Lemos-Pelandre-SC-e1766072814474-100x100.jpg 100w\" sizes=\"auto, (max-width: 219px) 100vw, 219px\" \/>                                                            <\/div>\n                            <div class=\"speaker-card-text\">\n                                                                    <small class=\"speaker-card-text-title\">Gustavo Lemes Pelandre<\/small>\n                                                                                                    <small class=\"speaker-card-text-name\">View more Cardiovascular<\/small>\n                                                            <\/div>\n                            <div class=\"speaker-description-modal\" style=\"display: none;\">\n                                <h4>View more Cardiovascular<\/h4>\n                                <p dir=\"ltr\">Graduated in Medicine from the Federal University of Santa Catarina (UFSC).<\/p>\n<p dir=\"ltr\">Medical residency in Radiology and Imaging Diagnosis at the National Cancer Institute (INCA\/RJ). Specialization in Cardiovascular Magnetic Resonance at Duke University (USA).<\/p>\n<p dir=\"ltr\">Further training in Thoracic and Abdominal Radiology at Santa Casa de Miseric\u00f3rdia de S\u00e3o Paulo. Master's and Doctorate in Radiology and Diagnostic Imaging from the Federal University of Rio de Janeiro.<\/p>\n<p dir=\"ltr\">Professor of Radiology at the Federal University of Santa Catarina.<\/p>\n<p dir=\"ltr\">Supervisor of the Medical Residency Program in Radiology at HU\/UFSC.<\/p>\n<p dir=\"ltr\">Medical Coordinator and Technical Manager of the Radiology Service at Unimed Florian\u00f3polis Hospital. Deputy Clinical Director of Unimed Florian\u00f3polis Hospital.<\/p>\n<p dir=\"ltr\">President of the Santa Catarina Society of Radiology.<\/p>\n                            <\/div>\n                        <\/div>\n                                            <div class=\"reveal speaker-card\">\n                            <div class=\"speaker-card-image\">\n                                                                    <img loading=\"lazy\" decoding=\"async\" width=\"300\" height=\"283\" src=\"https:\/\/eventos.cbr.org.br\/wp-content\/uploads\/2025\/12\/Dra.-Ivie-Braga-de-Paula-300x283.jpg\" class=\"attachment-medium size-medium wp-post-image\" alt=\"\" srcset=\"https:\/\/eventos.cbr.org.br\/wp-content\/uploads\/2025\/12\/Dra.-Ivie-Braga-de-Paula-300x283.jpg 300w, https:\/\/eventos.cbr.org.br\/wp-content\/uploads\/2025\/12\/Dra.-Ivie-Braga-de-Paula-13x12.jpg 13w, https:\/\/eventos.cbr.org.br\/wp-content\/uploads\/2025\/12\/Dra.-Ivie-Braga-de-Paula-600x566.jpg 600w, https:\/\/eventos.cbr.org.br\/wp-content\/uploads\/2025\/12\/Dra.-Ivie-Braga-de-Paula.jpg 763w\" sizes=\"auto, (max-width: 300px) 100vw, 300px\" \/>                                                            <\/div>\n                            <div class=\"speaker-card-text\">\n                                                                    <small class=\"speaker-card-text-title\">Ivie Braga de Paula<\/small>\n                                                                                                    <small class=\"speaker-card-text-name\">Mama<\/small>\n                                                            <\/div>\n                            <div class=\"speaker-description-modal\" style=\"display: none;\">\n                                <h4>Mama<\/h4>\n                                <p>Coordinator of the National Mammography Commission 25\/26<br \/>\nCoordinator of the Breast Center Casa Delas of the Orizonti Institute in BH<br \/>\nRadiologist at Fleury BH<br \/>\nRadiologist at Cl\u00ednica Conrad BH<\/p>\n<p>Full member of the CBR<br \/>\nMaster's degree from UFMG<br \/>\nFellow in radiology at Louis Pasteur University in Strasbourg, France<br \/>\nCoordinator of the National Mammography Commission 25\/26<\/p>\n                            <\/div>\n                        <\/div>\n                                            <div class=\"reveal speaker-card\">\n                            <div class=\"speaker-card-image\">\n                                                                    <img loading=\"lazy\" decoding=\"async\" width=\"257\" height=\"300\" src=\"https:\/\/eventos.cbr.org.br\/wp-content\/uploads\/2025\/12\/Dra.-Kamila-Seidel-Albuquerque-257x300.jpeg\" class=\"attachment-medium size-medium wp-post-image\" alt=\"\" srcset=\"https:\/\/eventos.cbr.org.br\/wp-content\/uploads\/2025\/12\/Dra.-Kamila-Seidel-Albuquerque-257x300.jpeg 257w, https:\/\/eventos.cbr.org.br\/wp-content\/uploads\/2025\/12\/Dra.-Kamila-Seidel-Albuquerque-879x1024.jpeg 879w, https:\/\/eventos.cbr.org.br\/wp-content\/uploads\/2025\/12\/Dra.-Kamila-Seidel-Albuquerque-768x895.jpeg 768w, https:\/\/eventos.cbr.org.br\/wp-content\/uploads\/2025\/12\/Dra.-Kamila-Seidel-Albuquerque-10x12.jpeg 10w, https:\/\/eventos.cbr.org.br\/wp-content\/uploads\/2025\/12\/Dra.-Kamila-Seidel-Albuquerque-600x699.jpeg 600w, https:\/\/eventos.cbr.org.br\/wp-content\/uploads\/2025\/12\/Dra.-Kamila-Seidel-Albuquerque.jpeg 1017w\" sizes=\"auto, (max-width: 257px) 100vw, 257px\" \/>                                                            <\/div>\n                            <div class=\"speaker-card-text\">\n                                                                    <small class=\"speaker-card-text-title\">Kamila Seidel Albuquerque <\/small>\n                                                                                                    <small class=\"speaker-card-text-name\">Female Pelvis<\/small>\n                                                            <\/div>\n                            <div class=\"speaker-description-modal\" style=\"display: none;\">\n                                <h4>Female Pelvis<\/h4>\n                                <p>Radiologist specializing in internal medicine and oncorradiology<\/p>\n<p>Assistant and preceptor in the departments:<br \/>\n- Abdomen and oncorradiology at the Benefic\u00eancia Portuguesa Hospital of S\u00e3o Paulo;<br \/>\n- Internal medicine by Amil SP<br \/>\n- endometriosis group at Santa Casa de Miseric\u00f3rdia de S\u00e3o Paulo<br \/>\n- Co-creator of the professional and educational Instagram profile: @radiologiabdominal<\/p>\n                            <\/div>\n                        <\/div>\n                                    <\/div>\n                            <div class=\"speakers-row speakers-row-3\">\n                                            <div class=\"reveal speaker-card\">\n                            <div class=\"speaker-card-image\">\n                                                                    <img loading=\"lazy\" decoding=\"async\" width=\"300\" height=\"214\" src=\"https:\/\/eventos.cbr.org.br\/wp-content\/uploads\/2025\/12\/LEONARDO-LOPES-DE-MACEDO-e1766069812604-300x214.jpg\" class=\"attachment-medium size-medium wp-post-image\" alt=\"\" srcset=\"https:\/\/eventos.cbr.org.br\/wp-content\/uploads\/2025\/12\/LEONARDO-LOPES-DE-MACEDO-e1766069812604-300x214.jpg 300w, https:\/\/eventos.cbr.org.br\/wp-content\/uploads\/2025\/12\/LEONARDO-LOPES-DE-MACEDO-e1766069812604-18x12.jpg 18w, https:\/\/eventos.cbr.org.br\/wp-content\/uploads\/2025\/12\/LEONARDO-LOPES-DE-MACEDO-e1766069812604.jpg 549w\" sizes=\"auto, (max-width: 300px) 100vw, 300px\" \/>                                                            <\/div>\n                            <div class=\"speaker-card-text\">\n                                                                    <small class=\"speaker-card-text-title\">Leonardo Lopes de Macedo<\/small>\n                                                                                                    <small class=\"speaker-card-text-name\">Neuroradiology<\/small>\n                                                            <\/div>\n                            <div class=\"speaker-description-modal\" style=\"display: none;\">\n                                <h4>Neuroradiology<\/h4>\n                                <p>Neuroradiologist at Cedimagem (Allian\u00e7a Group)<\/p>\n<p>Member of the scientific committee of the World Federation of Neuroradiological Societies (WFNRS)<br \/>\nMember of the Scientific Committee (Neuroradiology) of the Brazilian College of Radiology (CBR)<\/p>\n<p>Medical degree from UFJF<br \/>\nNeuroradiologist at Cedimagem with Post-Doctoral Research Fellow at Johns Hopkins Hospital<br \/>\nMember of the scientific committee of the World Federation of Neuroradiological Societies (WFNRS)<br \/>\nMember of the Scientific Committee (Neuroradiology) of the Brazilian College of Radiology (CBR)<br \/>\nMember of the editorial board of the journal \"Neuroradiology\"<br \/>\nEditor of the book \"Neuroradiology\"<\/p>\n                            <\/div>\n                        <\/div>\n                                            <div class=\"reveal speaker-card\">\n                            <div class=\"speaker-card-image\">\n                                                                    <img loading=\"lazy\" decoding=\"async\" width=\"300\" height=\"262\" src=\"https:\/\/eventos.cbr.org.br\/wp-content\/uploads\/2025\/12\/marcleo-300x262.png\" class=\"attachment-medium size-medium wp-post-image\" alt=\"\" srcset=\"https:\/\/eventos.cbr.org.br\/wp-content\/uploads\/2025\/12\/marcleo-300x262.png 300w, https:\/\/eventos.cbr.org.br\/wp-content\/uploads\/2025\/12\/marcleo-14x12.png 14w, https:\/\/eventos.cbr.org.br\/wp-content\/uploads\/2025\/12\/marcleo.png 556w\" sizes=\"auto, (max-width: 300px) 100vw, 300px\" \/>                                                            <\/div>\n                            <div class=\"speaker-card-text\">\n                                                                    <small class=\"speaker-card-text-title\">Marcelo Queiroz<\/small>\n                                                                                                    <small class=\"speaker-card-text-name\">Hybrid methods<\/small>\n                                                            <\/div>\n                            <div class=\"speaker-description-modal\" style=\"display: none;\">\n                                <h4>Hybrid methods<\/h4>\n                                <p>Radiologist by the CBR. Nuclear Physician by SBMN. PhD in Radiology from FMUSP.<\/p>\n<p>Radiologist and nuclear physician at HCFMUSP and Hospital S\u00edrio-Liban\u00eas. Head of Radiology at ICESP.<\/p>\n                            <\/div>\n                        <\/div>\n                                            <div class=\"reveal speaker-card\">\n                            <div class=\"speaker-card-image\">\n                                                                    <img loading=\"lazy\" decoding=\"async\" width=\"300\" height=\"255\" src=\"https:\/\/eventos.cbr.org.br\/wp-content\/uploads\/2025\/12\/Dra.-Nina-Ventura-Wilner-scaled-e1766071796148-300x255.jpeg\" class=\"attachment-medium size-medium wp-post-image\" alt=\"\" srcset=\"https:\/\/eventos.cbr.org.br\/wp-content\/uploads\/2025\/12\/Dra.-Nina-Ventura-Wilner-scaled-e1766071796148-300x255.jpeg 300w, https:\/\/eventos.cbr.org.br\/wp-content\/uploads\/2025\/12\/Dra.-Nina-Ventura-Wilner-scaled-e1766071796148-1024x872.jpeg 1024w, https:\/\/eventos.cbr.org.br\/wp-content\/uploads\/2025\/12\/Dra.-Nina-Ventura-Wilner-scaled-e1766071796148-768x654.jpeg 768w, https:\/\/eventos.cbr.org.br\/wp-content\/uploads\/2025\/12\/Dra.-Nina-Ventura-Wilner-scaled-e1766071796148-14x12.jpeg 14w, https:\/\/eventos.cbr.org.br\/wp-content\/uploads\/2025\/12\/Dra.-Nina-Ventura-Wilner-scaled-e1766071796148-600x511.jpeg 600w, https:\/\/eventos.cbr.org.br\/wp-content\/uploads\/2025\/12\/Dra.-Nina-Ventura-Wilner-scaled-e1766071796148.jpeg 1468w\" sizes=\"auto, (max-width: 300px) 100vw, 300px\" \/>                                                            <\/div>\n                            <div class=\"speaker-card-text\">\n                                                                    <small class=\"speaker-card-text-title\">Nina Ventura Wilner<\/small>\n                                                                                                    <small class=\"speaker-card-text-name\">Neuroradiology<\/small>\n                                                            <\/div>\n                            <div class=\"speaker-description-modal\" style=\"display: none;\">\n                                <h4>Neuroradiology<\/h4>\n                                <p><span dir=\"auto\" style=\"vertical-align: inherit\"><span dir=\"auto\" style=\"vertical-align: inherit\">Adjunct Professor UFRJ, Coordinator of Radiology at the Paulo Niemeyer State Brain Institute, Neuroradiologist at Grupo Fleury-RJ<\/span><\/span><\/p>\n<p><span dir=\"auto\" style=\"vertical-align: inherit\"><span dir=\"auto\" style=\"vertical-align: inherit\">Graduation, Residency, Master's and Doctorate from UFRJ. UFRJ Adjunct Professor, Coordinator of Radiology at the Paulo Niemeyer State Brain Institute, Neuroradiologist at the Fleury-RJ Group.<\/span><\/span><\/p>\n                            <\/div>\n                        <\/div>\n                                            <div class=\"reveal speaker-card\">\n                            <div class=\"speaker-card-image\">\n                                                                    <img loading=\"lazy\" decoding=\"async\" width=\"300\" height=\"300\" src=\"https:\/\/eventos.cbr.org.br\/wp-content\/uploads\/2025\/12\/Patricia-Prando-Cardia-.jpg\" class=\"attachment-medium size-medium wp-post-image\" alt=\"\" srcset=\"https:\/\/eventos.cbr.org.br\/wp-content\/uploads\/2025\/12\/Patricia-Prando-Cardia-.jpg 300w, https:\/\/eventos.cbr.org.br\/wp-content\/uploads\/2025\/12\/Patricia-Prando-Cardia--150x150.jpg 150w, https:\/\/eventos.cbr.org.br\/wp-content\/uploads\/2025\/12\/Patricia-Prando-Cardia--12x12.jpg 12w, https:\/\/eventos.cbr.org.br\/wp-content\/uploads\/2025\/12\/Patricia-Prando-Cardia--100x100.jpg 100w\" sizes=\"auto, (max-width: 300px) 100vw, 300px\" \/>                                                            <\/div>\n                            <div class=\"speaker-card-text\">\n                                                                    <small class=\"speaker-card-text-title\">Patricia Prando Cardia<\/small>\n                                                                                                    <small class=\"speaker-card-text-name\">Female Pelvis<\/small>\n                                                            <\/div>\n                            <div class=\"speaker-description-modal\" style=\"display: none;\">\n                                <h4>Female Pelvis<\/h4>\n                                <p>She is currently a radiologist at Centro Radiologico Campinas-Hospital Vera Cruz and PUC-Campinas Hospital. She is the coordinator of the Medical Residency in Radiology and Diagnostic Imaging at PUC-Campinas Hospital and of the Radiology Training Course at Centro Radiologico Campinas. She has experience in Medicine, with an emphasis on abdominal radiology and women's imaging.<\/p>\n                            <\/div>\n                        <\/div>\n                                            <div class=\"reveal speaker-card\">\n                            <div class=\"speaker-card-image\">\n                                                                    <img loading=\"lazy\" decoding=\"async\" width=\"300\" height=\"291\" src=\"https:\/\/eventos.cbr.org.br\/wp-content\/uploads\/2025\/12\/paula-e1766072856527-300x291.png\" class=\"attachment-medium size-medium wp-post-image\" alt=\"\" srcset=\"https:\/\/eventos.cbr.org.br\/wp-content\/uploads\/2025\/12\/paula-e1766072856527-300x291.png 300w, https:\/\/eventos.cbr.org.br\/wp-content\/uploads\/2025\/12\/paula-e1766072856527-12x12.png 12w, https:\/\/eventos.cbr.org.br\/wp-content\/uploads\/2025\/12\/paula-e1766072856527.png 545w\" sizes=\"auto, (max-width: 300px) 100vw, 300px\" \/>                                                            <\/div>\n                            <div class=\"speaker-card-text\">\n                                                                    <small class=\"speaker-card-text-title\">Paula de Camargo Moraes<\/small>\n                                                                                                    <small class=\"speaker-card-text-name\">Mama<\/small>\n                                                            <\/div>\n                            <div class=\"speaker-description-modal\" style=\"display: none;\">\n                                <h4>Mama<\/h4>\n                                <p>college, residency and doctorate from FMUSP- SP<br \/>\nRadiologist at CDB<br \/>\nRadiologist at DASA<br \/>\nCollaborating Physician at the Breast Service of INRAD - HC FMUSP<br \/>\nMember of the CBR mammography commission<\/p>\n                            <\/div>\n                        <\/div>\n                                            <div class=\"reveal speaker-card\">\n                            <div class=\"speaker-card-image\">\n                                                                    <img loading=\"lazy\" decoding=\"async\" width=\"300\" height=\"268\" src=\"https:\/\/eventos.cbr.org.br\/wp-content\/uploads\/2025\/12\/PAULA-NICOLE-VIEIRA-PINTO-BARBOSA-e1766069895988-300x268.jpg\" class=\"attachment-medium size-medium wp-post-image\" alt=\"\" srcset=\"https:\/\/eventos.cbr.org.br\/wp-content\/uploads\/2025\/12\/PAULA-NICOLE-VIEIRA-PINTO-BARBOSA-e1766069895988-300x268.jpg 300w, https:\/\/eventos.cbr.org.br\/wp-content\/uploads\/2025\/12\/PAULA-NICOLE-VIEIRA-PINTO-BARBOSA-e1766069895988-13x12.jpg 13w, https:\/\/eventos.cbr.org.br\/wp-content\/uploads\/2025\/12\/PAULA-NICOLE-VIEIRA-PINTO-BARBOSA-e1766069895988.jpg 483w\" sizes=\"auto, (max-width: 300px) 100vw, 300px\" \/>                                                            <\/div>\n                            <div class=\"speaker-card-text\">\n                                                                    <small class=\"speaker-card-text-title\">Paula Nicole Vieira Pinto Barbosa<\/small>\n                                                                                                    <small class=\"speaker-card-text-name\">Oncology<\/small>\n                                                            <\/div>\n                            <div class=\"speaker-description-modal\" style=\"display: none;\">\n                                <h4>Oncology<\/h4>\n                                <p>Graduated in Medicine in 1997 from the Federal University of Esp\u00edrito Santo.<\/p>\n<p>Master's degree in Oncology, completed in 2006 at the A.C.Camargo Cancer Center.<\/p>\n<p>PhD in Oncology, completed in 2016, at the A.C.Camargo Cancer Center.<\/p>\n<p>Specialization in Radiology and Diagnostic Imaging, completed in 2003 at the Brazilian Medical Association and the Brazilian College of Radiology and Diagnostic Imaging.<\/p>\n<p>Specialization in Interventional Radiology, completed in 2014 at the Brazilian Medical Association.<\/p>\n<p>specialization in Interventional Radiology by the AMB and the Brazilian Society of Interventional Radiology and Endovascular Surgery (Sobrice).<\/p>\n                            <\/div>\n                        <\/div>\n                                    <\/div>\n                            <div class=\"speakers-row speakers-row-4\">\n                                            <div class=\"reveal speaker-card\">\n                            <div class=\"speaker-card-image\">\n                                                                    <img loading=\"lazy\" decoding=\"async\" width=\"300\" height=\"300\" src=\"https:\/\/eventos.cbr.org.br\/wp-content\/uploads\/2025\/12\/Dr.-Pedro-Paulo-Teixeira-e-Silva-Torres-300x300.jpg\" class=\"attachment-medium size-medium wp-post-image\" alt=\"\" srcset=\"https:\/\/eventos.cbr.org.br\/wp-content\/uploads\/2025\/12\/Dr.-Pedro-Paulo-Teixeira-e-Silva-Torres-300x300.jpg 300w, https:\/\/eventos.cbr.org.br\/wp-content\/uploads\/2025\/12\/Dr.-Pedro-Paulo-Teixeira-e-Silva-Torres-150x150.jpg 150w, https:\/\/eventos.cbr.org.br\/wp-content\/uploads\/2025\/12\/Dr.-Pedro-Paulo-Teixeira-e-Silva-Torres-12x12.jpg 12w, https:\/\/eventos.cbr.org.br\/wp-content\/uploads\/2025\/12\/Dr.-Pedro-Paulo-Teixeira-e-Silva-Torres-100x100.jpg 100w, https:\/\/eventos.cbr.org.br\/wp-content\/uploads\/2025\/12\/Dr.-Pedro-Paulo-Teixeira-e-Silva-Torres.jpg 438w\" sizes=\"auto, (max-width: 300px) 100vw, 300px\" \/>                                                            <\/div>\n                            <div class=\"speaker-card-text\">\n                                                                    <small class=\"speaker-card-text-title\">Pedro Paulo Teixeira e Silva Torres <\/small>\n                                                                                                    <small class=\"speaker-card-text-name\">Chest<\/small>\n                                                            <\/div>\n                            <div class=\"speaker-description-modal\" style=\"display: none;\">\n                                <h4>Chest<\/h4>\n                                <p>Member of the CBR scientific committee<\/p>\n<p>Master's and PhD in Radiology from the Federal University of Rio de Janeiro<\/p>\n                            <\/div>\n                        <\/div>\n                                            <div class=\"reveal speaker-card\">\n                            <div class=\"speaker-card-image\">\n                                                                    <img loading=\"lazy\" decoding=\"async\" width=\"185\" height=\"175\" src=\"https:\/\/eventos.cbr.org.br\/wp-content\/uploads\/2025\/12\/Dr.-Roberto-Sasdelli-Neto-e1766072894288.jpg\" class=\"attachment-medium size-medium wp-post-image\" alt=\"\" srcset=\"https:\/\/eventos.cbr.org.br\/wp-content\/uploads\/2025\/12\/Dr.-Roberto-Sasdelli-Neto-e1766072894288.jpg 185w, https:\/\/eventos.cbr.org.br\/wp-content\/uploads\/2025\/12\/Dr.-Roberto-Sasdelli-Neto-e1766072894288-13x12.jpg 13w\" sizes=\"auto, (max-width: 185px) 100vw, 185px\" \/>                                                            <\/div>\n                            <div class=\"speaker-card-text\">\n                                                                    <small class=\"speaker-card-text-title\">Roberto Sasdelli Neto<\/small>\n                                                                                                    <small class=\"speaker-card-text-name\">View more Cardiovascular<\/small>\n                                                            <\/div>\n                            <div class=\"speaker-description-modal\" style=\"display: none;\">\n                                <h4>View more Cardiovascular<\/h4>\n                                <p>He has a degree in Medicine from the University of S\u00e3o Paulo (1999) and a medical residency from the University of S\u00e3o Paulo (2004). He is currently a Radiologist at Hospital Albert Einstein and a Radiologist at Centro de Diagn\u00f3sticos Brasil. He has experience in Medicine, with an emphasis on Medical Radiology.<\/p>\n                            <\/div>\n                        <\/div>\n                                            <div class=\"reveal speaker-card\">\n                            <div class=\"speaker-card-image\">\n                                                                    <img loading=\"lazy\" decoding=\"async\" width=\"300\" height=\"281\" src=\"https:\/\/eventos.cbr.org.br\/wp-content\/uploads\/2025\/12\/ro-300x281.png\" class=\"attachment-medium size-medium wp-post-image\" alt=\"\" srcset=\"https:\/\/eventos.cbr.org.br\/wp-content\/uploads\/2025\/12\/ro-300x281.png 300w, https:\/\/eventos.cbr.org.br\/wp-content\/uploads\/2025\/12\/ro-13x12.png 13w, https:\/\/eventos.cbr.org.br\/wp-content\/uploads\/2025\/12\/ro-600x563.png 600w, https:\/\/eventos.cbr.org.br\/wp-content\/uploads\/2025\/12\/ro.png 677w\" sizes=\"auto, (max-width: 300px) 100vw, 300px\" \/>                                                            <\/div>\n                            <div class=\"speaker-card-text\">\n                                                                    <small class=\"speaker-card-text-title\">Ronaldo Hueb Baroni<\/small>\n                                                                                                    <small class=\"speaker-card-text-name\">Genitourinary<\/small>\n                                                            <\/div>\n                            <div class=\"speaker-description-modal\" style=\"display: none;\">\n                                <h4>Genitourinary<\/h4>\n                                <p>Radiologist and Doctor of Science from FMUSP, with a Specialist Degree in Radiology and Diagnostic Imaging<br \/>\nFull Professor at the Albert Einstein Israelite College of Health Sciences<br \/>\nMedical Manager of the Imaging Department at Hospital Israelita Albert Einstein<br \/>\nInternational Relations Director of the Brazilian College of Radiology and Diagnostic Imaging<\/p>\n                            <\/div>\n                        <\/div>\n                                            <div class=\"reveal speaker-card\">\n                            <div class=\"speaker-card-image\">\n                                                                    <img loading=\"lazy\" decoding=\"async\" width=\"269\" height=\"300\" src=\"https:\/\/eventos.cbr.org.br\/wp-content\/uploads\/2025\/12\/Dra.-Rubia-Vanceta-e1766069654913-269x300.jpg\" class=\"attachment-medium size-medium wp-post-image\" alt=\"\" srcset=\"https:\/\/eventos.cbr.org.br\/wp-content\/uploads\/2025\/12\/Dra.-Rubia-Vanceta-e1766069654913-269x300.jpg 269w, https:\/\/eventos.cbr.org.br\/wp-content\/uploads\/2025\/12\/Dra.-Rubia-Vanceta-e1766069654913-11x12.jpg 11w, https:\/\/eventos.cbr.org.br\/wp-content\/uploads\/2025\/12\/Dra.-Rubia-Vanceta-e1766069654913-600x668.jpg 600w, https:\/\/eventos.cbr.org.br\/wp-content\/uploads\/2025\/12\/Dra.-Rubia-Vanceta-e1766069654913.jpg 616w\" sizes=\"auto, (max-width: 269px) 100vw, 269px\" \/>                                                            <\/div>\n                            <div class=\"speaker-card-text\">\n                                                                    <small class=\"speaker-card-text-title\">Rubia Vanceta<\/small>\n                                                                                                    <small class=\"speaker-card-text-name\">Female Pelvis<\/small>\n                                                            <\/div>\n                            <div class=\"speaker-description-modal\" style=\"display: none;\">\n                                <h4>Female Pelvis<\/h4>\n                                <p>Radiologist Full Member of the CBR.<br \/>\nSpecialist in Abdominal Radiology at Hospital Moinhos de Vento (HMV).<br \/>\nPreceptor of the Medical Residency and Fellowship Program at HMV.<br \/>\nChairman of the Board of Directors of the Radiology Company Imag\u00e9tica Diagn\u00f3sticos.<\/p>\n                            <\/div>\n                        <\/div>\n                                            <div class=\"reveal speaker-card\">\n                            <div class=\"speaker-card-image\">\n                                                                    <img loading=\"lazy\" decoding=\"async\" width=\"300\" height=\"279\" src=\"https:\/\/eventos.cbr.org.br\/wp-content\/uploads\/2025\/12\/Sara-Melo-Macedo-e1766070016805-300x279.jpeg\" class=\"attachment-medium size-medium wp-post-image\" alt=\"\" srcset=\"https:\/\/eventos.cbr.org.br\/wp-content\/uploads\/2025\/12\/Sara-Melo-Macedo-e1766070016805-300x279.jpeg 300w, https:\/\/eventos.cbr.org.br\/wp-content\/uploads\/2025\/12\/Sara-Melo-Macedo-e1766070016805-1024x953.jpeg 1024w, https:\/\/eventos.cbr.org.br\/wp-content\/uploads\/2025\/12\/Sara-Melo-Macedo-e1766070016805-768x715.jpeg 768w, https:\/\/eventos.cbr.org.br\/wp-content\/uploads\/2025\/12\/Sara-Melo-Macedo-e1766070016805-13x12.jpeg 13w, https:\/\/eventos.cbr.org.br\/wp-content\/uploads\/2025\/12\/Sara-Melo-Macedo-e1766070016805-600x559.jpeg 600w, https:\/\/eventos.cbr.org.br\/wp-content\/uploads\/2025\/12\/Sara-Melo-Macedo-e1766070016805.jpeg 1377w\" sizes=\"auto, (max-width: 300px) 100vw, 300px\" \/>                                                            <\/div>\n                            <div class=\"speaker-card-text\">\n                                                                    <small class=\"speaker-card-text-title\">Sara Melo Macedo<\/small>\n                                                                                                    <small class=\"speaker-card-text-name\">Hybrid methods<\/small>\n                                                            <\/div>\n                            <div class=\"speaker-description-modal\" style=\"display: none;\">\n                                <h4>Hybrid methods<\/h4>\n                                <p>Nuclear Physician with residency from UERJ- Rj, certified by SBMN and CBR<br \/>\nRadioprotection Supervisor certified by CNEN (National Nuclear Energy Commission)<br \/>\nPostgraduate in Radiology from Santa Casa de Miseric\u00f3rdia do Rio de Janeiro<br \/>\nProfessor of Imaging at Tiradentes University Medical School<br \/>\nMember of the Nuclear Medicine Technical Chamber of the Federal Council of Medicine 2022 to 2024<br \/>\nMember of the scientific committee of the CBR (Brazilian College of Radiology) 2023 and 2024.<\/p>\n                            <\/div>\n                        <\/div>\n                                            <div class=\"reveal speaker-card\">\n                            <div class=\"speaker-card-image\">\n                                                                    <img loading=\"lazy\" decoding=\"async\" width=\"300\" height=\"300\" src=\"https:\/\/eventos.cbr.org.br\/wp-content\/uploads\/2025\/12\/Suheyla-Pollyana-Ribeiro-scaled-e1766072469580-300x300.jpg\" class=\"attachment-medium size-medium wp-post-image\" alt=\"\" srcset=\"https:\/\/eventos.cbr.org.br\/wp-content\/uploads\/2025\/12\/Suheyla-Pollyana-Ribeiro-scaled-e1766072469580-300x300.jpg 300w, https:\/\/eventos.cbr.org.br\/wp-content\/uploads\/2025\/12\/Suheyla-Pollyana-Ribeiro-scaled-e1766072469580-150x150.jpg 150w, https:\/\/eventos.cbr.org.br\/wp-content\/uploads\/2025\/12\/Suheyla-Pollyana-Ribeiro-scaled-e1766072469580-768x768.jpg 768w, https:\/\/eventos.cbr.org.br\/wp-content\/uploads\/2025\/12\/Suheyla-Pollyana-Ribeiro-scaled-e1766072469580-12x12.jpg 12w, https:\/\/eventos.cbr.org.br\/wp-content\/uploads\/2025\/12\/Suheyla-Pollyana-Ribeiro-scaled-e1766072469580-600x600.jpg 600w, https:\/\/eventos.cbr.org.br\/wp-content\/uploads\/2025\/12\/Suheyla-Pollyana-Ribeiro-scaled-e1766072469580-100x100.jpg 100w, https:\/\/eventos.cbr.org.br\/wp-content\/uploads\/2025\/12\/Suheyla-Pollyana-Ribeiro-scaled-e1766072469580-400x400.jpg 400w, https:\/\/eventos.cbr.org.br\/wp-content\/uploads\/2025\/12\/Suheyla-Pollyana-Ribeiro-scaled-e1766072469580.jpg 860w\" sizes=\"auto, (max-width: 300px) 100vw, 300px\" \/>                                                            <\/div>\n                            <div class=\"speaker-card-text\">\n                                                                    <small class=\"speaker-card-text-title\">Suheyla Pollyana Ribeiro<\/small>\n                                                                                                    <small class=\"speaker-card-text-name\">Head and Neck<\/small>\n                                                            <\/div>\n                            <div class=\"speaker-description-modal\" style=\"display: none;\">\n                                <h4>Head and Neck<\/h4>\n                                <p><span dir=\"auto\" style=\"vertical-align: inherit\"><span dir=\"auto\" style=\"vertical-align: inherit\">Radiologist specializing in Head and Neck and reference at the Imaging Teaching Center of Hospital Israelita Albert Einstein.<\/span><\/span><\/p>\n<p><span dir=\"auto\" style=\"vertical-align: inherit\"><span dir=\"auto\" style=\"vertical-align: inherit\">Graduated in Medicine from Santa Casa de Miseric\u00f3rdia de S\u00e3o Paulo. Medical residency in Radiology and Diagnostic Imaging and specialization in Neuroradiology and Head and Neck Imaging at Hospital Israelita Albert Einstein. Specialist in Radiology and Diagnostic Imaging by the Brazilian College of Radiology. Physician in the Radiology and Head and Neck group of the Imaging Department at Hospital Israelita Albert Einstein. Medical reference at the Einstein Imaging Teaching Center.<\/span><\/span><\/p>\n                            <\/div>\n                        <\/div>\n                                    <\/div>\n                            <div class=\"speakers-row speakers-row-5\">\n                                            <div class=\"reveal speaker-card\">\n                            <div class=\"speaker-card-image\">\n                                                                    <img loading=\"lazy\" decoding=\"async\" width=\"266\" height=\"300\" src=\"https:\/\/eventos.cbr.org.br\/wp-content\/uploads\/2025\/12\/Dra.-Tatiana-Fazecas-266x300.jpeg\" class=\"attachment-medium size-medium wp-post-image\" alt=\"\" srcset=\"https:\/\/eventos.cbr.org.br\/wp-content\/uploads\/2025\/12\/Dra.-Tatiana-Fazecas-266x300.jpeg 266w, https:\/\/eventos.cbr.org.br\/wp-content\/uploads\/2025\/12\/Dra.-Tatiana-Fazecas-907x1024.jpeg 907w, https:\/\/eventos.cbr.org.br\/wp-content\/uploads\/2025\/12\/Dra.-Tatiana-Fazecas-768x867.jpeg 768w, https:\/\/eventos.cbr.org.br\/wp-content\/uploads\/2025\/12\/Dra.-Tatiana-Fazecas-11x12.jpeg 11w, https:\/\/eventos.cbr.org.br\/wp-content\/uploads\/2025\/12\/Dra.-Tatiana-Fazecas-600x677.jpeg 600w, https:\/\/eventos.cbr.org.br\/wp-content\/uploads\/2025\/12\/Dra.-Tatiana-Fazecas.jpeg 1170w\" sizes=\"auto, (max-width: 266px) 100vw, 266px\" \/>                                                            <\/div>\n                            <div class=\"speaker-card-text\">\n                                                                    <small class=\"speaker-card-text-title\">Tatiana Fazecas<\/small>\n                                                                                                    <small class=\"speaker-card-text-name\">Pediatrics<\/small>\n                                                            <\/div>\n                            <div class=\"speaker-description-modal\" style=\"display: none;\">\n                                <h4>Pediatrics<\/h4>\n                                <p>Graduated from UFRJ<br \/>\nResidency in Radiology Lagoa Hospital<br \/>\nPostgraduate in Radiology PUC-RJ<br \/>\nMaster in Maternal and Child Health UFF<br \/>\nHead of the imaging service at Hospital Municipal Jesus<br \/>\nPediatric radiologist DASA\/RJ<br \/>\nFormer President of the Latin American Society of Pediatric Radiology<\/p>\n                            <\/div>\n                        <\/div>\n                                    <\/div>\n                                        <button data-from-y=\"50\" class=\"speakers-see-more reveal\">See all<\/button>\n                    <\/div>\n    <\/div>\n<\/div>\n<\/div><\/div>\n\n\n\n<div id=\"registration-fees\" class=\"wp-block-apiki-container reveal has-background\" style=\"background-color:#020c16\">\n<p class=\"has-text-color has-link-color wp-elements-d3b6f5f8b925d22d2a21056bb2c388b0\" style=\"color:#011327\">*<\/p>\n\n\n\n<h2 class=\"wp-block-heading alignfull has-text-align-center text-anim has-text-color has-link-color wp-elements-1de3956a91707f6f3e9c3ccd40949dd4\" id=\"we-re-a-studio-in-berlin-with-an-international-practice-in-architecture-urban-planning-and-interior-design-we-believe-in-sharing-knowledge-and-promoting-dialogue-to-increase-the-creative-potential-of-collaboration\" style=\"color:#dbf227;font-size:48px;line-height:1.1\">Valores de Inscri\u00e7\u00e3o (Por curso)<\/h2>\n\n\n\n<p class=\"has-text-align-center has-text-color has-link-color wp-elements-3a6898a5aa41712df9ee856fc51e1aa4\" style=\"color:#011327\">*<br><\/p>\n\n\n<div class=\"wp-block-image\">\n<figure class=\"aligncenter size-large\"><img loading=\"lazy\" decoding=\"async\" width=\"1024\" height=\"865\" src=\"https:\/\/eventos.cbr.org.br\/wp-content\/uploads\/2026\/01\/Tabela_Atualiza26-1024x865.jpg\" alt=\"\" class=\"wp-image-2269\" srcset=\"https:\/\/eventos.cbr.org.br\/wp-content\/uploads\/2026\/01\/Tabela_Atualiza26-1024x865.jpg 1024w, https:\/\/eventos.cbr.org.br\/wp-content\/uploads\/2026\/01\/Tabela_Atualiza26-300x253.jpg 300w, https:\/\/eventos.cbr.org.br\/wp-content\/uploads\/2026\/01\/Tabela_Atualiza26-768x649.jpg 768w, https:\/\/eventos.cbr.org.br\/wp-content\/uploads\/2026\/01\/Tabela_Atualiza26-1536x1298.jpg 1536w, https:\/\/eventos.cbr.org.br\/wp-content\/uploads\/2026\/01\/Tabela_Atualiza26-14x12.jpg 14w, https:\/\/eventos.cbr.org.br\/wp-content\/uploads\/2026\/01\/Tabela_Atualiza26-600x507.jpg 600w, https:\/\/eventos.cbr.org.br\/wp-content\/uploads\/2026\/01\/Tabela_Atualiza26.jpg 1920w\" sizes=\"auto, (max-width: 1024px) 100vw, 1024px\" \/><\/figure>\n<\/div>\n\n\n<p class=\"has-text-align-center has-white-color has-text-color has-link-color wp-elements-59d50a78abdffc6775b265ee50610bcb\">* National: SBMN, SBM, FEBRASGO, SBNR, Sobrice<br>* International<br><strong>IMPORTANT:<\/strong>&nbsp;In the categories \"Resident Not a CBR Member\", \"Regional Member\", \"Supporting Societies\" and \"Medical Students\", <br>it is compulsory to submit a valid supporting document when registering.&nbsp;<br><br><strong>Desconto Progressivo<br><\/strong>Na compra de dois cursos: 20% de desconto.<br>Na compra de tr\u00eas cursos: 30% de desconto.<br><br><strong>Group Registration<br><\/strong>5 to 10 registrants: 10% off each registration<br>11 to 20 registrants: 15% off each registration<br>Over 20 registrations: 20% off each registration.<br><br><strong>Resident Group Registration<\/strong><br>5 to 10 registrants: 10% off each registration<br>11 to 20 registrants: 20% off each registration<br>Over 20 registrations: 25% off each registration.<br><br><strong>&nbsp;Inscri\u00e7\u00f5es em Grupo | Inscri\u00e7\u00f5es patrocinadas | Inscri\u00e7\u00f5es por empenho<\/strong><br>Contact the CBR Education Department using the contact information below:<br>educacao@cbr.org.br phone: 11 97855-9677<\/p>\n\n\n\n<h2 class=\"wp-block-heading has-text-color has-link-color wp-elements-4f61e1073f4f7001b1e11c4dfed55878\" style=\"color:#011327\">*<\/h2>\n\n\n\n\n\n<div style=\"height:80px\" aria-hidden=\"true\" class=\"wp-block-spacer\"><\/div>\n<\/div>\n\n\n\n<p><\/p>","protected":false},"excerpt":{"rendered":"","protected":false},"author":1,"featured_media":0,"parent":0,"menu_order":0,"comment_status":"closed","ping_status":"closed","template":"","meta":{"footnotes":""},"class_list":["post-1503","page","type-page","status-publish","hentry"],"_links":{"self":[{"href":"https:\/\/eventos.cbr.org.br\/en\/wp-json\/wp\/v2\/pages\/1503","targetHints":{"allow":["GET"]}}],"collection":[{"href":"https:\/\/eventos.cbr.org.br\/en\/wp-json\/wp\/v2\/pages"}],"about":[{"href":"https:\/\/eventos.cbr.org.br\/en\/wp-json\/wp\/v2\/types\/page"}],"author":[{"embeddable":true,"href":"https:\/\/eventos.cbr.org.br\/en\/wp-json\/wp\/v2\/users\/1"}],"replies":[{"embeddable":true,"href":"https:\/\/eventos.cbr.org.br\/en\/wp-json\/wp\/v2\/comments?post=1503"}],"version-history":[{"count":101,"href":"https:\/\/eventos.cbr.org.br\/en\/wp-json\/wp\/v2\/pages\/1503\/revisions"}],"predecessor-version":[{"id":4782,"href":"https:\/\/eventos.cbr.org.br\/en\/wp-json\/wp\/v2\/pages\/1503\/revisions\/4782"}],"wp:attachment":[{"href":"https:\/\/eventos.cbr.org.br\/en\/wp-json\/wp\/v2\/media?parent=1503"}],"curies":[{"name":"wp","href":"https:\/\/api.w.org\/{rel}","templated":true}]}}