{"id":21,"date":"2025-07-22T08:48:06","date_gmt":"2025-07-22T11:48:06","guid":{"rendered":"https:\/\/eventos-cbr.apikidev.com\/?page_id=21"},"modified":"2025-12-30T15:06:27","modified_gmt":"2025-12-30T18:06:27","slug":"wft25","status":"publish","type":"page","link":"https:\/\/eventos.cbr.org.br\/en\/wft25\/","title":{"rendered":"WFT25"},"content":{"rendered":"<div style=\"background: linear-gradient(186deg,rgb(4,15,33) 0%,rgb(4,15,33) 15%,rgb(22,14,91) 82%);\" class=\"Hero reveal wp-block-apiki-hero\" id=\"hero\">\n\t<div class=\"countdown-container\">\n\t\t\n\t\t<div class=\"countdown-items\">\n\t\t\t\t\t\t\t<p class=\"title\">\n\t\t\t\t\tCOUNTDOWN TO THE EVENT\t\t\t\t<\/p>\n\t\t\t\t\t\t<div class=\"time\" data-event-start=\"2026-03-13 19:00:00\">\n\t\t\t\t<div class=\"quantity\">\n\t\t\t\t\t<div class=\"value\">\n\t\t\t\t\t\t<div class=\"digits\">\n\t\t\t\t\t\t\t<div>0<\/div>\n\t\t\t\t\t\t<\/div>\n\t\t\t\t\t\t<div class=\"digits\">\n\t\t\t\t\t\t\t<div>0<\/div>\n\t\t\t\t\t\t<\/div>\n\t\t\t\t\t<\/div>\n\t\t\t\t\t<div class=\"unit\">DAYS<\/div>\n\t\t\t\t<\/div>\n\t\t\t\t<div class=\"quantity\">\n\t\t\t\t\t<div class=\"value\">\n\t\t\t\t\t\t<div class=\"digits\">\n\t\t\t\t\t\t\t<div>0<\/div>\n\t\t\t\t\t\t<\/div>\n\t\t\t\t\t\t<div class=\"digits\">\n\t\t\t\t\t\t\t<div>0<\/div>\n\t\t\t\t\t\t<\/div>\n\t\t\t\t\t<\/div>\n\t\t\t\t\t<div class=\"unit\">HOURS<\/div>\n\t\t\t\t<\/div>\n\t\t\t\t<div class=\"quantity\">\n\t\t\t\t\t<div class=\"value\">\n\t\t\t\t\t\t<div class=\"digits\">\n\t\t\t\t\t\t\t<div>0<\/div>\n\t\t\t\t\t\t<\/div>\n\t\t\t\t\t\t<div class=\"digits\">\n\t\t\t\t\t\t\t<div>0<\/div>\n\t\t\t\t\t\t<\/div>\n\t\t\t\t\t<\/div>\n\t\t\t\t\t<div class=\"unit\">MINUTES<\/div>\n\t\t\t\t<\/div>\n\t\t\t<\/div>\n\t\t<\/div>\n\n\t\t\t<\/div>\n\t<div class=\"hero-container\">\n\t\t<div class=\"hero-info\">\n\t\t\t<article itemscope itemtype=\"https:\/\/schema.org\/Event\" class=\"hero-info-text\">\n\t\t\t\t\t\t\t\t\t\t\t\t\t<h1 itemprop=\"name\" class=\"screen-reader-text\">World Forum Trends in Prostate Imaging*<\/h1>\n\t\t\t\t\t<img loading=\"lazy\" decoding=\"async\" width=\"792\" height=\"378\" src=\"https:\/\/eventos.cbr.org.br\/wp-content\/uploads\/2025\/08\/logoWFT25_2.png\" class=\"attachment-full size-full\" alt=\"\" srcset=\"https:\/\/eventos.cbr.org.br\/wp-content\/uploads\/2025\/08\/logoWFT25_2.png 792w, https:\/\/eventos.cbr.org.br\/wp-content\/uploads\/2025\/08\/logoWFT25_2-300x143.png 300w, https:\/\/eventos.cbr.org.br\/wp-content\/uploads\/2025\/08\/logoWFT25_2-768x367.png 768w, https:\/\/eventos.cbr.org.br\/wp-content\/uploads\/2025\/08\/logoWFT25_2-18x9.png 18w, https:\/\/eventos.cbr.org.br\/wp-content\/uploads\/2025\/08\/logoWFT25_2-600x286.png 600w\" sizes=\"auto, (max-width: 792px) 100vw, 792px\" \/>\t\t\t\t\t\t\t\t<p class=\"text-anim\" data-duration=\"1\" data-stagger=\"0.02\" data-delay=\"0.5\">Held by the Brazilian College of Radiology and Diagnostic Imaging (CBR), it has established itself as one of the main continuing education events for the specialty in the country.\r\nBringing together radiologists from different regions, the meeting provided a dynamic environment for scientific updating and sharing experiences.\r\nThroughout the program, renowned specialists presented essential content for modern clinical practice.\r\nThe classes covered advanced topics in diagnostic imaging, integrating technological innovation and practical applicability.\r\nHighlights included discussions on artificial intelligence, optimized protocols and highly complex clinical cases.\r\nThe event also values interaction, allowing for open debates and the sharing of professional experiences.\r\nPractical workshops extend the immersion, offering the public the opportunity to delve into up-to-date techniques.\r\nThe 2026 edition is the CBR's commitment to continuous training and excellence in Brazilian radiology.\r\nThe presence of young radiologists brings even more diversity and energy to scientific discussions.\r\nThe meeting reinforces emerging trends and aligns participants with the best international practices.\r\nAtualiza26 highlights the crucial role of the radiologist in the modern flow of care.\r\nNetworking moments strengthen connections and partnerships between professionals and institutions.\r\nThe event reaffirms the CBR's mission to promote relevant and accessible knowledge.<\/p>\n\t\t\t<\/article>\n\t\t\t<div class=\"hero-info-button\">\n\t\t\t\t<button>\n\t\t\t\t\t<a title=\"Registration\" href=\"\/en\/checkout\/\">\n\t\t\t\t\t\tRegistration\t\t\t\t\t<\/a>\n\t\t\t\t<\/button>\n\t\t\t<\/div>\n\t\t\t<div class=\"hero-info-first_batch\">\n\t\t\t\t<div class=\"clock\">\n\t\t\t\t\t<img decoding=\"async\" src=\"https:\/\/eventos.cbr.org.br\/wp-content\/themes\/eventos-cbr\/app\/assets\/images\/clock.svg\" alt=\"clock\" srcset=\"\">\n\t\t\t\t<\/div>\n\t\t\t\t<div class=\"batch-info\">\n\t\t\t\t\t<div class=\"batch-title\">First batch from $50.00<\/div>\n\t\t\t\t\t<div class=\"batch-left\">There are only 10 vacancies left that can be filled at any time<\/div>\n\t\t\t\t<\/div>\n\t\t\t\t<div class=\"batch-bar\"><\/div>\n\t\t\t<\/div>\n\t\t<\/div>\n\t\t<div class=\"hero-graphic\">\n\t\t\t<img loading=\"lazy\" decoding=\"async\" width=\"1280\" height=\"720\" src=\"https:\/\/eventos.cbr.org.br\/wp-content\/uploads\/2025\/08\/Atualiza26.jpg\" class=\"attachment-full size-full wp-post-image\" alt=\"\" srcset=\"https:\/\/eventos.cbr.org.br\/wp-content\/uploads\/2025\/08\/Atualiza26.jpg 1280w, https:\/\/eventos.cbr.org.br\/wp-content\/uploads\/2025\/08\/Atualiza26-300x169.jpg 300w, https:\/\/eventos.cbr.org.br\/wp-content\/uploads\/2025\/08\/Atualiza26-1024x576.jpg 1024w, https:\/\/eventos.cbr.org.br\/wp-content\/uploads\/2025\/08\/Atualiza26-768x432.jpg 768w, https:\/\/eventos.cbr.org.br\/wp-content\/uploads\/2025\/08\/Atualiza26-18x10.jpg 18w, https:\/\/eventos.cbr.org.br\/wp-content\/uploads\/2025\/08\/Atualiza26-600x338.jpg 600w\" sizes=\"auto, (max-width: 1280px) 100vw, 1280px\" \/>\t\t<\/div>\n\t<\/div>\n<\/div>\n\n\n\n<section style=\"--event-featured-by-title-color: #000000; --event-featured-by-description-color: #000000; --event-featured-by-signature-color: #000000; --event-featured-by-signatureRole-color: #000000; --event-featured-by-welcomeText-color: #000000; \" class=\"event-featured-by-wrapper reveal wp-block-apiki-event-featured-by\">\n    <div class=\"container-v2\">\n        \n\n<h2 data-duration=\"1.2\" data-ease=\"power3.out\" data-from-blur=\"blur(10px)\" data-from-y=\"20\" data-stagger=\"0.12\" class=\"wp-block-heading event-featured-by-heading text-anim\"><\/h2>\n\n\n        <div class=\"event-featured-by-cards\">\n                            <div class=\"event-featured-by-card reveal\">\n                    <div class=\"event-featured-by-card-image\">\n                                                    <img decoding=\"async\" width=\"1001\" height=\"1500\" src=\"https:\/\/eventos.cbr.org.br\/wp-content\/uploads\/2025\/08\/WFT25_RonaldoBaroni.jpg\" class=\"attachment-full size-full wp-post-image\" alt=\"\" loading=\"lazy\" srcset=\"https:\/\/eventos.cbr.org.br\/wp-content\/uploads\/2025\/08\/WFT25_RonaldoBaroni.jpg 1001w, https:\/\/eventos.cbr.org.br\/wp-content\/uploads\/2025\/08\/WFT25_RonaldoBaroni-600x899.jpg 600w, https:\/\/eventos.cbr.org.br\/wp-content\/uploads\/2025\/08\/WFT25_RonaldoBaroni-200x300.jpg 200w, https:\/\/eventos.cbr.org.br\/wp-content\/uploads\/2025\/08\/WFT25_RonaldoBaroni-683x1024.jpg 683w, https:\/\/eventos.cbr.org.br\/wp-content\/uploads\/2025\/08\/WFT25_RonaldoBaroni-768x1151.jpg 768w, https:\/\/eventos.cbr.org.br\/wp-content\/uploads\/2025\/08\/WFT25_RonaldoBaroni-8x12.jpg 8w\" sizes=\"auto, (max-width: 1001px) 100vw, 1001px\" \/>                                            <\/div>\n                    <div class=\"event-featured-by-card-content\">\n                                                                            <div class=\"event-featured-by-card-text\">\n                                <p>Genitourinary<\/p>\n                            <\/div>\n                                                                            <p class=\"event-featured-by-card-signature\">\n                                  Dr. Ronaldo Hueb Baroni                            <\/p>\n                                                                        <p class=\"event-featured-by-card-welcome\">\n                                                    <\/p>\n                    <\/div>\n                <\/div>\n                            <div class=\"event-featured-by-card reveal\">\n                    <div class=\"event-featured-by-card-image\">\n                                                    <img decoding=\"async\" width=\"366\" height=\"388\" src=\"https:\/\/eventos.cbr.org.br\/wp-content\/uploads\/2025\/12\/ALEXANDRE-CALABRIA-DA-FONTE--e1766072668601.png\" class=\"attachment-full size-full wp-post-image\" alt=\"\" loading=\"lazy\" srcset=\"https:\/\/eventos.cbr.org.br\/wp-content\/uploads\/2025\/12\/ALEXANDRE-CALABRIA-DA-FONTE--e1766072668601.png 366w, https:\/\/eventos.cbr.org.br\/wp-content\/uploads\/2025\/12\/ALEXANDRE-CALABRIA-DA-FONTE--e1766072668601-283x300.png 283w, https:\/\/eventos.cbr.org.br\/wp-content\/uploads\/2025\/12\/ALEXANDRE-CALABRIA-DA-FONTE--e1766072668601-11x12.png 11w\" sizes=\"auto, (max-width: 366px) 100vw, 366px\" \/>                                            <\/div>\n                    <div class=\"event-featured-by-card-content\">\n                                                                            <div class=\"event-featured-by-card-text\">\n                                <p><span dir=\"auto\" style=\"vertical-align: inherit;\"><span dir=\"auto\" style=\"vertical-align: inherit;\">Coordinator of Jayme da Fonte Diagn\u00f3sticos <\/span><\/span><br \/>\n<span dir=\"auto\" style=\"vertical-align: inherit;\"><span dir=\"auto\" style=\"vertical-align: inherit;\">Radiologist at the nuclear medicine service of the Real Hospital Portugu\u00eas<\/span><\/span><\/p>\n<p>&nbsp;<\/p>\n<p><span dir=\"auto\" style=\"vertical-align: inherit;\"><span dir=\"auto\" style=\"vertical-align: inherit;\">Master's Degree in Oncology from the Antonio Prudente Foundation - AC Camargo Hospital - Cancer Center <\/span><\/span><br \/>\n<span dir=\"auto\" style=\"vertical-align: inherit;\"><span dir=\"auto\" style=\"vertical-align: inherit;\">Coordinator of Jayme da Fonte Diagn\u00f3sticos <\/span><\/span><br \/>\n<span dir=\"auto\" style=\"vertical-align: inherit;\"><span dir=\"auto\" style=\"vertical-align: inherit;\">Radiologist at the nuclear medicine service of the Real Hospital Portugu\u00eas<\/span><\/span><\/p>\n                            <\/div>\n                                                                            <p class=\"event-featured-by-card-signature\">\n                                  Alexandre Calabria da Fonte                            <\/p>\n                                                                        <p class=\"event-featured-by-card-welcome\">\n                                                    <\/p>\n                    <\/div>\n                <\/div>\n                            <div class=\"event-featured-by-card reveal\">\n                    <div class=\"event-featured-by-card-image\">\n                                                    <img decoding=\"async\" width=\"291\" height=\"256\" src=\"https:\/\/eventos.cbr.org.br\/wp-content\/uploads\/2025\/12\/adham.png\" class=\"attachment-full size-full wp-post-image\" alt=\"\" loading=\"lazy\" srcset=\"https:\/\/eventos.cbr.org.br\/wp-content\/uploads\/2025\/12\/adham.png 291w, https:\/\/eventos.cbr.org.br\/wp-content\/uploads\/2025\/12\/adham-14x12.png 14w\" sizes=\"auto, (max-width: 291px) 100vw, 291px\" \/>                                            <\/div>\n                    <div class=\"event-featured-by-card-content\">\n                                                                            <div class=\"event-featured-by-card-text\">\n                                <p>Musculoskeletal radiologist at Hospital Israelita Albert Einstein and the Federal University of S\u00e3o Paulo (EPM-UNIFESP). Master's and doctorate in Principles of Surgery from the Medical Research Institute of the Evangelical Faculty of Medicine of Paran\u00e1 \/ Evangelical University Hospital of Curitiba. Post-doctorate in Health Sciences from the Albert Einstein Israelite Institute for Education and Research and in Clinical Radiology from UNIFESP. Advisor to the Postgraduate Program in Medicine (Clinical Radiology), Supervisor of the Medical Residency in Radiology and Diagnostic Imaging and Head of the Musculoskeletal Sector of the Department of Diagnostic Imaging at UNIFESP.<\/p>\n                            <\/div>\n                                                                            <p class=\"event-featured-by-card-signature\">\n                                  Adham do Amaral e Castro                            <\/p>\n                                                                        <p class=\"event-featured-by-card-welcome\">\n                                                    <\/p>\n                    <\/div>\n                <\/div>\n                            <div class=\"event-featured-by-card reveal\">\n                    <div class=\"event-featured-by-card-image\">\n                                                    <img decoding=\"async\" width=\"1189\" height=\"1280\" src=\"https:\/\/eventos.cbr.org.br\/wp-content\/uploads\/2025\/12\/Alice-Schuch.jpeg\" class=\"attachment-full size-full wp-post-image\" alt=\"\" loading=\"lazy\" srcset=\"https:\/\/eventos.cbr.org.br\/wp-content\/uploads\/2025\/12\/Alice-Schuch.jpeg 1189w, https:\/\/eventos.cbr.org.br\/wp-content\/uploads\/2025\/12\/Alice-Schuch-279x300.jpeg 279w, https:\/\/eventos.cbr.org.br\/wp-content\/uploads\/2025\/12\/Alice-Schuch-951x1024.jpeg 951w, https:\/\/eventos.cbr.org.br\/wp-content\/uploads\/2025\/12\/Alice-Schuch-768x827.jpeg 768w, https:\/\/eventos.cbr.org.br\/wp-content\/uploads\/2025\/12\/Alice-Schuch-11x12.jpeg 11w, https:\/\/eventos.cbr.org.br\/wp-content\/uploads\/2025\/12\/Alice-Schuch-600x646.jpeg 600w\" sizes=\"auto, (max-width: 1189px) 100vw, 1189px\" \/>                                            <\/div>\n                    <div class=\"event-featured-by-card-content\">\n                                                                            <div class=\"event-featured-by-card-text\">\n                                <p>Graduated in Medicine from the Federal University of Rio Grande do Sul (UFRGS). Medical Residency in Radiology and Diagnostic Imaging at Hospital M\u00e3e de Deus, Porto Alegre - RS. R4 in Oncology Imaging at AC Camargo Cancer Center, S\u00e3o Paulo - SP. Fellowship in Abdominal Radiology at Hospital Moinhos de Vento (HMV), Porto Alegre - RS.<br \/>\nRadiologist at the Abdomen Imaging Center of the Radiology and Imaging Diagnosis Service of Hospital Moinhos de Vento in Porto Alegre - RS, since March 2013.<br \/>\nHe has held the positions of Coordination of the Abdomen Imaging Center (between Jan\/2017 and Nov\/2020) and Head of Service (between Nov\/2020 and Oct\/2024) at HMV.<br \/>\nFull member of the Brazilian College of Radiology and Diagnostic Imaging (CBR). Member of the CBR Board of Directors in the 23\/24 and 25\/26 Biennia, as Second and First Treasurer and Member of the Scientific Committee (Genitourinary).<\/p>\n                            <\/div>\n                                                                            <p class=\"event-featured-by-card-signature\">\n                                  Alice Schuch                             <\/p>\n                                                                        <p class=\"event-featured-by-card-welcome\">\n                                                    <\/p>\n                    <\/div>\n                <\/div>\n                            <div class=\"event-featured-by-card reveal\">\n                    <div class=\"event-featured-by-card-image\">\n                                                    <img decoding=\"async\" width=\"300\" height=\"300\" src=\"https:\/\/eventos.cbr.org.br\/wp-content\/uploads\/2025\/12\/Anna-Patricia-De-Freitas-Linhares-Riello-.jpg\" class=\"attachment-full size-full wp-post-image\" alt=\"\" loading=\"lazy\" srcset=\"https:\/\/eventos.cbr.org.br\/wp-content\/uploads\/2025\/12\/Anna-Patricia-De-Freitas-Linhares-Riello-.jpg 300w, https:\/\/eventos.cbr.org.br\/wp-content\/uploads\/2025\/12\/Anna-Patricia-De-Freitas-Linhares-Riello--150x150.jpg 150w, https:\/\/eventos.cbr.org.br\/wp-content\/uploads\/2025\/12\/Anna-Patricia-De-Freitas-Linhares-Riello--12x12.jpg 12w, https:\/\/eventos.cbr.org.br\/wp-content\/uploads\/2025\/12\/Anna-Patricia-De-Freitas-Linhares-Riello--100x100.jpg 100w\" sizes=\"auto, (max-width: 300px) 100vw, 300px\" \/>                                            <\/div>\n                    <div class=\"event-featured-by-card-content\">\n                                                                            <div class=\"event-featured-by-card-text\">\n                                <p>Medical Residency in Radiology at INCa-RJ, Master in Radiology at UFRJ, Coordinator of the Head and Neck Module at Grupo Fleury-RJ, Radiologist at Grupo UHG-RJ, Radiologist at DASA - RJ, Member of CBR, SPR, RSNA, ASHNR, ESHNR, ESNR.<\/p>\n                            <\/div>\n                                                                            <p class=\"event-featured-by-card-signature\">\n                                  Anna Patricia Riello                              <\/p>\n                                                                        <p class=\"event-featured-by-card-welcome\">\n                                                    <\/p>\n                    <\/div>\n                <\/div>\n                            <div class=\"event-featured-by-card reveal\">\n                    <div class=\"event-featured-by-card-image\">\n                                                    <img decoding=\"async\" width=\"640\" height=\"641\" src=\"https:\/\/eventos.cbr.org.br\/wp-content\/uploads\/2025\/12\/BEATRIZ-MARANHAO.jpg\" class=\"attachment-full size-full wp-post-image\" alt=\"\" loading=\"lazy\" srcset=\"https:\/\/eventos.cbr.org.br\/wp-content\/uploads\/2025\/12\/BEATRIZ-MARANHAO.jpg 640w, https:\/\/eventos.cbr.org.br\/wp-content\/uploads\/2025\/12\/BEATRIZ-MARANHAO-300x300.jpg 300w, https:\/\/eventos.cbr.org.br\/wp-content\/uploads\/2025\/12\/BEATRIZ-MARANHAO-150x150.jpg 150w, https:\/\/eventos.cbr.org.br\/wp-content\/uploads\/2025\/12\/BEATRIZ-MARANHAO-12x12.jpg 12w, https:\/\/eventos.cbr.org.br\/wp-content\/uploads\/2025\/12\/BEATRIZ-MARANHAO-600x601.jpg 600w, https:\/\/eventos.cbr.org.br\/wp-content\/uploads\/2025\/12\/BEATRIZ-MARANHAO-100x100.jpg 100w\" sizes=\"auto, (max-width: 640px) 100vw, 640px\" \/>                                            <\/div>\n                    <div class=\"event-featured-by-card-content\">\n                                                                            <div class=\"event-featured-by-card-text\">\n                                <p><span dir=\"auto\" style=\"vertical-align: inherit;\"><span dir=\"auto\" style=\"vertical-align: inherit;\">- Member of the CBR Board of Directors. <\/span><\/span><br \/><span dir=\"auto\" style=\"vertical-align: inherit;\"><span dir=\"auto\" style=\"vertical-align: inherit;\">- Member of the CBR's National Mammography Commission. <\/span><\/span><br \/><span dir=\"auto\" style=\"vertical-align: inherit;\"><span dir=\"auto\" style=\"vertical-align: inherit;\">- Member of the CBR Breast Scientific Committee. <\/span><\/span><br \/><span dir=\"auto\" style=\"vertical-align: inherit;\"><span dir=\"auto\" style=\"vertical-align: inherit;\">- Director of National and International Relations for the Radiology Society of Pernambuco; <\/span><\/span><br \/><span dir=\"auto\" style=\"vertical-align: inherit;\"><span dir=\"auto\" style=\"vertical-align: inherit;\">- Preceptor at the IMIP Breast Cancer Detection Center - PE; <\/span><\/span><br \/><span dir=\"auto\" style=\"vertical-align: inherit;\"><span dir=\"auto\" style=\"vertical-align: inherit;\">- Radiologist and Director of Lucilo Maranh\u00e3o Diagn\u00f3sticos - PE.<\/span><\/span><\/p>\n                            <\/div>\n                                                                            <p class=\"event-featured-by-card-signature\">\n                                  Beatriz Maranh\u00e3o                            <\/p>\n                                                                        <p class=\"event-featured-by-card-welcome\">\n                                                    <\/p>\n                    <\/div>\n                <\/div>\n                            <div class=\"event-featured-by-card reveal\">\n                    <div class=\"event-featured-by-card-image\">\n                                                    <img decoding=\"async\" width=\"535\" height=\"498\" src=\"https:\/\/eventos.cbr.org.br\/wp-content\/uploads\/2025\/12\/Bruna-Sarolli-e1766072614136.png\" class=\"attachment-full size-full wp-post-image\" alt=\"\" loading=\"lazy\" srcset=\"https:\/\/eventos.cbr.org.br\/wp-content\/uploads\/2025\/12\/Bruna-Sarolli-e1766072614136.png 535w, https:\/\/eventos.cbr.org.br\/wp-content\/uploads\/2025\/12\/Bruna-Sarolli-e1766072614136-300x279.png 300w, https:\/\/eventos.cbr.org.br\/wp-content\/uploads\/2025\/12\/Bruna-Sarolli-e1766072614136-13x12.png 13w\" sizes=\"auto, (max-width: 535px) 100vw, 535px\" \/>                                            <\/div>\n                    <div class=\"event-featured-by-card-content\">\n                                                                            <div class=\"event-featured-by-card-text\">\n                                <p><span dir=\"auto\" style=\"vertical-align: inherit;\"><span dir=\"auto\" style=\"vertical-align: inherit;\">Medical degree from PUCPR (2006-2012). Residency\/Specialization in Radiology and Diagnostic Imaging at Cl\u00ednica X-LEME\/Hospital Universit\u00e1rio Cajuru (2013-2016). Fellow\/R4 in Magnetic Resonance Imaging at DAPI (2016-2017). Title of Specialist in Radiology and Diagnostic Imaging by the Brazilian College of Radiology (2016). Master's degree from the graduate program in Internal Medicine and Health Sciences at UFPR (2023). Radiologist and preceptor of the medical residency program at Hospital Marcelino Champagnat\/Hospital Universit\u00e1rio Cajuru. Former federal civil servant at the UFPR Hospital de Cl\u00ednicas (2018-2023). Member of the CBR's Musculoskeletal Scientific Committee (2025-2026 term). Coordinator and moderator of the national CBR Musculoskeletal Radiology Update course (2025-2026 term).<\/span><\/span><\/p>\n                            <\/div>\n                                                                            <p class=\"event-featured-by-card-signature\">\n                                  Bruna Sarolli                            <\/p>\n                                                                        <p class=\"event-featured-by-card-welcome\">\n                                                    <\/p>\n                    <\/div>\n                <\/div>\n                            <div class=\"event-featured-by-card reveal\">\n                    <div class=\"event-featured-by-card-image\">\n                                                    <img decoding=\"async\" width=\"126\" height=\"120\" src=\"https:\/\/eventos.cbr.org.br\/wp-content\/uploads\/2025\/12\/Caroline-Ghezzi-e1766072778293.jpg\" class=\"attachment-full size-full wp-post-image\" alt=\"\" loading=\"lazy\" srcset=\"https:\/\/eventos.cbr.org.br\/wp-content\/uploads\/2025\/12\/Caroline-Ghezzi-e1766072778293.jpg 126w, https:\/\/eventos.cbr.org.br\/wp-content\/uploads\/2025\/12\/Caroline-Ghezzi-e1766072778293-13x12.jpg 13w\" sizes=\"auto, (max-width: 126px) 100vw, 126px\" \/>                                            <\/div>\n                    <div class=\"event-featured-by-card-content\">\n                                                                            <div class=\"event-featured-by-card-text\">\n                                <p>PhD and Post-Doctorate from UFRGS. President of the Radiology Society of Rio Grande do Sul for 2023-2024. Member of the CBR. Head of the Abdominal Radiology Unit at Hospital de Cl\u00ednicas de Porto Alegre. Radiologist at Hospital Moinhos de Vento and Hospital de Cl\u00ednicas de Porto Alegre.<\/p>\n                            <\/div>\n                                                                            <p class=\"event-featured-by-card-signature\">\n                                  Caroline Ghezzi                            <\/p>\n                                                                        <p class=\"event-featured-by-card-welcome\">\n                                                    <\/p>\n                    <\/div>\n                <\/div>\n                            <div class=\"event-featured-by-card reveal\">\n                    <div class=\"event-featured-by-card-image\">\n                                                    <img decoding=\"async\" width=\"692\" height=\"800\" src=\"https:\/\/eventos.cbr.org.br\/wp-content\/uploads\/2025\/12\/DANIELLA-BRAZ-PARENTE.jpeg\" class=\"attachment-full size-full wp-post-image\" alt=\"\" loading=\"lazy\" srcset=\"https:\/\/eventos.cbr.org.br\/wp-content\/uploads\/2025\/12\/DANIELLA-BRAZ-PARENTE.jpeg 692w, https:\/\/eventos.cbr.org.br\/wp-content\/uploads\/2025\/12\/DANIELLA-BRAZ-PARENTE-260x300.jpeg 260w, https:\/\/eventos.cbr.org.br\/wp-content\/uploads\/2025\/12\/DANIELLA-BRAZ-PARENTE-10x12.jpeg 10w, https:\/\/eventos.cbr.org.br\/wp-content\/uploads\/2025\/12\/DANIELLA-BRAZ-PARENTE-600x694.jpeg 600w\" sizes=\"auto, (max-width: 692px) 100vw, 692px\" \/>                                            <\/div>\n                    <div class=\"event-featured-by-card-content\">\n                                                                            <div class=\"event-featured-by-card-text\">\n                                <p>Radiologist at UFRJ<\/p>\n<p>Radiologist and Coordinator of Internal Medicine at Grupo Fleury-RJ<\/p>\n<p>Researcher at Instituto D'Or de Pesquisa e Ensino<\/p>\n<p>Master's, doctorate and post-doctorate in Radiology from UFRJ<\/p>\n<p>Member of the CBR Gastrointestinal Scientific Committee<\/p>\n<p>Coordinator of the Abdomen Fellow at Grupo Fleury-RJ<\/p>\n<p>Member of the Editorial Board of the Brazilian Journal of Radiology<\/p>\n<p>LI-RADS member<\/p>\n                            <\/div>\n                                                                            <p class=\"event-featured-by-card-signature\">\n                                  Daniella Braz                             <\/p>\n                                                                        <p class=\"event-featured-by-card-welcome\">\n                                                    <\/p>\n                    <\/div>\n                <\/div>\n                            <div class=\"event-featured-by-card reveal\">\n                    <div class=\"event-featured-by-card-image\">\n                                                    <img decoding=\"async\" width=\"506\" height=\"506\" src=\"https:\/\/eventos.cbr.org.br\/wp-content\/uploads\/2025\/12\/Danny-Warszawiak.jpg\" class=\"attachment-full size-full wp-post-image\" alt=\"\" loading=\"lazy\" srcset=\"https:\/\/eventos.cbr.org.br\/wp-content\/uploads\/2025\/12\/Danny-Warszawiak.jpg 506w, https:\/\/eventos.cbr.org.br\/wp-content\/uploads\/2025\/12\/Danny-Warszawiak-300x300.jpg 300w, https:\/\/eventos.cbr.org.br\/wp-content\/uploads\/2025\/12\/Danny-Warszawiak-150x150.jpg 150w, https:\/\/eventos.cbr.org.br\/wp-content\/uploads\/2025\/12\/Danny-Warszawiak-12x12.jpg 12w, https:\/\/eventos.cbr.org.br\/wp-content\/uploads\/2025\/12\/Danny-Warszawiak-100x100.jpg 100w\" sizes=\"auto, (max-width: 506px) 100vw, 506px\" \/>                                            <\/div>\n                    <div class=\"event-featured-by-card-content\">\n                                                                            <div class=\"event-featured-by-card-text\">\n                                <p>Radiologist at Cl\u00ednica DAPI - Liga das Senhoras Cat\u00f3licas de Curitiba and Hospital Erasto Gaertner - Liga Paranaense de Combate ao C\u00e2ncer<\/p>\n<p>Doctor graduated from the Federal University of Paran\u00e1 in 2003<\/p>\n<p>Residency in Radiology and Diagnostic Imaging at Cajuru University Hospital, PUC-Pr (2004-2006). Specialization (level R4) in Radiology and Diagnostic Imaging at Cl\u00ednica DAPI (Curitiba) in 2007. Master's degree in Internal Medicine from UFPR (2012)<\/p>\n<p>Radiologist at Cl\u00ednica DAPI - Liga das Senhoras Cat\u00f3licas de Curitiba and Hospital Erasto Gaertner - Liga Paranaense de Combate ao C\u00e2ncer<\/p>\n<p>Former adjunct professor of radiology at Positivo University (2013-2017)<\/p>\n<p>Coordinator of the Imaging Department of the Brazilian Society of Pulmonology and Phthisiology for the 2023-2024 term<\/p>\n<p>Former member of the CBR Teaching and Residency Commission. Current member of the CBR's qualification commission.<\/p>\n                            <\/div>\n                                                                            <p class=\"event-featured-by-card-signature\">\n                                  Danny Warszawiak                            <\/p>\n                                                                        <p class=\"event-featured-by-card-welcome\">\n                                                    <\/p>\n                    <\/div>\n                <\/div>\n                            <div class=\"event-featured-by-card reveal\">\n                    <div class=\"event-featured-by-card-image\">\n                                                    <img decoding=\"async\" width=\"252\" height=\"252\" src=\"https:\/\/eventos.cbr.org.br\/wp-content\/uploads\/2025\/12\/Dolores-Bustelo-PR.jpg\" class=\"attachment-full size-full wp-post-image\" alt=\"\" loading=\"lazy\" srcset=\"https:\/\/eventos.cbr.org.br\/wp-content\/uploads\/2025\/12\/Dolores-Bustelo-PR.jpg 252w, https:\/\/eventos.cbr.org.br\/wp-content\/uploads\/2025\/12\/Dolores-Bustelo-PR-150x150.jpg 150w, https:\/\/eventos.cbr.org.br\/wp-content\/uploads\/2025\/12\/Dolores-Bustelo-PR-12x12.jpg 12w, https:\/\/eventos.cbr.org.br\/wp-content\/uploads\/2025\/12\/Dolores-Bustelo-PR-100x100.jpg 100w\" sizes=\"auto, (max-width: 252px) 100vw, 252px\" \/>                                            <\/div>\n                    <div class=\"event-featured-by-card-content\">\n                                                                            <div class=\"event-featured-by-card-text\">\n                                <p>Graduated in Medicine from the Federal University of Paran\u00e1 (1986). Specialist in Radiology, Ultrasound and Computed Tomography. Works in Pediatric Radiology in the areas of Radiology, Ultrasound and Computed Tomography and PET-CT.<\/p>\n                            <\/div>\n                                                                            <p class=\"event-featured-by-card-signature\">\n                                  Dolores Bustelo                            <\/p>\n                                                                        <p class=\"event-featured-by-card-welcome\">\n                                                    <\/p>\n                    <\/div>\n                <\/div>\n                            <div class=\"event-featured-by-card reveal\">\n                    <div class=\"event-featured-by-card-image\">\n                                                    <img decoding=\"async\" width=\"640\" height=\"640\" src=\"https:\/\/eventos.cbr.org.br\/wp-content\/uploads\/2025\/12\/Dr.-Felipe-Pacheco.jpg\" class=\"attachment-full size-full wp-post-image\" alt=\"\" loading=\"lazy\" srcset=\"https:\/\/eventos.cbr.org.br\/wp-content\/uploads\/2025\/12\/Dr.-Felipe-Pacheco.jpg 640w, https:\/\/eventos.cbr.org.br\/wp-content\/uploads\/2025\/12\/Dr.-Felipe-Pacheco-300x300.jpg 300w, https:\/\/eventos.cbr.org.br\/wp-content\/uploads\/2025\/12\/Dr.-Felipe-Pacheco-150x150.jpg 150w, https:\/\/eventos.cbr.org.br\/wp-content\/uploads\/2025\/12\/Dr.-Felipe-Pacheco-12x12.jpg 12w, https:\/\/eventos.cbr.org.br\/wp-content\/uploads\/2025\/12\/Dr.-Felipe-Pacheco-600x600.jpg 600w, https:\/\/eventos.cbr.org.br\/wp-content\/uploads\/2025\/12\/Dr.-Felipe-Pacheco-100x100.jpg 100w\" sizes=\"auto, (max-width: 640px) 100vw, 640px\" \/>                                            <\/div>\n                    <div class=\"event-featured-by-card-content\">\n                                                                            <div class=\"event-featured-by-card-text\">\n                                <p>&nbsp;<\/p>\n<p>Neuroradiologist at Santa Casa de Sp and Grupo DASA-Sp;<br \/>\nPhD in Health Sciences from Santa Casa de SP;<br \/>\nPresident of the Brazilian Society of Neuroradiology.<\/p>\n                            <\/div>\n                                                                            <p class=\"event-featured-by-card-signature\">\n                                  Felipe Pacheco                            <\/p>\n                                                                        <p class=\"event-featured-by-card-welcome\">\n                                                    <\/p>\n                    <\/div>\n                <\/div>\n                            <div class=\"event-featured-by-card reveal\">\n                    <div class=\"event-featured-by-card-image\">\n                                                    <img decoding=\"async\" width=\"667\" height=\"737\" src=\"https:\/\/eventos.cbr.org.br\/wp-content\/uploads\/2025\/12\/giuseppe.png\" class=\"attachment-full size-full wp-post-image\" alt=\"\" loading=\"lazy\" srcset=\"https:\/\/eventos.cbr.org.br\/wp-content\/uploads\/2025\/12\/giuseppe.png 667w, https:\/\/eventos.cbr.org.br\/wp-content\/uploads\/2025\/12\/giuseppe-272x300.png 272w, https:\/\/eventos.cbr.org.br\/wp-content\/uploads\/2025\/12\/giuseppe-11x12.png 11w, https:\/\/eventos.cbr.org.br\/wp-content\/uploads\/2025\/12\/giuseppe-600x663.png 600w\" sizes=\"auto, (max-width: 667px) 100vw, 667px\" \/>                                            <\/div>\n                    <div class=\"event-featured-by-card-content\">\n                                                                            <div class=\"event-featured-by-card-text\">\n                                <p>Associate and Full Professor at EPM-UNIFESP<\/p>\n<p>Associate Professor of DDI at EPM-UNIFESP and coordinator of Medical Education at Grupo Fleury<\/p>\n                            <\/div>\n                                                                            <p class=\"event-featured-by-card-signature\">\n                                  Giuseppe D'Ippolito                             <\/p>\n                                                                        <p class=\"event-featured-by-card-welcome\">\n                                                    <\/p>\n                    <\/div>\n                <\/div>\n                            <div class=\"event-featured-by-card reveal\">\n                    <div class=\"event-featured-by-card-image\">\n                                                    <img decoding=\"async\" width=\"556\" height=\"486\" src=\"https:\/\/eventos.cbr.org.br\/wp-content\/uploads\/2025\/12\/marcleo.png\" class=\"attachment-full size-full wp-post-image\" alt=\"\" loading=\"lazy\" srcset=\"https:\/\/eventos.cbr.org.br\/wp-content\/uploads\/2025\/12\/marcleo.png 556w, https:\/\/eventos.cbr.org.br\/wp-content\/uploads\/2025\/12\/marcleo-300x262.png 300w, https:\/\/eventos.cbr.org.br\/wp-content\/uploads\/2025\/12\/marcleo-14x12.png 14w\" sizes=\"auto, (max-width: 556px) 100vw, 556px\" \/>                                            <\/div>\n                    <div class=\"event-featured-by-card-content\">\n                                                                            <div class=\"event-featured-by-card-text\">\n                                <p>Radiologist by the CBR. Nuclear Physician by SBMN. PhD in Radiology from FMUSP.<\/p>\n<p>Radiologist and nuclear physician at HCFMUSP and Hospital S\u00edrio-Liban\u00eas. Head of Radiology at ICESP.<\/p>\n                            <\/div>\n                                                                            <p class=\"event-featured-by-card-signature\">\n                                  Marcelo Queiroz                            <\/p>\n                                                                        <p class=\"event-featured-by-card-welcome\">\n                                                    <\/p>\n                    <\/div>\n                <\/div>\n                            <div class=\"event-featured-by-card reveal\">\n                    <div class=\"event-featured-by-card-image\">\n                                                    <img decoding=\"async\" width=\"438\" height=\"437\" src=\"https:\/\/eventos.cbr.org.br\/wp-content\/uploads\/2025\/12\/Dr.-Pedro-Paulo-Teixeira-e-Silva-Torres.jpg\" class=\"attachment-full size-full wp-post-image\" alt=\"\" loading=\"lazy\" srcset=\"https:\/\/eventos.cbr.org.br\/wp-content\/uploads\/2025\/12\/Dr.-Pedro-Paulo-Teixeira-e-Silva-Torres.jpg 438w, https:\/\/eventos.cbr.org.br\/wp-content\/uploads\/2025\/12\/Dr.-Pedro-Paulo-Teixeira-e-Silva-Torres-300x300.jpg 300w, https:\/\/eventos.cbr.org.br\/wp-content\/uploads\/2025\/12\/Dr.-Pedro-Paulo-Teixeira-e-Silva-Torres-150x150.jpg 150w, https:\/\/eventos.cbr.org.br\/wp-content\/uploads\/2025\/12\/Dr.-Pedro-Paulo-Teixeira-e-Silva-Torres-12x12.jpg 12w, https:\/\/eventos.cbr.org.br\/wp-content\/uploads\/2025\/12\/Dr.-Pedro-Paulo-Teixeira-e-Silva-Torres-100x100.jpg 100w\" sizes=\"auto, (max-width: 438px) 100vw, 438px\" \/>                                            <\/div>\n                    <div class=\"event-featured-by-card-content\">\n                                                                            <div class=\"event-featured-by-card-text\">\n                                <p>Member of the CBR scientific committee<\/p>\n<p>Master's and PhD in Radiology from the Federal University of Rio de Janeiro<\/p>\n                            <\/div>\n                                                                            <p class=\"event-featured-by-card-signature\">\n                                  Pedro Paulo Teixeira e Silva Torres                             <\/p>\n                                                                        <p class=\"event-featured-by-card-welcome\">\n                                                    <\/p>\n                    <\/div>\n                <\/div>\n                            <div class=\"event-featured-by-card reveal\">\n                    <div class=\"event-featured-by-card-image\">\n                                                    <img decoding=\"async\" width=\"185\" height=\"175\" src=\"https:\/\/eventos.cbr.org.br\/wp-content\/uploads\/2025\/12\/Dr.-Roberto-Sasdelli-Neto-e1766072894288.jpg\" class=\"attachment-full size-full wp-post-image\" alt=\"\" loading=\"lazy\" srcset=\"https:\/\/eventos.cbr.org.br\/wp-content\/uploads\/2025\/12\/Dr.-Roberto-Sasdelli-Neto-e1766072894288.jpg 185w, https:\/\/eventos.cbr.org.br\/wp-content\/uploads\/2025\/12\/Dr.-Roberto-Sasdelli-Neto-e1766072894288-13x12.jpg 13w\" sizes=\"auto, (max-width: 185px) 100vw, 185px\" \/>                                            <\/div>\n                    <div class=\"event-featured-by-card-content\">\n                                                                            <div class=\"event-featured-by-card-text\">\n                                <p>He has a degree in Medicine from the University of S\u00e3o Paulo (1999) and a medical residency from the University of S\u00e3o Paulo (2004). He is currently a Radiologist at Hospital Albert Einstein and a Radiologist at Centro de Diagn\u00f3sticos Brasil. He has experience in Medicine, with an emphasis on Medical Radiology.<\/p>\n                            <\/div>\n                                                                            <p class=\"event-featured-by-card-signature\">\n                                  Roberto Sasdelli Neto                            <\/p>\n                                                                        <p class=\"event-featured-by-card-welcome\">\n                                                    <\/p>\n                    <\/div>\n                <\/div>\n                            <div class=\"event-featured-by-card reveal\">\n                    <div class=\"event-featured-by-card-image\">\n                                                    <img decoding=\"async\" width=\"763\" height=\"720\" src=\"https:\/\/eventos.cbr.org.br\/wp-content\/uploads\/2025\/12\/Dra.-Ivie-Braga-de-Paula.jpg\" class=\"attachment-full size-full wp-post-image\" alt=\"\" loading=\"lazy\" srcset=\"https:\/\/eventos.cbr.org.br\/wp-content\/uploads\/2025\/12\/Dra.-Ivie-Braga-de-Paula.jpg 763w, https:\/\/eventos.cbr.org.br\/wp-content\/uploads\/2025\/12\/Dra.-Ivie-Braga-de-Paula-300x283.jpg 300w, https:\/\/eventos.cbr.org.br\/wp-content\/uploads\/2025\/12\/Dra.-Ivie-Braga-de-Paula-13x12.jpg 13w, https:\/\/eventos.cbr.org.br\/wp-content\/uploads\/2025\/12\/Dra.-Ivie-Braga-de-Paula-600x566.jpg 600w\" sizes=\"auto, (max-width: 763px) 100vw, 763px\" \/>                                            <\/div>\n                    <div class=\"event-featured-by-card-content\">\n                                                                            <div class=\"event-featured-by-card-text\">\n                                <p>Coordinator of the National Mammography Commission 25\/26<br \/>\nCoordinator of the Breast Center Casa Delas of the Orizonti Institute in BH<br \/>\nRadiologist at Fleury BH<br \/>\nRadiologist at Cl\u00ednica Conrad BH<\/p>\n<p>Full member of the CBR<br \/>\nMaster's degree from UFMG<br \/>\nFellow in radiology at Louis Pasteur University in Strasbourg, France<br \/>\nCoordinator of the National Mammography Commission 25\/26<\/p>\n                            <\/div>\n                                                                            <p class=\"event-featured-by-card-signature\">\n                                  Ivie Braga de Paula                            <\/p>\n                                                                        <p class=\"event-featured-by-card-welcome\">\n                                                    <\/p>\n                    <\/div>\n                <\/div>\n                            <div class=\"event-featured-by-card reveal\">\n                    <div class=\"event-featured-by-card-image\">\n                                                    <img decoding=\"async\" width=\"1017\" height=\"1185\" src=\"https:\/\/eventos.cbr.org.br\/wp-content\/uploads\/2025\/12\/Dra.-Kamila-Seidel-Albuquerque.jpeg\" class=\"attachment-full size-full wp-post-image\" alt=\"\" loading=\"lazy\" srcset=\"https:\/\/eventos.cbr.org.br\/wp-content\/uploads\/2025\/12\/Dra.-Kamila-Seidel-Albuquerque.jpeg 1017w, https:\/\/eventos.cbr.org.br\/wp-content\/uploads\/2025\/12\/Dra.-Kamila-Seidel-Albuquerque-257x300.jpeg 257w, https:\/\/eventos.cbr.org.br\/wp-content\/uploads\/2025\/12\/Dra.-Kamila-Seidel-Albuquerque-879x1024.jpeg 879w, https:\/\/eventos.cbr.org.br\/wp-content\/uploads\/2025\/12\/Dra.-Kamila-Seidel-Albuquerque-768x895.jpeg 768w, https:\/\/eventos.cbr.org.br\/wp-content\/uploads\/2025\/12\/Dra.-Kamila-Seidel-Albuquerque-10x12.jpeg 10w, https:\/\/eventos.cbr.org.br\/wp-content\/uploads\/2025\/12\/Dra.-Kamila-Seidel-Albuquerque-600x699.jpeg 600w\" sizes=\"auto, (max-width: 1017px) 100vw, 1017px\" \/>                                            <\/div>\n                    <div class=\"event-featured-by-card-content\">\n                                                                            <div class=\"event-featured-by-card-text\">\n                                <p>Radiologist specializing in internal medicine and oncorradiology<\/p>\n<p>Assistant and preceptor in the departments:<br \/>\n- Abdomen and oncorradiology at the Benefic\u00eancia Portuguesa Hospital of S\u00e3o Paulo;<br \/>\n- Internal medicine by Amil SP<br \/>\n- endometriosis group at Santa Casa de Miseric\u00f3rdia de S\u00e3o Paulo<br \/>\n- Co-creator of the professional and educational Instagram profile: @radiologiabdominal<\/p>\n                            <\/div>\n                                                                            <p class=\"event-featured-by-card-signature\">\n                                  Kamila Seidel Albuquerque                             <\/p>\n                                                                        <p class=\"event-featured-by-card-welcome\">\n                                                    <\/p>\n                    <\/div>\n                <\/div>\n                            <div class=\"event-featured-by-card reveal\">\n                    <div class=\"event-featured-by-card-image\">\n                                                    <img decoding=\"async\" width=\"1468\" height=\"1250\" src=\"https:\/\/eventos.cbr.org.br\/wp-content\/uploads\/2025\/12\/Dra.-Nina-Ventura-Wilner-scaled-e1766071796148.jpeg\" class=\"attachment-full size-full wp-post-image\" alt=\"\" loading=\"lazy\" srcset=\"https:\/\/eventos.cbr.org.br\/wp-content\/uploads\/2025\/12\/Dra.-Nina-Ventura-Wilner-scaled-e1766071796148.jpeg 1468w, https:\/\/eventos.cbr.org.br\/wp-content\/uploads\/2025\/12\/Dra.-Nina-Ventura-Wilner-scaled-e1766071796148-300x255.jpeg 300w, https:\/\/eventos.cbr.org.br\/wp-content\/uploads\/2025\/12\/Dra.-Nina-Ventura-Wilner-scaled-e1766071796148-1024x872.jpeg 1024w, https:\/\/eventos.cbr.org.br\/wp-content\/uploads\/2025\/12\/Dra.-Nina-Ventura-Wilner-scaled-e1766071796148-768x654.jpeg 768w, https:\/\/eventos.cbr.org.br\/wp-content\/uploads\/2025\/12\/Dra.-Nina-Ventura-Wilner-scaled-e1766071796148-14x12.jpeg 14w, https:\/\/eventos.cbr.org.br\/wp-content\/uploads\/2025\/12\/Dra.-Nina-Ventura-Wilner-scaled-e1766071796148-600x511.jpeg 600w\" sizes=\"auto, (max-width: 1468px) 100vw, 1468px\" \/>                                            <\/div>\n                    <div class=\"event-featured-by-card-content\">\n                                                                            <div class=\"event-featured-by-card-text\">\n                                <p><span dir=\"auto\" style=\"vertical-align: inherit;\"><span dir=\"auto\" style=\"vertical-align: inherit;\">Adjunct Professor UFRJ, Coordinator of Radiology at the Paulo Niemeyer State Brain Institute, Neuroradiologist at Grupo Fleury-RJ<\/span><\/span><\/p>\n<p><span dir=\"auto\" style=\"vertical-align: inherit;\"><span dir=\"auto\" style=\"vertical-align: inherit;\">Graduation, Residency, Master's and Doctorate from UFRJ. UFRJ Adjunct Professor, Coordinator of Radiology at the Paulo Niemeyer State Brain Institute, Neuroradiologist at the Fleury-RJ Group.<\/span><\/span><\/p>\n                            <\/div>\n                                                                            <p class=\"event-featured-by-card-signature\">\n                                  Nina Ventura Wilner                            <\/p>\n                                                                        <p class=\"event-featured-by-card-welcome\">\n                                                    <\/p>\n                    <\/div>\n                <\/div>\n                            <div class=\"event-featured-by-card reveal\">\n                    <div class=\"event-featured-by-card-image\">\n                                                    <img decoding=\"async\" width=\"545\" height=\"528\" src=\"https:\/\/eventos.cbr.org.br\/wp-content\/uploads\/2025\/12\/paula-e1766072856527.png\" class=\"attachment-full size-full wp-post-image\" alt=\"\" loading=\"lazy\" srcset=\"https:\/\/eventos.cbr.org.br\/wp-content\/uploads\/2025\/12\/paula-e1766072856527.png 545w, https:\/\/eventos.cbr.org.br\/wp-content\/uploads\/2025\/12\/paula-e1766072856527-300x291.png 300w, https:\/\/eventos.cbr.org.br\/wp-content\/uploads\/2025\/12\/paula-e1766072856527-12x12.png 12w\" sizes=\"auto, (max-width: 545px) 100vw, 545px\" \/>                                            <\/div>\n                    <div class=\"event-featured-by-card-content\">\n                                                                            <div class=\"event-featured-by-card-text\">\n                                <p>college, residency and doctorate from FMUSP- SP<br \/>\nRadiologist at CDB<br \/>\nRadiologist at DASA<br \/>\nCollaborating Physician at the Breast Service of INRAD - HC FMUSP<br \/>\nMember of the CBR mammography commission<\/p>\n                            <\/div>\n                                                                            <p class=\"event-featured-by-card-signature\">\n                                  Paula de Camargo Moraes                            <\/p>\n                                                                        <p class=\"event-featured-by-card-welcome\">\n                                                    <\/p>\n                    <\/div>\n                <\/div>\n                            <div class=\"event-featured-by-card reveal\">\n                    <div class=\"event-featured-by-card-image\">\n                                                    <img decoding=\"async\" width=\"616\" height=\"686\" src=\"https:\/\/eventos.cbr.org.br\/wp-content\/uploads\/2025\/12\/Dra.-Rubia-Vanceta-e1766069654913.jpg\" class=\"attachment-full size-full wp-post-image\" alt=\"\" loading=\"lazy\" srcset=\"https:\/\/eventos.cbr.org.br\/wp-content\/uploads\/2025\/12\/Dra.-Rubia-Vanceta-e1766069654913.jpg 616w, https:\/\/eventos.cbr.org.br\/wp-content\/uploads\/2025\/12\/Dra.-Rubia-Vanceta-e1766069654913-269x300.jpg 269w, https:\/\/eventos.cbr.org.br\/wp-content\/uploads\/2025\/12\/Dra.-Rubia-Vanceta-e1766069654913-11x12.jpg 11w, https:\/\/eventos.cbr.org.br\/wp-content\/uploads\/2025\/12\/Dra.-Rubia-Vanceta-e1766069654913-600x668.jpg 600w\" sizes=\"auto, (max-width: 616px) 100vw, 616px\" \/>                                            <\/div>\n                    <div class=\"event-featured-by-card-content\">\n                                                                            <div class=\"event-featured-by-card-text\">\n                                <p>Radiologist Full Member of the CBR.<br \/>\nSpecialist in Abdominal Radiology at Hospital Moinhos de Vento (HMV).<br \/>\nPreceptor of the Medical Residency and Fellowship Program at HMV.<br \/>\nChairman of the Board of Directors of the Radiology Company Imag\u00e9tica Diagn\u00f3sticos.<\/p>\n                            <\/div>\n                                                                            <p class=\"event-featured-by-card-signature\">\n                                  Rubia Vanceta                            <\/p>\n                                                                        <p class=\"event-featured-by-card-welcome\">\n                                                    <\/p>\n                    <\/div>\n                <\/div>\n                            <div class=\"event-featured-by-card reveal\">\n                    <div class=\"event-featured-by-card-image\">\n                                                    <img decoding=\"async\" width=\"1170\" height=\"1321\" src=\"https:\/\/eventos.cbr.org.br\/wp-content\/uploads\/2025\/12\/Dra.-Tatiana-Fazecas.jpeg\" class=\"attachment-full size-full wp-post-image\" alt=\"\" loading=\"lazy\" srcset=\"https:\/\/eventos.cbr.org.br\/wp-content\/uploads\/2025\/12\/Dra.-Tatiana-Fazecas.jpeg 1170w, https:\/\/eventos.cbr.org.br\/wp-content\/uploads\/2025\/12\/Dra.-Tatiana-Fazecas-266x300.jpeg 266w, https:\/\/eventos.cbr.org.br\/wp-content\/uploads\/2025\/12\/Dra.-Tatiana-Fazecas-907x1024.jpeg 907w, https:\/\/eventos.cbr.org.br\/wp-content\/uploads\/2025\/12\/Dra.-Tatiana-Fazecas-768x867.jpeg 768w, https:\/\/eventos.cbr.org.br\/wp-content\/uploads\/2025\/12\/Dra.-Tatiana-Fazecas-11x12.jpeg 11w, https:\/\/eventos.cbr.org.br\/wp-content\/uploads\/2025\/12\/Dra.-Tatiana-Fazecas-600x677.jpeg 600w\" sizes=\"auto, (max-width: 1170px) 100vw, 1170px\" \/>                                            <\/div>\n                    <div class=\"event-featured-by-card-content\">\n                                                                            <div class=\"event-featured-by-card-text\">\n                                <p>Graduated from UFRJ<br \/>\nResidency in Radiology Lagoa Hospital<br \/>\nPostgraduate in Radiology PUC-RJ<br \/>\nMaster in Maternal and Child Health UFF<br \/>\nHead of the imaging service at Hospital Municipal Jesus<br \/>\nPediatric radiologist DASA\/RJ<br \/>\nFormer President of the Latin American Society of Pediatric Radiology<\/p>\n                            <\/div>\n                                                                            <p class=\"event-featured-by-card-signature\">\n                                  Tatiana Fazecas                            <\/p>\n                                                                        <p class=\"event-featured-by-card-welcome\">\n                                                    <\/p>\n                    <\/div>\n                <\/div>\n                            <div class=\"event-featured-by-card reveal\">\n                    <div class=\"event-featured-by-card-image\">\n                                                    <img decoding=\"async\" width=\"177\" height=\"183\" src=\"https:\/\/eventos.cbr.org.br\/wp-content\/uploads\/2025\/12\/Gilberto-Szarf-SP-e1766069727186.jpeg\" class=\"attachment-full size-full wp-post-image\" alt=\"\" loading=\"lazy\" srcset=\"https:\/\/eventos.cbr.org.br\/wp-content\/uploads\/2025\/12\/Gilberto-Szarf-SP-e1766069727186.jpeg 177w, https:\/\/eventos.cbr.org.br\/wp-content\/uploads\/2025\/12\/Gilberto-Szarf-SP-e1766069727186-12x12.jpeg 12w\" sizes=\"auto, (max-width: 177px) 100vw, 177px\" \/>                                            <\/div>\n                    <div class=\"event-featured-by-card-content\">\n                                                                            <div class=\"event-featured-by-card-text\">\n                                <p>Graduated in Medicine from the Federal University of S\u00e3o Paulo (1993) and Medical Residency in Radiology from the same institution (1997). Research Fellowship at Johns Hopkins University between 2002 and 2003 and internship at the University of Pennsylvania in 2003. He obtained his Doctorate in Medicine (Clinical Radiology) from the Federal University of S\u00e3o Paulo (2005). He is currently an Adjunct Professor in the Department of Diagnostic Imaging at the Federal University of S\u00e3o Paulo, with an emphasis on Chest and Heart Radiology, working mainly on the evaluation of pulmonary and cardiovascular diseases using magnetic resonance and computed tomography. He is also an advisor to the Postgraduate Programs in Clinical Radiology at the Federal University of S\u00e3o Paulo and the Hospital Israelita Albert Einstein<\/p>\n                            <\/div>\n                                                                            <p class=\"event-featured-by-card-signature\">\n                                  Gilberto Szarf                            <\/p>\n                                                                        <p class=\"event-featured-by-card-welcome\">\n                                                    <\/p>\n                    <\/div>\n                <\/div>\n                            <div class=\"event-featured-by-card reveal\">\n                    <div class=\"event-featured-by-card-image\">\n                                                    <img decoding=\"async\" width=\"219\" height=\"219\" src=\"https:\/\/eventos.cbr.org.br\/wp-content\/uploads\/2025\/12\/Gustavo-Lemos-Pelandre-SC-e1766072814474.jpg\" class=\"attachment-full size-full wp-post-image\" alt=\"\" loading=\"lazy\" srcset=\"https:\/\/eventos.cbr.org.br\/wp-content\/uploads\/2025\/12\/Gustavo-Lemos-Pelandre-SC-e1766072814474.jpg 219w, https:\/\/eventos.cbr.org.br\/wp-content\/uploads\/2025\/12\/Gustavo-Lemos-Pelandre-SC-e1766072814474-150x150.jpg 150w, https:\/\/eventos.cbr.org.br\/wp-content\/uploads\/2025\/12\/Gustavo-Lemos-Pelandre-SC-e1766072814474-12x12.jpg 12w, https:\/\/eventos.cbr.org.br\/wp-content\/uploads\/2025\/12\/Gustavo-Lemos-Pelandre-SC-e1766072814474-100x100.jpg 100w\" sizes=\"auto, (max-width: 219px) 100vw, 219px\" \/>                                            <\/div>\n                    <div class=\"event-featured-by-card-content\">\n                                                                            <div class=\"event-featured-by-card-text\">\n                                <p dir=\"ltr\">Graduated in Medicine from the Federal University of Santa Catarina (UFSC).<\/p>\n<p dir=\"ltr\">Medical residency in Radiology and Imaging Diagnosis at the National Cancer Institute (INCA\/RJ). Specialization in Cardiovascular Magnetic Resonance at Duke University (USA).<\/p>\n<p dir=\"ltr\">Further training in Thoracic and Abdominal Radiology at Santa Casa de Miseric\u00f3rdia de S\u00e3o Paulo. Master's and Doctorate in Radiology and Diagnostic Imaging from the Federal University of Rio de Janeiro.<\/p>\n<p dir=\"ltr\">Professor of Radiology at the Federal University of Santa Catarina.<\/p>\n<p dir=\"ltr\">Supervisor of the Medical Residency Program in Radiology at HU\/UFSC.<\/p>\n<p dir=\"ltr\">Medical Coordinator and Technical Manager of the Radiology Service at Unimed Florian\u00f3polis Hospital. Deputy Clinical Director of Unimed Florian\u00f3polis Hospital.<\/p>\n<p dir=\"ltr\">President of the Santa Catarina Society of Radiology.<\/p>\n                            <\/div>\n                                                                            <p class=\"event-featured-by-card-signature\">\n                                  Gustavo Lemes Pelandre                            <\/p>\n                                                                        <p class=\"event-featured-by-card-welcome\">\n                                                    <\/p>\n                    <\/div>\n                <\/div>\n                            <div class=\"event-featured-by-card reveal\">\n                    <div class=\"event-featured-by-card-image\">\n                                                    <img decoding=\"async\" width=\"549\" height=\"392\" src=\"https:\/\/eventos.cbr.org.br\/wp-content\/uploads\/2025\/12\/LEONARDO-LOPES-DE-MACEDO-e1766069812604.jpg\" class=\"attachment-full size-full wp-post-image\" alt=\"\" loading=\"lazy\" srcset=\"https:\/\/eventos.cbr.org.br\/wp-content\/uploads\/2025\/12\/LEONARDO-LOPES-DE-MACEDO-e1766069812604.jpg 549w, https:\/\/eventos.cbr.org.br\/wp-content\/uploads\/2025\/12\/LEONARDO-LOPES-DE-MACEDO-e1766069812604-300x214.jpg 300w, https:\/\/eventos.cbr.org.br\/wp-content\/uploads\/2025\/12\/LEONARDO-LOPES-DE-MACEDO-e1766069812604-18x12.jpg 18w\" sizes=\"auto, (max-width: 549px) 100vw, 549px\" \/>                                            <\/div>\n                    <div class=\"event-featured-by-card-content\">\n                                                                            <div class=\"event-featured-by-card-text\">\n                                <p>Neuroradiologist at Cedimagem (Allian\u00e7a Group)<\/p>\n<p>Member of the scientific committee of the World Federation of Neuroradiological Societies (WFNRS)<br \/>\nMember of the Scientific Committee (Neuroradiology) of the Brazilian College of Radiology (CBR)<\/p>\n<p>Medical degree from UFJF<br \/>\nNeuroradiologist at Cedimagem with Post-Doctoral Research Fellow at Johns Hopkins Hospital<br \/>\nMember of the scientific committee of the World Federation of Neuroradiological Societies (WFNRS)<br \/>\nMember of the Scientific Committee (Neuroradiology) of the Brazilian College of Radiology (CBR)<br \/>\nMember of the editorial board of the journal \"Neuroradiology\"<br \/>\nEditor of the book \"Neuroradiology\"<\/p>\n                            <\/div>\n                                                                            <p class=\"event-featured-by-card-signature\">\n                                  Leonardo Lopes de Macedo                            <\/p>\n                                                                        <p class=\"event-featured-by-card-welcome\">\n                                                    <\/p>\n                    <\/div>\n                <\/div>\n                            <div class=\"event-featured-by-card reveal\">\n                    <div class=\"event-featured-by-card-image\">\n                                                    <img decoding=\"async\" width=\"300\" height=\"300\" src=\"https:\/\/eventos.cbr.org.br\/wp-content\/uploads\/2025\/12\/Patricia-Prando-Cardia-.jpg\" class=\"attachment-full size-full wp-post-image\" alt=\"\" loading=\"lazy\" srcset=\"https:\/\/eventos.cbr.org.br\/wp-content\/uploads\/2025\/12\/Patricia-Prando-Cardia-.jpg 300w, https:\/\/eventos.cbr.org.br\/wp-content\/uploads\/2025\/12\/Patricia-Prando-Cardia--150x150.jpg 150w, https:\/\/eventos.cbr.org.br\/wp-content\/uploads\/2025\/12\/Patricia-Prando-Cardia--12x12.jpg 12w, https:\/\/eventos.cbr.org.br\/wp-content\/uploads\/2025\/12\/Patricia-Prando-Cardia--100x100.jpg 100w\" sizes=\"auto, (max-width: 300px) 100vw, 300px\" \/>                                            <\/div>\n                    <div class=\"event-featured-by-card-content\">\n                                                                            <div class=\"event-featured-by-card-text\">\n                                <p>She is currently a radiologist at Centro Radiologico Campinas-Hospital Vera Cruz and PUC-Campinas Hospital. She is the coordinator of the Medical Residency in Radiology and Diagnostic Imaging at PUC-Campinas Hospital and of the Radiology Training Course at Centro Radiologico Campinas. She has experience in Medicine, with an emphasis on abdominal radiology and women's imaging.<\/p>\n                            <\/div>\n                                                                            <p class=\"event-featured-by-card-signature\">\n                                  Patricia Prando Cardia                            <\/p>\n                                                                        <p class=\"event-featured-by-card-welcome\">\n                                                    <\/p>\n                    <\/div>\n                <\/div>\n                            <div class=\"event-featured-by-card reveal\">\n                    <div class=\"event-featured-by-card-image\">\n                                                    <img decoding=\"async\" width=\"483\" height=\"432\" src=\"https:\/\/eventos.cbr.org.br\/wp-content\/uploads\/2025\/12\/PAULA-NICOLE-VIEIRA-PINTO-BARBOSA-e1766069895988.jpg\" class=\"attachment-full size-full wp-post-image\" alt=\"\" loading=\"lazy\" srcset=\"https:\/\/eventos.cbr.org.br\/wp-content\/uploads\/2025\/12\/PAULA-NICOLE-VIEIRA-PINTO-BARBOSA-e1766069895988.jpg 483w, https:\/\/eventos.cbr.org.br\/wp-content\/uploads\/2025\/12\/PAULA-NICOLE-VIEIRA-PINTO-BARBOSA-e1766069895988-300x268.jpg 300w, https:\/\/eventos.cbr.org.br\/wp-content\/uploads\/2025\/12\/PAULA-NICOLE-VIEIRA-PINTO-BARBOSA-e1766069895988-13x12.jpg 13w\" sizes=\"auto, (max-width: 483px) 100vw, 483px\" \/>                                            <\/div>\n                    <div class=\"event-featured-by-card-content\">\n                                                                            <div class=\"event-featured-by-card-text\">\n                                <p>Graduated in Medicine in 1997 from the Federal University of Esp\u00edrito Santo.<\/p>\n<p>Master's degree in Oncology, completed in 2006 at the A.C.Camargo Cancer Center.<\/p>\n<p>PhD in Oncology, completed in 2016, at the A.C.Camargo Cancer Center.<\/p>\n<p>Specialization in Radiology and Diagnostic Imaging, completed in 2003 at the Brazilian Medical Association and the Brazilian College of Radiology and Diagnostic Imaging.<\/p>\n<p>Specialization in Interventional Radiology, completed in 2014 at the Brazilian Medical Association.<\/p>\n<p>specialization in Interventional Radiology by the AMB and the Brazilian Society of Interventional Radiology and Endovascular Surgery (Sobrice).<\/p>\n                            <\/div>\n                                                                            <p class=\"event-featured-by-card-signature\">\n                                  Paula Nicole Vieira Pinto Barbosa                            <\/p>\n                                                                        <p class=\"event-featured-by-card-welcome\">\n                                                    <\/p>\n                    <\/div>\n                <\/div>\n                            <div class=\"event-featured-by-card reveal\">\n                    <div class=\"event-featured-by-card-image\">\n                                                    <img decoding=\"async\" width=\"677\" height=\"635\" src=\"https:\/\/eventos.cbr.org.br\/wp-content\/uploads\/2025\/12\/ro.png\" class=\"attachment-full size-full wp-post-image\" alt=\"\" loading=\"lazy\" srcset=\"https:\/\/eventos.cbr.org.br\/wp-content\/uploads\/2025\/12\/ro.png 677w, https:\/\/eventos.cbr.org.br\/wp-content\/uploads\/2025\/12\/ro-300x281.png 300w, https:\/\/eventos.cbr.org.br\/wp-content\/uploads\/2025\/12\/ro-13x12.png 13w, https:\/\/eventos.cbr.org.br\/wp-content\/uploads\/2025\/12\/ro-600x563.png 600w\" sizes=\"auto, (max-width: 677px) 100vw, 677px\" \/>                                            <\/div>\n                    <div class=\"event-featured-by-card-content\">\n                                                                            <div class=\"event-featured-by-card-text\">\n                                <p>Radiologist and Doctor of Science from FMUSP, with a Specialist Degree in Radiology and Diagnostic Imaging<br \/>\nFull Professor at the Albert Einstein Israelite College of Health Sciences<br \/>\nMedical Manager of the Imaging Department at Hospital Israelita Albert Einstein<br \/>\nInternational Relations Director of the Brazilian College of Radiology and Diagnostic Imaging<\/p>\n                            <\/div>\n                                                                            <p class=\"event-featured-by-card-signature\">\n                                  Ronaldo Hueb Baroni                            <\/p>\n                                                                        <p class=\"event-featured-by-card-welcome\">\n                                                    <\/p>\n                    <\/div>\n                <\/div>\n                            <div class=\"event-featured-by-card reveal\">\n                    <div class=\"event-featured-by-card-image\">\n                                                    <img decoding=\"async\" width=\"1377\" height=\"1282\" src=\"https:\/\/eventos.cbr.org.br\/wp-content\/uploads\/2025\/12\/Sara-Melo-Macedo-e1766070016805.jpeg\" class=\"attachment-full size-full wp-post-image\" alt=\"\" loading=\"lazy\" srcset=\"https:\/\/eventos.cbr.org.br\/wp-content\/uploads\/2025\/12\/Sara-Melo-Macedo-e1766070016805.jpeg 1377w, https:\/\/eventos.cbr.org.br\/wp-content\/uploads\/2025\/12\/Sara-Melo-Macedo-e1766070016805-300x279.jpeg 300w, https:\/\/eventos.cbr.org.br\/wp-content\/uploads\/2025\/12\/Sara-Melo-Macedo-e1766070016805-1024x953.jpeg 1024w, https:\/\/eventos.cbr.org.br\/wp-content\/uploads\/2025\/12\/Sara-Melo-Macedo-e1766070016805-768x715.jpeg 768w, https:\/\/eventos.cbr.org.br\/wp-content\/uploads\/2025\/12\/Sara-Melo-Macedo-e1766070016805-13x12.jpeg 13w, https:\/\/eventos.cbr.org.br\/wp-content\/uploads\/2025\/12\/Sara-Melo-Macedo-e1766070016805-600x559.jpeg 600w\" sizes=\"auto, (max-width: 1377px) 100vw, 1377px\" \/>                                            <\/div>\n                    <div class=\"event-featured-by-card-content\">\n                                                                            <div class=\"event-featured-by-card-text\">\n                                <p>Nuclear Physician with residency from UERJ- Rj, certified by SBMN and CBR<br \/>\nRadioprotection Supervisor certified by CNEN (National Nuclear Energy Commission)<br \/>\nPostgraduate in Radiology from Santa Casa de Miseric\u00f3rdia do Rio de Janeiro<br \/>\nProfessor of Imaging at Tiradentes University Medical School<br \/>\nMember of the Nuclear Medicine Technical Chamber of the Federal Council of Medicine 2022 to 2024<br \/>\nMember of the scientific committee of the CBR (Brazilian College of Radiology) 2023 and 2024.<\/p>\n                            <\/div>\n                                                                            <p class=\"event-featured-by-card-signature\">\n                                  Sara Melo Macedo                            <\/p>\n                                                                        <p class=\"event-featured-by-card-welcome\">\n                                                    <\/p>\n                    <\/div>\n                <\/div>\n                            <div class=\"event-featured-by-card reveal\">\n                    <div class=\"event-featured-by-card-image\">\n                                                    <img decoding=\"async\" width=\"945\" height=\"1046\" src=\"https:\/\/eventos.cbr.org.br\/wp-content\/uploads\/2025\/12\/CAROLINA-FREITAS-LINS-.jpg\" class=\"attachment-full size-full wp-post-image\" alt=\"\" loading=\"lazy\" srcset=\"https:\/\/eventos.cbr.org.br\/wp-content\/uploads\/2025\/12\/CAROLINA-FREITAS-LINS-.jpg 945w, https:\/\/eventos.cbr.org.br\/wp-content\/uploads\/2025\/12\/CAROLINA-FREITAS-LINS--271x300.jpg 271w, https:\/\/eventos.cbr.org.br\/wp-content\/uploads\/2025\/12\/CAROLINA-FREITAS-LINS--925x1024.jpg 925w, https:\/\/eventos.cbr.org.br\/wp-content\/uploads\/2025\/12\/CAROLINA-FREITAS-LINS--768x850.jpg 768w, https:\/\/eventos.cbr.org.br\/wp-content\/uploads\/2025\/12\/CAROLINA-FREITAS-LINS--11x12.jpg 11w, https:\/\/eventos.cbr.org.br\/wp-content\/uploads\/2025\/12\/CAROLINA-FREITAS-LINS--600x664.jpg 600w\" sizes=\"auto, (max-width: 945px) 100vw, 945px\" \/>                                            <\/div>\n                    <div class=\"event-featured-by-card-content\">\n                                                                            <div class=\"event-featured-by-card-text\">\n                                <p>Musculoskeletal radiologist at Cl\u00ednica Delfin Medicina Diagn\u00f3stica; lecturer in Radiological Anatomy and Bioimaging at the Bahiana School of Medicine and Public Health (EBMSP); Specialist in Radiology at the Brazilian College of Radiology (CBR); Master in Health Technologies at EBMSP; PhD in Health Sciences Applied to the Locomotor System from the Ribeir\u00e3o Preto Medical School of the University of S\u00e3o Paulo (FMRP - USP); Member of the Editorial Board of European Radiology and the Brazilian Radiology Journal; Leader of RADS - EBMSP's Radiology Research Group.<\/p>\n                            <\/div>\n                                                                            <p class=\"event-featured-by-card-signature\">\n                                  Carolina Freitas Lins                            <\/p>\n                                                                        <p class=\"event-featured-by-card-welcome\">\n                                                    <\/p>\n                    <\/div>\n                <\/div>\n                            <div class=\"event-featured-by-card reveal\">\n                    <div class=\"event-featured-by-card-image\">\n                                                    <img decoding=\"async\" width=\"604\" height=\"604\" src=\"https:\/\/eventos.cbr.org.br\/wp-content\/uploads\/2025\/12\/Dr.-Fernando-Morbeck-Coelho-e1766072560794.jpeg\" class=\"attachment-full size-full wp-post-image\" alt=\"\" loading=\"lazy\" srcset=\"https:\/\/eventos.cbr.org.br\/wp-content\/uploads\/2025\/12\/Dr.-Fernando-Morbeck-Coelho-e1766072560794.jpeg 604w, https:\/\/eventos.cbr.org.br\/wp-content\/uploads\/2025\/12\/Dr.-Fernando-Morbeck-Coelho-e1766072560794-300x300.jpeg 300w, https:\/\/eventos.cbr.org.br\/wp-content\/uploads\/2025\/12\/Dr.-Fernando-Morbeck-Coelho-e1766072560794-150x150.jpeg 150w, https:\/\/eventos.cbr.org.br\/wp-content\/uploads\/2025\/12\/Dr.-Fernando-Morbeck-Coelho-e1766072560794-12x12.jpeg 12w, https:\/\/eventos.cbr.org.br\/wp-content\/uploads\/2025\/12\/Dr.-Fernando-Morbeck-Coelho-e1766072560794-600x600.jpeg 600w, https:\/\/eventos.cbr.org.br\/wp-content\/uploads\/2025\/12\/Dr.-Fernando-Morbeck-Coelho-e1766072560794-100x100.jpeg 100w, https:\/\/eventos.cbr.org.br\/wp-content\/uploads\/2025\/12\/Dr.-Fernando-Morbeck-Coelho-e1766072560794-400x400.jpeg 400w\" sizes=\"auto, (max-width: 604px) 100vw, 604px\" \/>                                            <\/div>\n                    <div class=\"event-featured-by-card-content\">\n                                                                            <div class=\"event-featured-by-card-text\">\n                                <p>Graduated in medicine from the Bahiana School of Medicine and Public Health (EBMSP) and completed a medical residency in radiology at the Heli\u00f3polis Hospital in S\u00e3o Paulo. Specialization in oncological radiology from the S\u00e3o Paulo State Cancer Institute of the Hospital das Cl\u00ednicas of the University of S\u00e3o Paulo Medical School (ICESP-HCFMUSP) and abdominal imaging from the Radiology Institute of the Hospital das Cl\u00ednicas of FMUSP (INRAD-HCFMUSP). Specialist title from the Brazilian College of Radiology (CBR) (2016). Stricto Sensu postgraduate student in health sciences (Direct Doctorate level) at the Albert Einstein Israelite College of Health Sciences. He is currently an assistant physician in the abdominal radiology department at Hospital Israelita Albert Einstein (HIAE) and coordinator of genitourinary imaging at INRAD-HCFMUSP. Member of the Scientific Committee (genitourinary area) and the CBR Admission and Qualification Committee (2023-2024 biennium). Member of the HIAE Abdominal Radiology Teaching Committee. Teaches at Einstein's lato sensu postgraduate course.<\/p>\n                            <\/div>\n                                                                            <p class=\"event-featured-by-card-signature\">\n                                  Fernando Morbeck                             <\/p>\n                                                                        <p class=\"event-featured-by-card-welcome\">\n                                                    <\/p>\n                    <\/div>\n                <\/div>\n                            <div class=\"event-featured-by-card reveal\">\n                    <div class=\"event-featured-by-card-image\">\n                                                    <img decoding=\"async\" width=\"860\" height=\"860\" src=\"https:\/\/eventos.cbr.org.br\/wp-content\/uploads\/2025\/12\/Suheyla-Pollyana-Ribeiro-scaled-e1766072469580.jpg\" class=\"attachment-full size-full wp-post-image\" alt=\"\" loading=\"lazy\" srcset=\"https:\/\/eventos.cbr.org.br\/wp-content\/uploads\/2025\/12\/Suheyla-Pollyana-Ribeiro-scaled-e1766072469580.jpg 860w, https:\/\/eventos.cbr.org.br\/wp-content\/uploads\/2025\/12\/Suheyla-Pollyana-Ribeiro-scaled-e1766072469580-300x300.jpg 300w, https:\/\/eventos.cbr.org.br\/wp-content\/uploads\/2025\/12\/Suheyla-Pollyana-Ribeiro-scaled-e1766072469580-150x150.jpg 150w, https:\/\/eventos.cbr.org.br\/wp-content\/uploads\/2025\/12\/Suheyla-Pollyana-Ribeiro-scaled-e1766072469580-768x768.jpg 768w, https:\/\/eventos.cbr.org.br\/wp-content\/uploads\/2025\/12\/Suheyla-Pollyana-Ribeiro-scaled-e1766072469580-12x12.jpg 12w, https:\/\/eventos.cbr.org.br\/wp-content\/uploads\/2025\/12\/Suheyla-Pollyana-Ribeiro-scaled-e1766072469580-600x600.jpg 600w, https:\/\/eventos.cbr.org.br\/wp-content\/uploads\/2025\/12\/Suheyla-Pollyana-Ribeiro-scaled-e1766072469580-100x100.jpg 100w, https:\/\/eventos.cbr.org.br\/wp-content\/uploads\/2025\/12\/Suheyla-Pollyana-Ribeiro-scaled-e1766072469580-400x400.jpg 400w\" sizes=\"auto, (max-width: 860px) 100vw, 860px\" \/>                                            <\/div>\n                    <div class=\"event-featured-by-card-content\">\n                                                                            <div class=\"event-featured-by-card-text\">\n                                <p><span dir=\"auto\" style=\"vertical-align: inherit;\"><span dir=\"auto\" style=\"vertical-align: inherit;\">Radiologist specializing in Head and Neck and reference at the Imaging Teaching Center of Hospital Israelita Albert Einstein.<\/span><\/span><\/p>\n<p><span dir=\"auto\" style=\"vertical-align: inherit;\"><span dir=\"auto\" style=\"vertical-align: inherit;\">Graduated in Medicine from Santa Casa de Miseric\u00f3rdia de S\u00e3o Paulo. Medical residency in Radiology and Diagnostic Imaging and specialization in Neuroradiology and Head and Neck Imaging at Hospital Israelita Albert Einstein. Specialist in Radiology and Diagnostic Imaging by the Brazilian College of Radiology. Physician in the Radiology and Head and Neck group of the Imaging Department at Hospital Israelita Albert Einstein. Medical reference at the Einstein Imaging Teaching Center.<\/span><\/span><\/p>\n                            <\/div>\n                                                                            <p class=\"event-featured-by-card-signature\">\n                                  Suheyla Pollyana Ribeiro                            <\/p>\n                                                                        <p class=\"event-featured-by-card-welcome\">\n                                                    <\/p>\n                    <\/div>\n                <\/div>\n                            <div class=\"event-featured-by-card reveal\">\n                    <div class=\"event-featured-by-card-image\">\n                                                    <img decoding=\"async\" width=\"1246\" height=\"1246\" src=\"https:\/\/eventos.cbr.org.br\/wp-content\/uploads\/2025\/11\/Rubens-Chojniak.png\" class=\"attachment-full size-full wp-post-image\" alt=\"\" loading=\"lazy\" srcset=\"https:\/\/eventos.cbr.org.br\/wp-content\/uploads\/2025\/11\/Rubens-Chojniak.png 1246w, https:\/\/eventos.cbr.org.br\/wp-content\/uploads\/2025\/11\/Rubens-Chojniak-300x300.png 300w, https:\/\/eventos.cbr.org.br\/wp-content\/uploads\/2025\/11\/Rubens-Chojniak-1024x1024.png 1024w, https:\/\/eventos.cbr.org.br\/wp-content\/uploads\/2025\/11\/Rubens-Chojniak-150x150.png 150w, https:\/\/eventos.cbr.org.br\/wp-content\/uploads\/2025\/11\/Rubens-Chojniak-768x768.png 768w, https:\/\/eventos.cbr.org.br\/wp-content\/uploads\/2025\/11\/Rubens-Chojniak-12x12.png 12w, https:\/\/eventos.cbr.org.br\/wp-content\/uploads\/2025\/11\/Rubens-Chojniak-600x600.png 600w, https:\/\/eventos.cbr.org.br\/wp-content\/uploads\/2025\/11\/Rubens-Chojniak-100x100.png 100w\" sizes=\"auto, (max-width: 1246px) 100vw, 1246px\" \/>                                            <\/div>\n                    <div class=\"event-featured-by-card-content\">\n                                                    <h3 class=\"event-featured-by-card-title\">\n                                The President's words                            <\/h3>\n                                                                            <div class=\"event-featured-by-card-text\">\n                                <p>Dear colleagues,<\/p>\n<p>It is with great pleasure that I present Atualiza26 - National Radiology Circuit, an event that reaffirms the commitment of the Brazilian College of Radiology and Diagnostic Imaging to continuing education, innovation and the integration of the radiological community throughout the country.<\/p>\n<p>Throughout its editions, Atualiza has established itself as one of the main references in medical education in Radiology, offering a dynamic and accessible experience that connects professionals from different regions and levels of experience around excellent scientific knowledge.<\/p>\n<p>From March 13 to 15, 2026, we will have another opportunity to improve skills, update practices and explore new perspectives in modern Radiology, with the participation of national and international experts and the support of CBR's affiliated and partner societies.<\/p>\n<p>I congratulate the Scientific Board, the Organizing Committee and everyone involved in the construction of this new edition, which once again combines scientific quality, technological innovation and human integration.<\/p>\n<p>I invite you all to join us on this journey of learning and transformation.<\/p>\n<p>&nbsp;<\/p>\n                            <\/div>\n                                                                                                    <p class=\"event-featured-by-card-signature-role\">\n                                                                Dr. Rubens Chojniak - CBR President                            <\/p>\n                                                <p class=\"event-featured-by-card-welcome\">\n                                                    <\/p>\n                    <\/div>\n                <\/div>\n                            <div class=\"event-featured-by-card reveal\">\n                    <div class=\"event-featured-by-card-image\">\n                                                    <img decoding=\"async\" width=\"567\" height=\"598\" src=\"https:\/\/eventos.cbr.org.br\/wp-content\/uploads\/2025\/08\/zappa.jpg\" class=\"attachment-full size-full wp-post-image\" alt=\"\" loading=\"lazy\" srcset=\"https:\/\/eventos.cbr.org.br\/wp-content\/uploads\/2025\/08\/zappa.jpg 567w, https:\/\/eventos.cbr.org.br\/wp-content\/uploads\/2025\/08\/zappa-284x300.jpg 284w, https:\/\/eventos.cbr.org.br\/wp-content\/uploads\/2025\/08\/zappa-11x12.jpg 11w\" sizes=\"auto, (max-width: 567px) 100vw, 567px\" \/>                                            <\/div>\n                    <div class=\"event-featured-by-card-content\">\n                                                    <h3 class=\"event-featured-by-card-title\">\n                                Words from the Scientific Director                            <\/h3>\n                                                                            <div class=\"event-featured-by-card-text\">\n                                <p>&nbsp;<\/p>\n<p><span data-teams=\"true\">Welcome to Atualiza26.<\/span><\/p>\n<p>This year's edition brings together a wide-ranging, up-to-date and carefully constructed program, covering all the main areas of diagnostic imaging, with courses ranging from mastery of hybrid techniques and oncological imaging to essential day-to-day topics.<\/p>\n<p>We have maintained the format that has become a hallmark of Atualiza: short, objective lessons, analysis of DICOM cases and hands-on online discussions led by experts, using Collective Minds Radiology's interactive platform. This combination allows participants to move fluidly between theory and practice, immediately applying the knowledge they have acquired.<\/p>\n<p>In addition to the scientific content, Atualiza 26 is designed as a space for collaboration. The practical sessions encourage exchange between colleagues, stimulate new perspectives and strengthen professional connections in an environment of continuous and participatory learning.<\/p>\n<p>None of this would have been possible without the dedicated work of our brilliant scientific committee, the coordinators, speakers, monitors, organizing committee, partners and the entire incredible CBR team. My deepest thanks to everyone who made this edition possible.<\/p>\n<p>We are sure that Atualiza 26 will be inspiring, transformative and enriching for every participant.<\/p>\n                            <\/div>\n                                                                                                    <p class=\"event-featured-by-card-signature-role\">\n                                                                Dr. Maur\u00edcio Zapparoli - CBR Scientific Director                            <\/p>\n                                                <p class=\"event-featured-by-card-welcome\">\n                                                    <\/p>\n                    <\/div>\n                <\/div>\n                    <\/div>\n    <\/div>\n<\/section>\n\n\n\n<p class=\"has-white-color has-text-color has-link-color has-medium-font-size wp-elements-2733c36c82afdb320eeebfd7bb1f8787\" id=\"discover-the-programe\">*<\/p>\n\n\n\n<h2 class=\"wp-block-heading\"><\/h2>\n\n\n\n<div class=\"wp-block-apiki-container\">\n<blockquote class=\"wp-block-quote is-layout-flow wp-block-quote-is-layout-flow\">\n<h1 class=\"wp-block-heading alignfull has-text-align-center text-anim has-text-color has-link-color wp-elements-d5756e126c70b5998a6e63d5605e67b2\" style=\"color:#006ba1;font-size:67px\"><strong>Discover the Program<\/strong><\/h1>\n<\/blockquote>\n\n\n\n<p class=\"has-white-color has-text-color has-link-color wp-elements-1a3e0b927102dad3525a9095264cdb83\">*<\/p>\n\n\n\n<style>\nh1 { margin-bottom: 8px; }\n  h2 { margin-top: 32px; margin-bottom: 12px; }\n  table { border-collapse: collapse; width: 100%; }\n  thead th { position: sticky; top: 0; background: #f5f5f5; }\n  th, td { border: 0px solid #ccc; padding: 8px; vertical-align: top; width: 15%;}\n  table {max-width: 90%;  margin: 0 auto;}\n  .cbr-container-dataframe {overflow-x: auto;width:100%}\n<\/style>\n<div class=\"cbr-container-dataframe\">\n<table class=\"dataframe\">\n<tbody>\n<tr style=\"background-color: #000000\">\n<td colspan=\"2\" style=\"color: #FFFFFF\">Time<\/td>\n<td colspan=\"2\" style=\"color: #FFFFFF\">Lecture<\/td>\n<td><\/td>\n<td style=\"color: #FFFFFF\">Professor<\/td>\n<td>____<\/td>\n<td style=\"color: #FFFFFF\">Society<\/td>\n<\/tr>\n<tr style=\"background-color: #6699ff\">\n<td colspan=\"2\" style=\"color: #000000\"><h4>08h30 - 08h35<\/h4><\/td>\n<td colspan=\"4\" style=\"color: #000000\"><h3>Opening Remarks<\/h3><\/td>\n<td><\/td>\n<td><\/td>\n<\/tr>\n<tr style=\"background-color: #6699ff\">\n<td colspan=\"2\" style=\"color: #000000\"><h4>08h35 - 10h35<\/h4><\/td>\n<td colspan=\"4\" style=\"color: #000000\"><h3>Screening and Detection of Prostate Cancer<\/h3><\/td>\n<td><\/td>\n<td><\/td>\n<\/tr>\n<tr>\n<td colspan=\"2\">08h35 - 08h50<\/td>\n<td colspan=\"3\">Screening of Prostate Cancer with MRI: where are we?<\/td>\n<td>Francesco Giganti<\/td>\n<td><img loading=\"lazy\" decoding=\"async\" src=\"https:\/\/www.worldometers.info\/\/img\/flags\/small\/tn_uk-flag.gif\" width=\"40\" height=\"30\" title=\"United Kingdom\"><\/td>\n<td>ESUR<\/td>\n<\/tr>\n<tr>\n<td colspan=\"2\">08h50 - 09h05<\/td>\n<td colspan=\"3\">Tips for Using PI-RADS Score in Clinical Practice<\/td>\n<td>Martina Pecoraro<\/td>\n<td><img loading=\"lazy\" decoding=\"async\" src=\"https:\/\/www.worldometers.info\/\/img\/flags\/small\/tn_it-flag.gif\" width=\"40\" height=\"30\"  title=\"Italy\"><\/td>\n<td>ESUR<\/td>\n<\/tr>\n<tr>\n<td colspan=\"2\">09h05 - 09h20<\/td>\n<td colspan=\"3\">Limitations and Future perspectives of PI-RADS Score<\/td>\n<td>Jelle Barentsz<\/td>\n<td><img decoding=\"async\" src=\"https:\/\/www.worldometers.info\/\/img\/flags\/small\/tn_nl-flag.gif\"width=\"40\" height=\"30\"title=\"Netherlands\"><\/td>\n<td>ESUR<\/td>\n<\/tr>\n<tr>\n<td colspan=\"2\">09h20 - 09h35<\/td>\n<td colspan=\"3\">PSMA and MRI for Prostate Cancer Detection: Competing or Complementary Exams?<\/td>\n<td>Sungmin Woo<\/td>\n<td><img decoding=\"async\" src=\"https:\/\/www.worldometers.info\/\/img\/flags\/small\/tn_us-flag.gif\"width=\"40\" height=\"30\" title=\"United States\"><\/td>\n<td>SAR<\/td>\n<\/tr>\n<tr style=\"background-color: #B0C4DE\">\n<td colspan=\"2\">09h40 - 10h35<\/td>\n<td colspan=\"4\">Case Based Discussion<\/td>\n<td><\/td>\n<td><\/td>\n<\/tr>\n<tr style=\"background-color: #99CCFF\">\n<td colspan=\"2\"><h3>10h35 - 10h50<\/h3><\/td>\n<td colspan=\"4\"><h3>Break<\/h3><\/td>\n<td><\/td>\n<td><\/td>\n<\/tr>\n<tr style=\"background-color: #6699ff\">\n<td colspan=\"2\"><h3>10h50 - 12h50<\/h3><\/td>\n<td colspan=\"4\"><h3>Active Surveillance<\/h3><\/td>\n<td><\/td>\n<td><\/td>\n<\/tr>\n<tr>\n<td colspan=\"2\">10:50 - 11:05<\/td>\n<td colspan=\"3\">Current Literature in Active Surveillance for Prostate Cancer<\/td>\n<td>Rossano Girometti<\/td>\n<td><img decoding=\"async\" src=\"https:\/\/www.worldometers.info\/\/img\/flags\/small\/tn_it-flag.gif\"width=\"40\" height=\"30\" title=\"Italy\"><\/td>\n<td>ESUR<\/td>\n<\/tr>\n<tr>\n<td colspan=\"2\">11h05 - 11h20<\/td>\n<td colspan=\"3\">PRECISE score version 2: tips and tricks<\/td>\n<td>Tristan Barrett<\/td>\n<td><img decoding=\"async\" src=\"https:\/\/www.worldometers.info\/\/img\/flags\/small\/tn_uk-flag.gif\"width=\"40\" height=\"30\" title=\"United Kingdom\"><\/td>\n<td>ESUR<\/td>\n<\/tr>\n<tr>\n<td colspan=\"2\">11h20 - 11h35<\/td>\n<td colspan=\"3\">Limitations and Future Perspectives of Precise Score<\/td>\n<td>Rapha\u00eble R-Penna<\/td>\n<td><img decoding=\"async\" src=\"https:\/\/www.worldometers.info\/\/img\/flags\/small\/tn_fr-flag.gif\"width=\"40\" height=\"30\" title=\"France\"><\/td>\n<td>ESUR<\/td>\n<\/tr>\n<tr>\n<td colspan=\"2\">11h35 - 11h50<\/td>\n<td colspan=\"3\">Is there a role for PSMA PET in Active Surveillance for Prostate Cancer?<\/td>\n<td>Samuel Withey<\/td>\n<td><img decoding=\"async\" src=\"https:\/\/www.worldometers.info\/\/img\/flags\/small\/tn_uk-flag.gif\"width=\"40\" height=\"30\" title=\"United Kingdom\"><\/td>\n<td>ESUR<\/td>\n<\/tr>\n<tr style=\"background-color: #B0C4DE\">\n<td colspan=\"2\">11h50 - 12h50<\/td>\n<td colspan=\"3\">Case Based Discussion<\/td>\n<td><\/td>\n<td><\/td>\n<td><\/td>\n<\/tr>\n<tr style=\"background-color: #99CCFF\">\n<td colspan=\"2\"><h3>12h50 - 13h45<\/h3><\/td>\n<td colspan=\"4\"><h3>Lunch Break<\/h3><\/td>\n<td><\/td>\n<td><\/td>\n<\/tr>\n<tr style=\"background-color: #6699ff\">\n<td colspan=\"2\"><h3>13h45 - 15h45<\/h3><\/td>\n<td colspan=\"4\"><h3>Staging and Post-Treatment Imaging<\/h3><\/td>\n<td><\/td>\n<td><\/td>\n<\/tr>\n<tr>\n<td colspan=\"2\">13h45 - 14h00<\/td>\n<td colspan=\"3\">MRI Systematization and Interpreration for Extraprostatic Extension<\/td>\n<td>Valdair Muglia<\/td><\/td>\n<td><img decoding=\"async\" src=\"https:\/\/www.worldometers.info\/img\/flags\/small\/tn_br-flag.gif\"width=\"40\" height=\"30\" title=\"Brazil\"><\/td>\n<td>CIR<\/td>\n<\/tr>\n<tr>\n<td colspan=\"2\">14h00 - 14h15<\/td>\n<td colspan=\"3\">Prostate MRI Evaluation after hormone therapy, radiation therapy and radical prostatectomy<\/td>\n<td>Leonardo Bittencourt<\/td>\n<td><img decoding=\"async\" src=\"https:\/\/www.worldometers.info\/\/img\/flags\/small\/tn_us-flag.gif\"width=\"40\" height=\"30\" title=\"United States\"><\/td>\n<td>SAR<\/td>\n<\/tr>\n<tr>\n<td colspan=\"2\">14:15 - 14:30<\/td>\n<td colspan=\"3\">Imaging Assesment after Focal Ablation for Prostate Cancer<\/td>\n<td>Daniel Margolis<\/td>\n<td><img decoding=\"async\" src=\"https:\/\/www.worldometers.info\/\/img\/flags\/small\/tn_us-flag.gif\"width=\"40\" height=\"30\" title=\"United States\"><\/td>\n<td>SAR<\/td>\n<\/tr>\n<tr>\n<td colspan=\"2\">14:30 - 14:45<\/td>\n<td colspan=\"3\">Role of PSMA PET for Primary Staging and Recurrence of Prostate Cancer.<\/td>\n<td>Adriano Dias<\/td>\n<td><img decoding=\"async\" src=\"https:\/\/www.worldometers.info\/\/img\/flags\/small\/tn_ca-flag.gif\"width=\"40\" height=\"30\" title=\"Canada\"><\/td>\n<td>ESUR<\/td>\n<\/tr>\n<tr style=\"background-color: #B0C4DE\">\n<td colspan=\"2\">14h45 - 15h45<\/td>\n<td colspan=\"4\">Case Based Discussion<\/td>\n<td><\/td>\n<td><\/td>\n<\/tr>\n<tr style=\"background-color: #99CCFF\">\n<td colspan=\"2\"><h3>15h45 - 16h00<\/h3><\/td>\n<td colspan=\"4\"><h3>Break<\/h3><\/td>\n<td><\/td>\n<td><\/td>\n<\/tr>\n<tr style=\"background-color: #6699ff\">\n<td colspan=\"2\"><h3>16h00 - 18h00<\/h3><\/td>\n<td colspan=\"4\"><h3>Current and Future Trends in Prostate Imaging<\/h3><\/td>\n<td><\/td>\n<td><\/td>\n<\/tr>\n<tr>\n<td colspan=\"2\">16h00 - 16h15<\/td>\n<td colspan=\"3\">Novel Multimodality Imaging Biomarkers<\/td>\n<td>Fiona Fennessy<\/td>\n<td><img decoding=\"async\" src=\"https:\/\/www.worldometers.info\/\/img\/flags\/small\/tn_us-flag.gif\"width=\"40\" height=\"30\" title=\"United States\"><\/td>\n<td>SAR<\/td>\n<\/tr>\n<tr>\n<td colspan=\"2\">16h15 - 16h30<\/td>\n<td colspan=\"3\">Prostate MRI Accreditation Program: WHy and How to Implement<\/td>\n<td>Andrei Purysko<\/td>\n<td><img decoding=\"async\" src=\"https:\/\/www.worldometers.info\/\/img\/flags\/small\/tn_us-flag.gif\"width=\"40\" height=\"30\" title=\"United States\"><\/td>\n<td>ACR<\/td>\n<\/tr>\n<tr>\n<td colspan=\"2\">16h30 - 16h45<\/td>\n<td colspan=\"3\">Quality Assurance and Quality Control for Prostate MRI<\/td>\n<td>Ronaldo Baroni<\/td><\/td>\n<td><img decoding=\"async\" src=\"https:\/\/www.worldometers.info\/img\/flags\/small\/tn_br-flag.gif\"width=\"40\" height=\"30\" title=\"Brazil\"><\/td>\n<td>CBR<\/td>\n<\/tr>\n<tr>\n<td colspan=\"2\">16h45 - 17h00<\/td>\n<td colspan=\"3\">Current Applications of Artificial Intelligence in Prostate MRI<\/td>\n<td>Maur\u00edcio Zapparoli<\/td>\n<td><img decoding=\"async\" src=\"https:\/\/www.worldometers.info\/\/img\/flags\/small\/tn_br-flag.gif\"width=\"40\" height=\"30\" title=\"Brazil\"><\/td>\n<td>CBR<\/td>\n<\/tr>\n<tr style=\"background-color: #B0C4DE\">\n<td colspan=\"2\">17h00 - 18h00<\/td>\n<td colspan=\"4\">Case Based Discussion<\/td>\n<td><\/td>\n<td><\/td>\n<\/tr>\n<tr style=\"background-color: #99CCFF\">\n<td colspan=\"2\"><h3>18h00 - 18h30<\/h3><\/td>\n<td colspan=\"4\"><h3>Closing Remarks<\/h3><\/td>\n<td><\/td>\n<td><\/td>\n<\/tr>\n<\/tbody>\n<\/table>\n<\/div>\n\n\n\n<h2 class=\"wp-block-heading\"><\/h2>\n\n\n\n<div class=\"wp-block-buttons reveal is-content-justification-center is-layout-flex wp-container-core-buttons-is-layout-16018d1d wp-block-buttons-is-layout-flex\">\n<div class=\"wp-block-button has-custom-width wp-block-button__width-50\"><a class=\"wp-block-button__link has-text-align-center wp-element-button\" href=\"\/en\/checkout\/\"><strong>R<\/strong>egistration<\/a><\/div>\n<\/div>\n<\/div>\n\n\n\n<h1 class=\"wp-block-heading has-white-color has-text-color has-link-color wp-elements-05165e57227dd6456a499274e793ad1c\"> *<\/h1>\n\n\n\n<div id=\"speakers\" class=\"wp-block-group cbr-custom--title-img has-background\" style=\"background-color:#011327\"><div class=\"wp-block-group__inner-container is-layout-constrained wp-block-group-is-layout-constrained\">\n<div class=\"speakers-list-wrapper reveal wp-block-apiki-speakers-list\" id=\"speakers\">\n    <div class=\"container-v2\">\n        <h2 class=\"text-anim\">Speakers<\/h2>\n        <h3 class=\"text-anim\">Discover our world class speakers<\/h3>\n                    <button type=\"button\">\n                <a title=\"Registration\" href=\"\/en\/checkout\/\">\n                    Registration                <\/a>\n            <\/button>\n                <div class=\"speakers-container\">\n                            <div class=\"speakers-row speakers-row-0\">\n                                            <div class=\"reveal speaker-card\">\n                            <div class=\"speaker-card-image\">\n                                                                    <img loading=\"lazy\" decoding=\"async\" width=\"200\" height=\"300\" src=\"https:\/\/eventos.cbr.org.br\/wp-content\/uploads\/2025\/08\/WFT25_RonaldoBaroni-200x300.jpg\" class=\"attachment-medium size-medium wp-post-image\" alt=\"\" srcset=\"https:\/\/eventos.cbr.org.br\/wp-content\/uploads\/2025\/08\/WFT25_RonaldoBaroni-200x300.jpg 200w, https:\/\/eventos.cbr.org.br\/wp-content\/uploads\/2025\/08\/WFT25_RonaldoBaroni-600x899.jpg 600w, https:\/\/eventos.cbr.org.br\/wp-content\/uploads\/2025\/08\/WFT25_RonaldoBaroni-683x1024.jpg 683w, https:\/\/eventos.cbr.org.br\/wp-content\/uploads\/2025\/08\/WFT25_RonaldoBaroni-768x1151.jpg 768w, https:\/\/eventos.cbr.org.br\/wp-content\/uploads\/2025\/08\/WFT25_RonaldoBaroni-8x12.jpg 8w, https:\/\/eventos.cbr.org.br\/wp-content\/uploads\/2025\/08\/WFT25_RonaldoBaroni.jpg 1001w\" sizes=\"auto, (max-width: 200px) 100vw, 200px\" \/>                                                            <\/div>\n                            <div class=\"speaker-card-text\">\n                                                                    <small class=\"speaker-card-text-title\">Dr. Ronaldo Hueb Baroni<\/small>\n                                                                                                    <small class=\"speaker-card-text-name\">Dr. Ronaldo Hueb Baroni<\/small>\n                                                            <\/div>\n                            <div class=\"speaker-description-modal\" style=\"display: none;\">\n                                <h4>Dr. Ronaldo Hueb Baroni<\/h4>\n                                <p>Genitourinary<\/p>\n                            <\/div>\n                        <\/div>\n                                    <\/div>\n                            <div class=\"speakers-row speakers-row-1\">\n                                            <div class=\"reveal speaker-card\">\n                            <div class=\"speaker-card-image\">\n                                                                    <img loading=\"lazy\" decoding=\"async\" width=\"222\" height=\"300\" src=\"https:\/\/eventos.cbr.org.br\/wp-content\/uploads\/2025\/08\/MAURICIO-ZAPPAROLI-e1762369010994-222x300.jpg\" class=\"attachment-medium size-medium wp-post-image\" alt=\"\" srcset=\"https:\/\/eventos.cbr.org.br\/wp-content\/uploads\/2025\/08\/MAURICIO-ZAPPAROLI-e1762369010994-222x300.jpg 222w, https:\/\/eventos.cbr.org.br\/wp-content\/uploads\/2025\/08\/MAURICIO-ZAPPAROLI-e1762369010994-600x811.jpg 600w, https:\/\/eventos.cbr.org.br\/wp-content\/uploads\/2025\/08\/MAURICIO-ZAPPAROLI-e1762369010994-9x12.jpg 9w, https:\/\/eventos.cbr.org.br\/wp-content\/uploads\/2025\/08\/MAURICIO-ZAPPAROLI-e1762369010994.jpg 678w\" sizes=\"auto, (max-width: 222px) 100vw, 222px\" \/>                                                            <\/div>\n                            <div class=\"speaker-card-text\">\n                                                                    <small class=\"speaker-card-text-title\">Dr. Maur\u00edcio Zapparoli<\/small>\n                                                                                                    <small class=\"speaker-card-text-name\">Brazil<\/small>\n                                                            <\/div>\n                            <div class=\"speaker-description-modal\" style=\"display: none;\">\n                                <h4>Brazil<\/h4>\n                                <p>Abdominal Radiologist - DAPI - Advanced Diagnostic Imaging - Curitiba; Adjunct Professor of Radiology - Federal University of Paran\u00e1; Scientific Director - Brazilian College of Radiology<\/p>\n                            <\/div>\n                        <\/div>\n                                    <\/div>\n                            <div class=\"speakers-row speakers-row-2\">\n                                    <\/div>\n                                        <button data-from-y=\"50\" class=\"speakers-see-more reveal\">See all<\/button>\n                    <\/div>\n    <\/div>\n<\/div>\n<\/div><\/div>\n\n\n\n<div id=\"registration-fees\" class=\"wp-block-apiki-container reveal has-background\" style=\"background-color:#011327\">\n<p class=\"has-text-color has-link-color wp-elements-d3b6f5f8b925d22d2a21056bb2c388b0\" style=\"color:#011327\">*<\/p>\n\n\n\n<h2 class=\"wp-block-heading alignfull has-text-align-center text-anim has-white-color has-text-color has-link-color wp-elements-140a01f4892eb3c5d04b85a8a37ea2b5\" id=\"we-re-a-studio-in-berlin-with-an-international-practice-in-architecture-urban-planning-and-interior-design-we-believe-in-sharing-knowledge-and-promoting-dialogue-to-increase-the-creative-potential-of-collaboration\" style=\"font-size:48px;line-height:1.1\">Registration Fees<\/h2>\n\n\n\n<p class=\"has-text-align-center has-text-color has-link-color wp-elements-3a6898a5aa41712df9ee856fc51e1aa4\" style=\"color:#011327\">*<br><\/p>\n\n\n<div class=\"wp-block-image\">\n<figure class=\"aligncenter size-large\"><img loading=\"lazy\" decoding=\"async\" width=\"1024\" height=\"576\" src=\"https:\/\/eventos.cbr.org.br\/wp-content\/uploads\/2025\/08\/v2_Tabela_Valores_WFT25-1024x576.jpg\" alt=\"\" class=\"wp-image-830\" srcset=\"https:\/\/eventos.cbr.org.br\/wp-content\/uploads\/2025\/08\/v2_Tabela_Valores_WFT25-1024x576.jpg 1024w, https:\/\/eventos.cbr.org.br\/wp-content\/uploads\/2025\/08\/v2_Tabela_Valores_WFT25-300x169.jpg 300w, https:\/\/eventos.cbr.org.br\/wp-content\/uploads\/2025\/08\/v2_Tabela_Valores_WFT25-768x432.jpg 768w, https:\/\/eventos.cbr.org.br\/wp-content\/uploads\/2025\/08\/v2_Tabela_Valores_WFT25-1536x864.jpg 1536w, https:\/\/eventos.cbr.org.br\/wp-content\/uploads\/2025\/08\/v2_Tabela_Valores_WFT25-18x10.jpg 18w, https:\/\/eventos.cbr.org.br\/wp-content\/uploads\/2025\/08\/v2_Tabela_Valores_WFT25-600x338.jpg 600w, https:\/\/eventos.cbr.org.br\/wp-content\/uploads\/2025\/08\/v2_Tabela_Valores_WFT25.jpg 1920w\" sizes=\"auto, (max-width: 1024px) 100vw, 1024px\" \/><\/figure>\n<\/div>\n\n\n<p class=\"has-text-align-center has-white-color has-text-color has-link-color wp-elements-a54f14fa98da7f4b68a2edeca2bb263a\">* For CBR Members, validation is carried out through a the National Identification Document (CPF) \/ For ESUR, SAR, and CIR Members, proof of membership must be submitted;<br>** Medical Residents and Medical Students registered with CBR;<br>***Dollar values are subject to change according to the dollar rate for the week;<\/p>\n\n\n\n<h2 class=\"wp-block-heading has-text-color has-link-color wp-elements-4f61e1073f4f7001b1e11c4dfed55878\" style=\"color:#011327\">*<\/h2>\n\n\n\n<div class=\"wp-block-buttons reveal is-content-justification-center is-layout-flex wp-container-core-buttons-is-layout-16018d1d wp-block-buttons-is-layout-flex\">\n<div class=\"wp-block-button has-custom-width wp-block-button__width-50\"><a class=\"wp-block-button__link has-white-background-color has-text-color has-background has-link-color has-text-align-center wp-element-button\" href=\"\/en\/checkout\/\" style=\"color:#011327\"><strong>R<\/strong>egistration<\/a><\/div>\n<\/div>\n\n\n\n<p class=\"has-text-color has-link-color wp-elements-d3b6f5f8b925d22d2a21056bb2c388b0\" style=\"color:#011327\">*<\/p>\n\n\n\n<p><\/p>\n<\/div>\n\n\n\n\n\n<div class=\"wp-block-apiki-bento-grid bento-grid-images-wrapper reveal\" id=\"about\"><div class=\"bento-grid-top-subtitle-wrapper\"><span class=\"bullet\"><\/span><div class=\"bento-grid-top-subtitle text-anim\"><span><\/span>About the event<\/div><\/div><h2 class=\"bento-grid-title text-anim\">Discover the World Forum Trends<\/h2><h3 class=\"bento-grid-subtitle text-anim\"><\/h3><button class=\"reveal\"><a href=\"\/en\/checkout\/\">Registration<\/a><\/button><div class=\"bento-grid-images reveal\"><div class=\"cell-1-1\"><img decoding=\"async\" src=\"https:\/\/eventos.cbr.org.br\/wp-content\/uploads\/2025\/08\/banner-2_WFT25-1.jpg\" alt=\"\"\/><\/div><div class=\"cell-1-2\"><img decoding=\"async\" src=\"https:\/\/eventos.cbr.org.br\/wp-content\/uploads\/2025\/08\/banner-1_WFT25-1.jpg\" alt=\"\"\/><img decoding=\"async\" src=\"https:\/\/eventos.cbr.org.br\/wp-content\/uploads\/2025\/08\/banner-WFT_886x640_Certificate-of-Participation.jpg\" alt=\"\"\/><\/div><div class=\"cell-1-3\"><\/div><div class=\"cell-2-1\"><img decoding=\"async\" src=\"https:\/\/eventos.cbr.org.br\/wp-content\/uploads\/2025\/08\/banner-3_WFT25-1.jpg\" alt=\"\"\/><\/div><div class=\"cell-2-2\"><img decoding=\"async\" src=\"https:\/\/eventos.cbr.org.br\/wp-content\/uploads\/2025\/08\/banner-WFT_428x640_16-Online-Masterclasses.jpg\" alt=\"\"\/><img decoding=\"async\" src=\"https:\/\/eventos.cbr.org.br\/wp-content\/uploads\/2025\/08\/banner-WFT_428x640_5-International-Specialized-Societies.jpg\" alt=\"\"\/><\/div><div class=\"cell-2-3\"><img decoding=\"async\" src=\"https:\/\/eventos.cbr.org.br\/wp-content\/uploads\/2025\/08\/banner-WFT_886x640_RECORDED-LECTURES-1.jpg\" alt=\"\"\/><\/div><\/div><\/div>\n\n\n\n<div class=\"wp-block-apiki-row-partners row-partners-container\">\n<div class=\"wp-block-group row-partners reveal is-layout-flex wp-block-group-is-layout-flex\">\n<h3 class=\"wp-block-heading has-text-align-left heading-row-partners\">Organized by<\/h3>\n\n\n\n<div class=\"wp-block-group row-partners-cards is-layout-flex wp-block-group-is-layout-flex\">\n\t<div style=\"--img-max-width: 200px; --img-max-height: 100px;\" class=\"partners-card wp-block-apiki-card-partner\">\n\t\t<a title=\"CBR\" href=\"https:\/\/cbr.org.br\/\" target=\"_blank\" rel=\"noopener noreferrer\">\n\t\t\t<img loading=\"lazy\" decoding=\"async\" width=\"612\" height=\"121\" src=\"https:\/\/eventos.cbr.org.br\/wp-content\/uploads\/2025\/08\/Captura-de-tela-2025-09-02-101503.png\" class=\"attachment-full size-full wp-post-image\" alt=\"\" srcset=\"https:\/\/eventos.cbr.org.br\/wp-content\/uploads\/2025\/08\/Captura-de-tela-2025-09-02-101503.png 612w, https:\/\/eventos.cbr.org.br\/wp-content\/uploads\/2025\/08\/Captura-de-tela-2025-09-02-101503-300x59.png 300w, https:\/\/eventos.cbr.org.br\/wp-content\/uploads\/2025\/08\/Captura-de-tela-2025-09-02-101503-18x4.png 18w, https:\/\/eventos.cbr.org.br\/wp-content\/uploads\/2025\/08\/Captura-de-tela-2025-09-02-101503-600x119.png 600w\" sizes=\"auto, (max-width: 612px) 100vw, 612px\" \/>\t\t<\/a>\n\t<\/div>\n<\/div>\n<\/div>\n\n\n\n<div class=\"wp-block-group row-partners reveal is-layout-flex wp-block-group-is-layout-flex\">\n<h3 class=\"wp-block-heading heading-row-partners\">Supporters<\/h3>\n\n\n\n<div class=\"wp-block-group row-partners-cards is-layout-flex wp-block-group-is-layout-flex\">\n\t<div style=\"--img-max-width: 200px; --img-max-height: 100px;\" class=\"partners-card wp-block-apiki-card-partner\">\n\t\t<a title=\"COLLECTIVE MINDS\" href=\"https:\/\/www.cmrad.com\/\" target=\"_blank\" rel=\"noopener noreferrer\">\n\t\t\t<img loading=\"lazy\" decoding=\"async\" width=\"206\" height=\"50\" src=\"https:\/\/eventos.cbr.org.br\/wp-content\/uploads\/2025\/08\/collectiveminds_logo.webp\" class=\"attachment-full size-full wp-post-image\" alt=\"\" srcset=\"https:\/\/eventos.cbr.org.br\/wp-content\/uploads\/2025\/08\/collectiveminds_logo.webp 206w, https:\/\/eventos.cbr.org.br\/wp-content\/uploads\/2025\/08\/collectiveminds_logo-18x4.webp 18w\" sizes=\"auto, (max-width: 206px) 100vw, 206px\" \/>\t\t<\/a>\n\t<\/div>\n<\/div>\n<\/div>\n\n\n\n<div class=\"wp-block-group row-partners reveal is-layout-flex wp-block-group-is-layout-flex\">\n<h3 class=\"wp-block-heading heading-row-partners\">Partner Societies<\/h3>\n\n\n\n<div class=\"wp-block-group row-partners-cards has-small-font-size is-layout-flex wp-block-group-is-layout-flex\">\n\t<div style=\"--img-max-width: 200px; --img-max-height: 100px;\" class=\"partners-card wp-block-apiki-card-partner\">\n\t\t<a title=\"SAR\" href=\"https:\/\/abdominalradiology.org\/\" target=\"_blank\" rel=\"noopener noreferrer\">\n\t\t\t<img loading=\"lazy\" decoding=\"async\" width=\"225\" height=\"300\" src=\"https:\/\/eventos.cbr.org.br\/wp-content\/uploads\/2025\/08\/sar.jpg\" class=\"attachment-full size-full wp-post-image\" alt=\"\" srcset=\"https:\/\/eventos.cbr.org.br\/wp-content\/uploads\/2025\/08\/sar.jpg 225w, https:\/\/eventos.cbr.org.br\/wp-content\/uploads\/2025\/08\/sar-9x12.jpg 9w\" sizes=\"auto, (max-width: 225px) 100vw, 225px\" \/>\t\t<\/a>\n\t<\/div>\n\n\n\n\t<div style=\"--img-max-width: 200px; --img-max-height: 100px;\" class=\"partners-card wp-block-apiki-card-partner\">\n\t\t<a title=\"CIR\" href=\"https:\/\/www.webcir.org\/\" target=\"_blank\" rel=\"noopener noreferrer\">\n\t\t\t<img loading=\"lazy\" decoding=\"async\" width=\"126\" height=\"168\" src=\"https:\/\/eventos.cbr.org.br\/wp-content\/uploads\/2025\/08\/logo-cirp.png\" class=\"attachment-full size-full wp-post-image\" alt=\"\" srcset=\"https:\/\/eventos.cbr.org.br\/wp-content\/uploads\/2025\/08\/logo-cirp.png 126w, https:\/\/eventos.cbr.org.br\/wp-content\/uploads\/2025\/08\/logo-cirp-9x12.png 9w\" sizes=\"auto, (max-width: 126px) 100vw, 126px\" \/>\t\t<\/a>\n\t<\/div>\n\n\n\n\t<div style=\"--img-max-width: 200px; --img-max-height: 100px;\" class=\"partners-card wp-block-apiki-card-partner\">\n\t\t<a title=\"ACR\" href=\"https:\/\/www.acr.org\/\" target=\"_blank\" rel=\"noopener noreferrer\">\n\t\t\t<img loading=\"lazy\" decoding=\"async\" width=\"1011\" height=\"840\" src=\"https:\/\/eventos.cbr.org.br\/wp-content\/uploads\/2025\/09\/ACR-RGB.jpg\" class=\"attachment-full size-full wp-post-image\" alt=\"\" srcset=\"https:\/\/eventos.cbr.org.br\/wp-content\/uploads\/2025\/09\/ACR-RGB.jpg 1011w, https:\/\/eventos.cbr.org.br\/wp-content\/uploads\/2025\/09\/ACR-RGB-300x249.jpg 300w, https:\/\/eventos.cbr.org.br\/wp-content\/uploads\/2025\/09\/ACR-RGB-768x638.jpg 768w, https:\/\/eventos.cbr.org.br\/wp-content\/uploads\/2025\/09\/ACR-RGB-14x12.jpg 14w, https:\/\/eventos.cbr.org.br\/wp-content\/uploads\/2025\/09\/ACR-RGB-600x499.jpg 600w\" sizes=\"auto, (max-width: 1011px) 100vw, 1011px\" \/>\t\t<\/a>\n\t<\/div>\n\n\n\n\t<div style=\"--img-max-width: 200px; --img-max-height: 100px;\" class=\"partners-card wp-block-apiki-card-partner\">\n\t\t<a title=\"ESUR\" href=\"https:\/\/www.esur.org\/\" target=\"_blank\" rel=\"noopener noreferrer\">\n\t\t\t<img loading=\"lazy\" decoding=\"async\" width=\"600\" height=\"600\" src=\"https:\/\/eventos.cbr.org.br\/wp-content\/uploads\/2025\/08\/ESUR-logo.png\" class=\"attachment-full size-full wp-post-image\" alt=\"\" srcset=\"https:\/\/eventos.cbr.org.br\/wp-content\/uploads\/2025\/08\/ESUR-logo.png 600w, https:\/\/eventos.cbr.org.br\/wp-content\/uploads\/2025\/08\/ESUR-logo-300x300.png 300w, https:\/\/eventos.cbr.org.br\/wp-content\/uploads\/2025\/08\/ESUR-logo-100x100.png 100w, https:\/\/eventos.cbr.org.br\/wp-content\/uploads\/2025\/08\/ESUR-logo-150x150.png 150w, https:\/\/eventos.cbr.org.br\/wp-content\/uploads\/2025\/08\/ESUR-logo-12x12.png 12w\" sizes=\"auto, (max-width: 600px) 100vw, 600px\" \/>\t\t<\/a>\n\t<\/div>\n<\/div>\n<\/div>\n<\/div>\n\n\n\n<div class=\"wp-block-group is-vertical is-layout-flex wp-container-core-group-is-layout-8cf370e7 wp-block-group-is-layout-flex\"><\/div>","protected":false},"excerpt":{"rendered":"<p>* *<\/p>","protected":false},"author":1,"featured_media":0,"parent":0,"menu_order":0,"comment_status":"closed","ping_status":"closed","template":"","meta":{"footnotes":""},"class_list":["post-21","page","type-page","status-publish","hentry"],"_links":{"self":[{"href":"https:\/\/eventos.cbr.org.br\/en\/wp-json\/wp\/v2\/pages\/21","targetHints":{"allow":["GET"]}}],"collection":[{"href":"https:\/\/eventos.cbr.org.br\/en\/wp-json\/wp\/v2\/pages"}],"about":[{"href":"https:\/\/eventos.cbr.org.br\/en\/wp-json\/wp\/v2\/types\/page"}],"author":[{"embeddable":true,"href":"https:\/\/eventos.cbr.org.br\/en\/wp-json\/wp\/v2\/users\/1"}],"replies":[{"embeddable":true,"href":"https:\/\/eventos.cbr.org.br\/en\/wp-json\/wp\/v2\/comments?post=21"}],"version-history":[{"count":504,"href":"https:\/\/eventos.cbr.org.br\/en\/wp-json\/wp\/v2\/pages\/21\/revisions"}],"predecessor-version":[{"id":2187,"href":"https:\/\/eventos.cbr.org.br\/en\/wp-json\/wp\/v2\/pages\/21\/revisions\/2187"}],"wp:attachment":[{"href":"https:\/\/eventos.cbr.org.br\/en\/wp-json\/wp\/v2\/media?parent=21"}],"curies":[{"name":"wp","href":"https:\/\/api.w.org\/{rel}","templated":true}]}}